{"id":10021,"date":"2018-09-18T11:00:43","date_gmt":"2018-09-18T10:00:43","guid":{"rendered":"http:\/\/www.adelte.com\/nuevaweb\/sobre-adelte\/noticias-y-eventos\/"},"modified":"2020-02-25T16:18:37","modified_gmt":"2020-02-25T15:18:37","slug":"noticias-y-eventos","status":"publish","type":"page","link":"https:\/\/www.adelte.com\/es\/sobre-adelte\/noticias-y-eventos\/","title":{"rendered":"Noticias y Eventos"},"content":{"rendered":"[vc_section el_id=\u00bbnoticias-adelte\u00bb][vc_row][vc_column]<div class=\"vcex-blog-grid-wrap wpex-clr\"><ul class=\"vcex-blog-filter vcex-filter-links clr center\"><li class=\"filter-cat-71\"><a href=\"#\" data-filter=\".cat-71\" class=\"theme-button minimal-border\">ADELTE Group<\/a><\/li><li class=\"filter-cat-72\"><a href=\"#\" data-filter=\".cat-72\" class=\"theme-button minimal-border\">Aeropuertos<\/a><\/li><li class=\"filter-cat-73\"><a href=\"#\" data-filter=\".cat-73\" class=\"theme-button minimal-border\">Puertos<\/a><\/li><li class=\"filter-cat-54\"><a href=\"#\" data-filter=\".cat-54\" class=\"theme-button minimal-border\">Servicios Globales<\/a><\/li><\/ul><div class=\"wpex-row vcex-blog-grid wpex-clr entries gap-50 vcex-isotope-grid\" data-layout-mode=\"fitRows\"><div class=\"vcex-blog-entry entry-has-details span_1_of_4 col-1 col vcex-isotope-entry cat-71 post-18876 entry type-post has-media cat-71 translation_priority-92\"><div class=\"vcex-blog-entry-inner entry-inner wpex-clr\"><div class=\"vcex-blog-entry-media entry-media\"><a href=\"https:\/\/www.adelte.com\/es\/resultado-positivo-en-la-auditoria-de-seguimiento-de-aenor-evaluacion-conforme-para-adelte-group\/\" title=\"Resultado positivo en la Auditor\u00eda de Seguimiento de AENOR: Evaluaci\u00f3n Conforme para ADELTE GROUP\"><img loading=\"lazy\" decoding=\"async\" data-no-lazy=\"1\" class=\"vcex-blog-entry-img skip-lazy\" src=\"https:\/\/www.adelte.com\/wp-content\/uploads\/2025\/05\/isos-adelte-380x180.jpg\" data-no-retina width=\"380\" height=\"180\" \/><\/a><\/div><div class=\"vcex-blog-entry-details entry-details wpex-clr\"><div class=\"vcex-blog-entry-date\" style=\"color:#466bb7;font-size:14px;\">30 de mayo de 2025<\/div><div class=\"categoria\"><\/div><h3 class=\"vcex-blog-entry-title entry-title\" style=\"color:#4e4e4c;font-size:18px;line-height:26px;\"><a href=\"https:\/\/www.adelte.com\/es\/resultado-positivo-en-la-auditoria-de-seguimiento-de-aenor-evaluacion-conforme-para-adelte-group\/\" style=\"color:#4e4e4c;\">Resultado positivo en la Auditor\u00eda de Seguimiento de AENOR: Evaluaci\u00f3n Conforme para ADELTE GROUP<\/a><\/h3><div class=\"vcex-blog-entry-excerpt entry-excerpt entry clr\"><p>Durante el \u00faltimo ejercicio y una vez efectuada la Auditor\u00eda de Seguimiento por parte de&hellip;<\/p><\/div><div class=\"vcex-blog-entry-readmore-wrap entry-readmore-wrap clr\"><a href=\"https:\/\/www.adelte.com\/es\/resultado-positivo-en-la-auditoria-de-seguimiento-de-aenor-evaluacion-conforme-para-adelte-group\/\" class=\"theme-button\" style=\"background:#ffffff;color:#466bb6;padding:0px;\" data-wpex-hover='{\"background\":\"#ffffff\",\"color\":\"#333333\"}'>Leer m\u00e1s <span class=\"vcex-readmore-rarr\">&rarr;<\/span><\/a><\/div><\/div><\/div><\/div><div class=\"vcex-blog-entry entry-has-details span_1_of_4 col-2 col vcex-isotope-entry cat-71 post-18874 entry type-post has-media cat-71 translation_priority-92\"><div class=\"vcex-blog-entry-inner entry-inner wpex-clr\"><div class=\"vcex-blog-entry-media entry-media\"><a href=\"https:\/\/www.adelte.com\/es\/adelte-logra-nuevas-metas-en-sostenibilidad-ambiental-en-2024\/\" title=\"ADELTE logra nuevas metas en sostenibilidad ambiental en 2024\"><img loading=\"lazy\" decoding=\"async\" data-no-lazy=\"1\" class=\"vcex-blog-entry-img skip-lazy\" src=\"https:\/\/www.adelte.com\/wp-content\/uploads\/2022\/04\/medio-ambiente-adelte-380x180.jpg\" data-no-retina width=\"380\" height=\"180\" \/><\/a><\/div><div class=\"vcex-blog-entry-details entry-details wpex-clr\"><div class=\"vcex-blog-entry-date\" style=\"color:#466bb7;font-size:14px;\">30 de mayo de 2025<\/div><div class=\"categoria\"><\/div><h3 class=\"vcex-blog-entry-title entry-title\" style=\"color:#4e4e4c;font-size:18px;line-height:26px;\"><a href=\"https:\/\/www.adelte.com\/es\/adelte-logra-nuevas-metas-en-sostenibilidad-ambiental-en-2024\/\" style=\"color:#4e4e4c;\">ADELTE logra nuevas metas en sostenibilidad ambiental en 2024<\/a><\/h3><div class=\"vcex-blog-entry-excerpt entry-excerpt entry clr\"><p>En el grupo ADELTE, estamos firmemente comprometidos con el cuidado del medio ambiente, entendiendo la&hellip;<\/p><\/div><div class=\"vcex-blog-entry-readmore-wrap entry-readmore-wrap clr\"><a href=\"https:\/\/www.adelte.com\/es\/adelte-logra-nuevas-metas-en-sostenibilidad-ambiental-en-2024\/\" class=\"theme-button\" style=\"background:#ffffff;color:#466bb6;padding:0px;\" data-wpex-hover='{\"background\":\"#ffffff\",\"color\":\"#333333\"}'>Leer m\u00e1s <span class=\"vcex-readmore-rarr\">&rarr;<\/span><\/a><\/div><\/div><\/div><\/div><div class=\"vcex-blog-entry entry-has-details span_1_of_4 col-3 col vcex-isotope-entry cat-71 post-18872 entry type-post has-media cat-71 translation_priority-92\"><div class=\"vcex-blog-entry-inner entry-inner wpex-clr\"><div class=\"vcex-blog-entry-media entry-media\"><a href=\"https:\/\/www.adelte.com\/es\/adelte-logra-excelentes-resultados-en-materia-de-prevencion-de-riesgos-laborales-en-2024\/\" title=\"ADELTE logra excelentes resultados en materia de Prevenci\u00f3n de Riesgos Laborales en 2024\"><img loading=\"lazy\" decoding=\"async\" data-no-lazy=\"1\" class=\"vcex-blog-entry-img skip-lazy\" src=\"https:\/\/www.adelte.com\/wp-content\/uploads\/2023\/07\/descarga-puente-embarque-pasajeros-380x180.jpg\" data-no-retina width=\"380\" height=\"180\" \/><\/a><\/div><div class=\"vcex-blog-entry-details entry-details wpex-clr\"><div class=\"vcex-blog-entry-date\" style=\"color:#466bb7;font-size:14px;\">30 de mayo de 2025<\/div><div class=\"categoria\"><\/div><h3 class=\"vcex-blog-entry-title entry-title\" style=\"color:#4e4e4c;font-size:18px;line-height:26px;\"><a href=\"https:\/\/www.adelte.com\/es\/adelte-logra-excelentes-resultados-en-materia-de-prevencion-de-riesgos-laborales-en-2024\/\" style=\"color:#4e4e4c;\">ADELTE logra excelentes resultados en materia de Prevenci\u00f3n de Riesgos Laborales en 2024<\/a><\/h3><div class=\"vcex-blog-entry-excerpt entry-excerpt entry clr\"><p>ADELTE y todas sus empresas est\u00e1n fuertemente comprometidas con la Prevenci\u00f3n de Riesgos Laborales, no&hellip;<\/p><\/div><div class=\"vcex-blog-entry-readmore-wrap entry-readmore-wrap clr\"><a href=\"https:\/\/www.adelte.com\/es\/adelte-logra-excelentes-resultados-en-materia-de-prevencion-de-riesgos-laborales-en-2024\/\" class=\"theme-button\" style=\"background:#ffffff;color:#466bb6;padding:0px;\" data-wpex-hover='{\"background\":\"#ffffff\",\"color\":\"#333333\"}'>Leer m\u00e1s <span class=\"vcex-readmore-rarr\">&rarr;<\/span><\/a><\/div><\/div><\/div><\/div><div class=\"vcex-blog-entry entry-has-details span_1_of_4 col-4 col vcex-isotope-entry cat-71 post-17728 entry type-post has-media cat-71 translation_priority-92\"><div class=\"vcex-blog-entry-inner entry-inner wpex-clr\"><div class=\"vcex-blog-entry-media entry-media\"><a href=\"https:\/\/www.adelte.com\/es\/adelte-logra-excelentes-resultados-en-materia-de-prevencion-de-riesgos-laborales-en-2022\/\" title=\"ADELTE logra excelentes resultados en materia de Prevenci\u00f3n de Riesgos Laborales en 2022\"><img loading=\"lazy\" decoding=\"async\" data-no-lazy=\"1\" class=\"vcex-blog-entry-img skip-lazy\" src=\"https:\/\/www.adelte.com\/wp-content\/uploads\/2023\/07\/descarga-puente-embarque-pasajeros-380x180.jpg\" data-no-retina width=\"380\" height=\"180\" \/><\/a><\/div><div class=\"vcex-blog-entry-details entry-details wpex-clr\"><div class=\"vcex-blog-entry-date\" style=\"color:#466bb7;font-size:14px;\">6 de julio de 2023<\/div><div class=\"categoria\"><\/div><h3 class=\"vcex-blog-entry-title entry-title\" style=\"color:#4e4e4c;font-size:18px;line-height:26px;\"><a href=\"https:\/\/www.adelte.com\/es\/adelte-logra-excelentes-resultados-en-materia-de-prevencion-de-riesgos-laborales-en-2022\/\" style=\"color:#4e4e4c;\">ADELTE logra excelentes resultados en materia de Prevenci\u00f3n de Riesgos Laborales en 2022<\/a><\/h3><div class=\"vcex-blog-entry-excerpt entry-excerpt entry clr\"><p>ADELTE y todas sus empresas est\u00e1n fuertemente comprometidas con la Prevenci\u00f3n de Riesgos Laborales, no&hellip;<\/p><\/div><div class=\"vcex-blog-entry-readmore-wrap entry-readmore-wrap clr\"><a href=\"https:\/\/www.adelte.com\/es\/adelte-logra-excelentes-resultados-en-materia-de-prevencion-de-riesgos-laborales-en-2022\/\" class=\"theme-button\" style=\"background:#ffffff;color:#466bb6;padding:0px;\" data-wpex-hover='{\"background\":\"#ffffff\",\"color\":\"#333333\"}'>Leer m\u00e1s <span class=\"vcex-readmore-rarr\">&rarr;<\/span><\/a><\/div><\/div><\/div><\/div><div class=\"vcex-blog-entry entry-has-details span_1_of_4 col-1 col vcex-isotope-entry cat-71 post-17724 entry type-post has-media cat-71 translation_priority-92\"><div class=\"vcex-blog-entry-inner entry-inner wpex-clr\"><div class=\"vcex-blog-entry-media entry-media\"><a href=\"https:\/\/www.adelte.com\/es\/adelte-logra-nuevas-metas-en-sostenibilidad-ambiental-2022\/\" title=\"ADELTE logra nuevas metas en sostenibilidad ambiental en 2022\"><img loading=\"lazy\" decoding=\"async\" data-no-lazy=\"1\" class=\"vcex-blog-entry-img skip-lazy\" src=\"https:\/\/www.adelte.com\/wp-content\/uploads\/2022\/04\/medio-ambiente-adelte-380x180.jpg\" data-no-retina width=\"380\" height=\"180\" \/><\/a><\/div><div class=\"vcex-blog-entry-details entry-details wpex-clr\"><div class=\"vcex-blog-entry-date\" style=\"color:#466bb7;font-size:14px;\">26 de junio de 2023<\/div><div class=\"categoria\"><\/div><h3 class=\"vcex-blog-entry-title entry-title\" style=\"color:#4e4e4c;font-size:18px;line-height:26px;\"><a href=\"https:\/\/www.adelte.com\/es\/adelte-logra-nuevas-metas-en-sostenibilidad-ambiental-2022\/\" style=\"color:#4e4e4c;\">ADELTE logra nuevas metas en sostenibilidad ambiental en 2022<\/a><\/h3><div class=\"vcex-blog-entry-excerpt entry-excerpt entry clr\"><p>ADELTE Group y todas sus empresas, est\u00e1n comprometidas la sostenibilidad ambiental, no solo desde la&hellip;<\/p><\/div><div class=\"vcex-blog-entry-readmore-wrap entry-readmore-wrap clr\"><a href=\"https:\/\/www.adelte.com\/es\/adelte-logra-nuevas-metas-en-sostenibilidad-ambiental-2022\/\" class=\"theme-button\" style=\"background:#ffffff;color:#466bb6;padding:0px;\" data-wpex-hover='{\"background\":\"#ffffff\",\"color\":\"#333333\"}'>Leer m\u00e1s <span class=\"vcex-readmore-rarr\">&rarr;<\/span><\/a><\/div><\/div><\/div><\/div><div class=\"vcex-blog-entry entry-has-details span_1_of_4 col-2 col vcex-isotope-entry cat-71 cat-73 post-17712 entry type-post has-media cat-71 cat-73 translation_priority-92\"><div class=\"vcex-blog-entry-inner entry-inner wpex-clr\"><div class=\"vcex-blog-entry-media entry-media\"><a href=\"https:\/\/www.adelte.com\/es\/pasarelas-de-embarque-de-pasajeros-de-adelte-para-la-nueva-terminal-de-cruceros-de-msc-en-port-miami\/\" title=\"Pasarelas de embarque de pasajeros de ADELTE para la nueva Terminal de cruceros de MSC en Port Miami\"><img loading=\"lazy\" decoding=\"async\" data-no-lazy=\"1\" class=\"vcex-blog-entry-img skip-lazy\" src=\"https:\/\/www.adelte.com\/wp-content\/uploads\/2023\/03\/adelte-render-msc-cruise-terminal-and-four-spbbs-380x180.jpg\" data-no-retina width=\"380\" height=\"180\" \/><\/a><\/div><div class=\"vcex-blog-entry-details entry-details wpex-clr\"><div class=\"vcex-blog-entry-date\" style=\"color:#466bb7;font-size:14px;\">27 de marzo de 2023<\/div><div class=\"categoria\"><\/div><h3 class=\"vcex-blog-entry-title entry-title\" style=\"color:#4e4e4c;font-size:18px;line-height:26px;\"><a href=\"https:\/\/www.adelte.com\/es\/pasarelas-de-embarque-de-pasajeros-de-adelte-para-la-nueva-terminal-de-cruceros-de-msc-en-port-miami\/\" style=\"color:#4e4e4c;\">Pasarelas de embarque de pasajeros de ADELTE para la nueva Terminal de cruceros de MSC en Port Miami<\/a><\/h3><div class=\"vcex-blog-entry-excerpt entry-excerpt entry clr\"><p>Fincantieri Infrastructure ha contratado a ADELTE para dise\u00f1ar, fabricar e instalar cuatro Pasarelas Portuarias de&hellip;<\/p><\/div><div class=\"vcex-blog-entry-readmore-wrap entry-readmore-wrap clr\"><a href=\"https:\/\/www.adelte.com\/es\/pasarelas-de-embarque-de-pasajeros-de-adelte-para-la-nueva-terminal-de-cruceros-de-msc-en-port-miami\/\" class=\"theme-button\" style=\"background:#ffffff;color:#466bb6;padding:0px;\" data-wpex-hover='{\"background\":\"#ffffff\",\"color\":\"#333333\"}'>Leer m\u00e1s <span class=\"vcex-readmore-rarr\">&rarr;<\/span><\/a><\/div><\/div><\/div><\/div><div class=\"vcex-blog-entry entry-has-details span_1_of_4 col-3 col vcex-isotope-entry cat-71 post-17686 entry type-post has-media cat-71 translation_priority-92\"><div class=\"vcex-blog-entry-inner entry-inner wpex-clr\"><div class=\"vcex-blog-entry-media entry-media\"><a href=\"https:\/\/www.adelte.com\/es\/adelte-recibe-una-subvencion-para-el-desarrollo-del-proyecto-de-sistema-de-conduccion-autonoma-de-pbbs-y-plataforma-iot\/\" title=\"ADELTE recibe una subvenci\u00f3n para el desarrollo del proyecto de sistema de conducci\u00f3n aut\u00f3noma de PBBs y plataforma IoT\"><img loading=\"lazy\" decoding=\"async\" data-no-lazy=\"1\" class=\"vcex-blog-entry-img skip-lazy\" src=\"https:\/\/www.adelte.com\/wp-content\/uploads\/2023\/02\/background-ayuda-redes-380x180.jpg\" data-no-retina width=\"380\" height=\"180\" \/><\/a><\/div><div class=\"vcex-blog-entry-details entry-details wpex-clr\"><div class=\"vcex-blog-entry-date\" style=\"color:#466bb7;font-size:14px;\">2 de febrero de 2023<\/div><div class=\"categoria\"><\/div><h3 class=\"vcex-blog-entry-title entry-title\" style=\"color:#4e4e4c;font-size:18px;line-height:26px;\"><a href=\"https:\/\/www.adelte.com\/es\/adelte-recibe-una-subvencion-para-el-desarrollo-del-proyecto-de-sistema-de-conduccion-autonoma-de-pbbs-y-plataforma-iot\/\" style=\"color:#4e4e4c;\">ADELTE recibe una subvenci\u00f3n para el desarrollo del proyecto de sistema de conducci\u00f3n aut\u00f3noma de PBBs y plataforma IoT<\/a><\/h3><div class=\"vcex-blog-entry-excerpt entry-excerpt entry clr\"><p>Barcelona, 2 de Febrero de 2023 - ADELTE Airport Technologies ha recibido una subvenci\u00f3n para&hellip;<\/p><\/div><div class=\"vcex-blog-entry-readmore-wrap entry-readmore-wrap clr\"><a href=\"https:\/\/www.adelte.com\/es\/adelte-recibe-una-subvencion-para-el-desarrollo-del-proyecto-de-sistema-de-conduccion-autonoma-de-pbbs-y-plataforma-iot\/\" class=\"theme-button\" style=\"background:#ffffff;color:#466bb6;padding:0px;\" data-wpex-hover='{\"background\":\"#ffffff\",\"color\":\"#333333\"}'>Leer m\u00e1s <span class=\"vcex-readmore-rarr\">&rarr;<\/span><\/a><\/div><\/div><\/div><\/div><div class=\"vcex-blog-entry entry-has-details span_1_of_4 col-4 col vcex-isotope-entry cat-71 post-17619 entry type-post has-media cat-71 translation_priority-92\"><div class=\"vcex-blog-entry-inner entry-inner wpex-clr\"><div class=\"vcex-blog-entry-media entry-media\"><a href=\"https:\/\/www.adelte.com\/es\/adelte-group-da-la-bienvenida-a-nuevos-inversores\/\" title=\"ADELTE GROUP da la bienvenida a nuevos inversores\"><img loading=\"lazy\" decoding=\"async\" data-no-lazy=\"1\" class=\"vcex-blog-entry-img skip-lazy\" src=\"https:\/\/www.adelte.com\/wp-content\/uploads\/2022\/07\/adelte-group-acuerdo-380x180.jpg\" data-no-retina width=\"380\" height=\"180\" \/><\/a><\/div><div class=\"vcex-blog-entry-details entry-details wpex-clr\"><div class=\"vcex-blog-entry-date\" style=\"color:#466bb7;font-size:14px;\">7 de julio de 2022<\/div><div class=\"categoria\"><\/div><h3 class=\"vcex-blog-entry-title entry-title\" style=\"color:#4e4e4c;font-size:18px;line-height:26px;\"><a href=\"https:\/\/www.adelte.com\/es\/adelte-group-da-la-bienvenida-a-nuevos-inversores\/\" style=\"color:#4e4e4c;\">ADELTE GROUP da la bienvenida a nuevos inversores<\/a><\/h3><div class=\"vcex-blog-entry-excerpt entry-excerpt entry clr\"><p>Barcelona, 7 de julio de 2022 \u2013 ADELTE GROUP ha anunciado que un grupo de&hellip;<\/p><\/div><div class=\"vcex-blog-entry-readmore-wrap entry-readmore-wrap clr\"><a href=\"https:\/\/www.adelte.com\/es\/adelte-group-da-la-bienvenida-a-nuevos-inversores\/\" class=\"theme-button\" style=\"background:#ffffff;color:#466bb6;padding:0px;\" data-wpex-hover='{\"background\":\"#ffffff\",\"color\":\"#333333\"}'>Leer m\u00e1s <span class=\"vcex-readmore-rarr\">&rarr;<\/span><\/a><\/div><\/div><\/div><\/div><div class=\"vcex-blog-entry entry-has-details span_1_of_4 col-1 col vcex-isotope-entry cat-71 post-17597 entry type-post has-media cat-71 translation_priority-92\"><div class=\"vcex-blog-entry-inner entry-inner wpex-clr\"><div class=\"vcex-blog-entry-media entry-media\"><a href=\"https:\/\/www.adelte.com\/es\/adelte-obtiene-la-certificacion-iso-45001\/\" title=\"ADELTE obtiene la certificaci\u00f3n ISO 45001\"><img loading=\"lazy\" decoding=\"async\" data-no-lazy=\"1\" class=\"vcex-blog-entry-img skip-lazy\" src=\"https:\/\/www.adelte.com\/wp-content\/uploads\/2022\/04\/iso-45001-back-380x180.jpg\" data-no-retina width=\"380\" height=\"180\" \/><\/a><\/div><div class=\"vcex-blog-entry-details entry-details wpex-clr\"><div class=\"vcex-blog-entry-date\" style=\"color:#466bb7;font-size:14px;\">20 de abril de 2022<\/div><div class=\"categoria\"><\/div><h3 class=\"vcex-blog-entry-title entry-title\" style=\"color:#4e4e4c;font-size:18px;line-height:26px;\"><a href=\"https:\/\/www.adelte.com\/es\/adelte-obtiene-la-certificacion-iso-45001\/\" style=\"color:#4e4e4c;\">ADELTE obtiene la certificaci\u00f3n ISO 45001<\/a><\/h3><div class=\"vcex-blog-entry-excerpt entry-excerpt entry clr\"><p>Durante el \u00faltimo ejercicio, ADELTE ha obtenido la certificaci\u00f3n ISO 45001 en Seguridad y Salud&hellip;<\/p><\/div><div class=\"vcex-blog-entry-readmore-wrap entry-readmore-wrap clr\"><a href=\"https:\/\/www.adelte.com\/es\/adelte-obtiene-la-certificacion-iso-45001\/\" class=\"theme-button\" style=\"background:#ffffff;color:#466bb6;padding:0px;\" data-wpex-hover='{\"background\":\"#ffffff\",\"color\":\"#333333\"}'>Leer m\u00e1s <span class=\"vcex-readmore-rarr\">&rarr;<\/span><\/a><\/div><\/div><\/div><\/div><div class=\"vcex-blog-entry entry-has-details span_1_of_4 col-2 col vcex-isotope-entry cat-71 post-17592 entry type-post has-media cat-71 translation_priority-92\"><div class=\"vcex-blog-entry-inner entry-inner wpex-clr\"><div class=\"vcex-blog-entry-media entry-media\"><a href=\"https:\/\/www.adelte.com\/es\/adelte-logra-nuevas-metas-en-sostenibilidad-ambiental\/\" title=\"ADELTE logra nuevas metas en sostenibilidad ambiental\"><img loading=\"lazy\" decoding=\"async\" data-no-lazy=\"1\" class=\"vcex-blog-entry-img skip-lazy\" src=\"https:\/\/www.adelte.com\/wp-content\/uploads\/2022\/04\/medio-ambiente-adelte-380x180.jpg\" data-no-retina width=\"380\" height=\"180\" \/><\/a><\/div><div class=\"vcex-blog-entry-details entry-details wpex-clr\"><div class=\"vcex-blog-entry-date\" style=\"color:#466bb7;font-size:14px;\">20 de abril de 2022<\/div><div class=\"categoria\"><\/div><h3 class=\"vcex-blog-entry-title entry-title\" style=\"color:#4e4e4c;font-size:18px;line-height:26px;\"><a href=\"https:\/\/www.adelte.com\/es\/adelte-logra-nuevas-metas-en-sostenibilidad-ambiental\/\" style=\"color:#4e4e4c;\">ADELTE logra nuevas metas en sostenibilidad ambiental<\/a><\/h3><div class=\"vcex-blog-entry-excerpt entry-excerpt entry clr\"><p>ADELTE Group y todas sus empresas, est\u00e1n comprometidas la sostenibilidad ambiental, no solo desde la&hellip;<\/p><\/div><div class=\"vcex-blog-entry-readmore-wrap entry-readmore-wrap clr\"><a href=\"https:\/\/www.adelte.com\/es\/adelte-logra-nuevas-metas-en-sostenibilidad-ambiental\/\" class=\"theme-button\" style=\"background:#ffffff;color:#466bb6;padding:0px;\" data-wpex-hover='{\"background\":\"#ffffff\",\"color\":\"#333333\"}'>Leer m\u00e1s <span class=\"vcex-readmore-rarr\">&rarr;<\/span><\/a><\/div><\/div><\/div><\/div><div class=\"vcex-blog-entry entry-has-details span_1_of_4 col-3 col vcex-isotope-entry cat-71 cat-73 post-17427 entry type-post has-media cat-71 cat-73 translation_priority-92\"><div class=\"vcex-blog-entry-inner entry-inner wpex-clr\"><div class=\"vcex-blog-entry-media entry-media\"><a href=\"https:\/\/www.adelte.com\/es\/bremenports-selecciona-las-pasarelas-de-embarque-de-pasajeros-de-adelte-para-el-columbus-cruise-center-en-bremerhaven\/\" title=\"Bremenports selecciona las pasarelas de embarque de pasajeros de ADELTE para el Columbus Cruise Center en Bremerhaven\"><img loading=\"lazy\" decoding=\"async\" data-no-lazy=\"1\" class=\"vcex-blog-entry-img skip-lazy\" src=\"https:\/\/www.adelte.com\/wp-content\/uploads\/2021\/12\/seaport-passenger-boarding-bridges-bremerhaven-380x180.jpg\" data-no-retina width=\"380\" height=\"180\" \/><\/a><\/div><div class=\"vcex-blog-entry-details entry-details wpex-clr\"><div class=\"vcex-blog-entry-date\" style=\"color:#466bb7;font-size:14px;\">15 de diciembre de 2021<\/div><div class=\"categoria\"><\/div><h3 class=\"vcex-blog-entry-title entry-title\" style=\"color:#4e4e4c;font-size:18px;line-height:26px;\"><a href=\"https:\/\/www.adelte.com\/es\/bremenports-selecciona-las-pasarelas-de-embarque-de-pasajeros-de-adelte-para-el-columbus-cruise-center-en-bremerhaven\/\" style=\"color:#4e4e4c;\">Bremenports selecciona las pasarelas de embarque de pasajeros de ADELTE para el Columbus Cruise Center en Bremerhaven<\/a><\/h3><div class=\"vcex-blog-entry-excerpt entry-excerpt entry clr\"><p>El contrato de 3 nuevas pasarelas de embarque, significativamente m\u00e1s grandes, es parte del proyecto&hellip;<\/p><\/div><div class=\"vcex-blog-entry-readmore-wrap entry-readmore-wrap clr\"><a href=\"https:\/\/www.adelte.com\/es\/bremenports-selecciona-las-pasarelas-de-embarque-de-pasajeros-de-adelte-para-el-columbus-cruise-center-en-bremerhaven\/\" class=\"theme-button\" style=\"background:#ffffff;color:#466bb6;padding:0px;\" data-wpex-hover='{\"background\":\"#ffffff\",\"color\":\"#333333\"}'>Leer m\u00e1s <span class=\"vcex-readmore-rarr\">&rarr;<\/span><\/a><\/div><\/div><\/div><\/div><div class=\"vcex-blog-entry entry-has-details span_1_of_4 col-4 col vcex-isotope-entry cat-71 cat-72 post-13851 entry type-post has-media cat-71 cat-72 translation_priority-92\"><div class=\"vcex-blog-entry-inner entry-inner wpex-clr\"><div class=\"vcex-blog-entry-media entry-media\"><a href=\"https:\/\/www.adelte.com\/es\/el-aeropuerto-de-sevilla-instalara-el-sistema-operativo-de-adelte-para-la-conduccion-remota-de-pasarelas-de-embarque-de-pasajeros\/\" title=\"El Aeropuerto de Sevilla instalar\u00e1 el sistema operativo de ADELTE para la conduccion remota de pasarelas de embarque de pasajeros\"><img loading=\"lazy\" decoding=\"async\" data-no-lazy=\"1\" class=\"vcex-blog-entry-img skip-lazy\" src=\"https:\/\/www.adelte.com\/wp-content\/uploads\/2021\/03\/arcos-pr-380x180.jpg\" data-no-retina width=\"380\" height=\"180\" \/><\/a><\/div><div class=\"vcex-blog-entry-details entry-details wpex-clr\"><div class=\"vcex-blog-entry-date\" style=\"color:#466bb7;font-size:14px;\">3 de marzo de 2021<\/div><div class=\"categoria\"><\/div><h3 class=\"vcex-blog-entry-title entry-title\" style=\"color:#4e4e4c;font-size:18px;line-height:26px;\"><a href=\"https:\/\/www.adelte.com\/es\/el-aeropuerto-de-sevilla-instalara-el-sistema-operativo-de-adelte-para-la-conduccion-remota-de-pasarelas-de-embarque-de-pasajeros\/\" style=\"color:#4e4e4c;\">El Aeropuerto de Sevilla instalar\u00e1 el sistema operativo de ADELTE para la conduccion remota de pasarelas de embarque de pasajeros<\/a><\/h3><div class=\"vcex-blog-entry-excerpt entry-excerpt entry clr\"><p>Sevilla se convertir\u00e1 en el primer aeropuerto del mundo con todas las pasarelas operadas por&hellip;<\/p><\/div><div class=\"vcex-blog-entry-readmore-wrap entry-readmore-wrap clr\"><a href=\"https:\/\/www.adelte.com\/es\/el-aeropuerto-de-sevilla-instalara-el-sistema-operativo-de-adelte-para-la-conduccion-remota-de-pasarelas-de-embarque-de-pasajeros\/\" class=\"theme-button\" style=\"background:#ffffff;color:#466bb6;padding:0px;\" data-wpex-hover='{\"background\":\"#ffffff\",\"color\":\"#333333\"}'>Leer m\u00e1s <span class=\"vcex-readmore-rarr\">&rarr;<\/span><\/a><\/div><\/div><\/div><\/div><div class=\"vcex-blog-entry entry-has-details span_1_of_4 col-1 col vcex-isotope-entry cat-71 post-13828 entry type-post has-media cat-71 translation_priority-92\"><div class=\"vcex-blog-entry-inner entry-inner wpex-clr\"><div class=\"vcex-blog-entry-media entry-media\"><a href=\"https:\/\/www.adelte.com\/es\/adelte-avanza-y-consigue-sus-metas-de-sostenibilidad-ambiental\/\" title=\"ADELTE avanza y consigue sus metas de sostenibilidad ambiental\"><img loading=\"lazy\" decoding=\"async\" data-no-lazy=\"1\" class=\"vcex-blog-entry-img skip-lazy\" src=\"https:\/\/www.adelte.com\/wp-content\/uploads\/2021\/01\/ambient-380x180.jpg\" data-no-retina width=\"380\" height=\"180\" \/><\/a><\/div><div class=\"vcex-blog-entry-details entry-details wpex-clr\"><div class=\"vcex-blog-entry-date\" style=\"color:#466bb7;font-size:14px;\">26 de enero de 2021<\/div><div class=\"categoria\"><\/div><h3 class=\"vcex-blog-entry-title entry-title\" style=\"color:#4e4e4c;font-size:18px;line-height:26px;\"><a href=\"https:\/\/www.adelte.com\/es\/adelte-avanza-y-consigue-sus-metas-de-sostenibilidad-ambiental\/\" style=\"color:#4e4e4c;\">ADELTE avanza y consigue sus metas de sostenibilidad ambiental<\/a><\/h3><div class=\"vcex-blog-entry-excerpt entry-excerpt entry clr\"><p>ADELTE Group y todas sus empresas, est\u00e1n comprometidas la sostenibilidad ambiental, no solo desde la&hellip;<\/p><\/div><div class=\"vcex-blog-entry-readmore-wrap entry-readmore-wrap clr\"><a href=\"https:\/\/www.adelte.com\/es\/adelte-avanza-y-consigue-sus-metas-de-sostenibilidad-ambiental\/\" class=\"theme-button\" style=\"background:#ffffff;color:#466bb6;padding:0px;\" data-wpex-hover='{\"background\":\"#ffffff\",\"color\":\"#333333\"}'>Leer m\u00e1s <span class=\"vcex-readmore-rarr\">&rarr;<\/span><\/a><\/div><\/div><\/div><\/div><div class=\"vcex-blog-entry entry-has-details span_1_of_4 col-2 col vcex-isotope-entry cat-71 cat-73 post-13532 entry type-post has-media cat-71 cat-73 translation_priority-92\"><div class=\"vcex-blog-entry-inner entry-inner wpex-clr\"><div class=\"vcex-blog-entry-media entry-media\"><a href=\"https:\/\/www.adelte.com\/es\/une-278002020-un-nuevo-estandar-para-pasarelas-de-embarque-para-pasajeros-portuarias\/\" title=\"UNE 27800:2020 &#8211; Un nuevo est\u00e1ndar para Pasarelas de Embarque para Pasajeros Portuarias\"><img loading=\"lazy\" decoding=\"async\" data-no-lazy=\"1\" class=\"vcex-blog-entry-img skip-lazy\" src=\"https:\/\/www.adelte.com\/wp-content\/uploads\/2020\/02\/standard_passenger_boarding_bridges_law_adelte_une-1-380x180.jpg\" data-no-retina width=\"380\" height=\"180\" \/><\/a><\/div><div class=\"vcex-blog-entry-details entry-details wpex-clr\"><div class=\"vcex-blog-entry-date\" style=\"color:#466bb7;font-size:14px;\">13 de febrero de 2020<\/div><div class=\"categoria\"><\/div><h3 class=\"vcex-blog-entry-title entry-title\" style=\"color:#4e4e4c;font-size:18px;line-height:26px;\"><a href=\"https:\/\/www.adelte.com\/es\/une-278002020-un-nuevo-estandar-para-pasarelas-de-embarque-para-pasajeros-portuarias\/\" style=\"color:#4e4e4c;\">UNE 27800:2020 &#8211; Un nuevo est\u00e1ndar para Pasarelas de Embarque para Pasajeros Portuarias<\/a><\/h3><div class=\"vcex-blog-entry-excerpt entry-excerpt entry clr\"><p>ADELTE, grupo de ingenier\u00eda con sede en Barcelona, l\u00edder mundial en el dise\u00f1o y fabricaci\u00f3n&hellip;<\/p><\/div><div class=\"vcex-blog-entry-readmore-wrap entry-readmore-wrap clr\"><a href=\"https:\/\/www.adelte.com\/es\/une-278002020-un-nuevo-estandar-para-pasarelas-de-embarque-para-pasajeros-portuarias\/\" class=\"theme-button\" style=\"background:#ffffff;color:#466bb6;padding:0px;\" data-wpex-hover='{\"background\":\"#ffffff\",\"color\":\"#333333\"}'>Leer m\u00e1s <span class=\"vcex-readmore-rarr\">&rarr;<\/span><\/a><\/div><\/div><\/div><\/div><div class=\"vcex-blog-entry entry-has-details span_1_of_4 col-3 col vcex-isotope-entry cat-71 cat-72 post-13396 entry type-post has-media cat-71 cat-72 translation_priority-92\"><div class=\"vcex-blog-entry-inner entry-inner wpex-clr\"><div class=\"vcex-blog-entry-media entry-media\"><a href=\"https:\/\/www.adelte.com\/es\/adelte-relanza-apronaut-en-el-inter-airport-europe-2019\/\" title=\"ADELTE relanza Apronaut en el Inter Airport Europe 2019\"><img loading=\"lazy\" decoding=\"async\" data-no-lazy=\"1\" class=\"vcex-blog-entry-img skip-lazy\" src=\"https:\/\/www.adelte.com\/wp-content\/uploads\/2019\/09\/interairport-relaunch-apronaut-2019-380x180.jpg\" data-no-retina width=\"380\" height=\"180\" \/><\/a><\/div><div class=\"vcex-blog-entry-details entry-details wpex-clr\"><div class=\"vcex-blog-entry-date\" style=\"color:#466bb7;font-size:14px;\">19 de septiembre de 2019<\/div><div class=\"categoria\"><\/div><h3 class=\"vcex-blog-entry-title entry-title\" style=\"color:#4e4e4c;font-size:18px;line-height:26px;\"><a href=\"https:\/\/www.adelte.com\/es\/adelte-relanza-apronaut-en-el-inter-airport-europe-2019\/\" style=\"color:#4e4e4c;\">ADELTE relanza Apronaut en el Inter Airport Europe 2019<\/a><\/h3><div class=\"vcex-blog-entry-excerpt entry-excerpt entry clr\"><p>Barcelona, 19 Septiembre 2019 \u2013 ADELTE, grupo de ingenier\u00eda con sede en Barcelona, es especialista&hellip;<\/p><\/div><div class=\"vcex-blog-entry-readmore-wrap entry-readmore-wrap clr\"><a href=\"https:\/\/www.adelte.com\/es\/adelte-relanza-apronaut-en-el-inter-airport-europe-2019\/\" class=\"theme-button\" style=\"background:#ffffff;color:#466bb6;padding:0px;\" data-wpex-hover='{\"background\":\"#ffffff\",\"color\":\"#333333\"}'>Leer m\u00e1s <span class=\"vcex-readmore-rarr\">&rarr;<\/span><\/a><\/div><\/div><\/div><\/div><div class=\"vcex-blog-entry entry-has-details span_1_of_4 col-4 col vcex-isotope-entry cat-71 cat-73 post-11393 entry type-post has-media cat-71 cat-73 post_tag-88 translation_priority-44\"><div class=\"vcex-blog-entry-inner entry-inner wpex-clr\"><div class=\"vcex-blog-entry-media entry-media\"><a href=\"https:\/\/www.adelte.com\/es\/los-puertos-de-cruceros-de-eeuu-eligen-a-la-empresa-adelte\/\" title=\"Los puertos de cruceros de EEUU eligen a la empresa ADELTE\"><img loading=\"lazy\" decoding=\"async\" data-no-lazy=\"1\" class=\"vcex-blog-entry-img skip-lazy\" src=\"https:\/\/www.adelte.com\/wp-content\/uploads\/2019\/03\/seaport_passenger_boarding_bridges_united_states-1-380x180.jpg\" data-no-retina width=\"380\" height=\"180\" \/><\/a><\/div><div class=\"vcex-blog-entry-details entry-details wpex-clr\"><div class=\"vcex-blog-entry-date\" style=\"color:#466bb7;font-size:14px;\">18 de marzo de 2019<\/div><div class=\"categoria\"><\/div><h3 class=\"vcex-blog-entry-title entry-title\" style=\"color:#4e4e4c;font-size:18px;line-height:26px;\"><a href=\"https:\/\/www.adelte.com\/es\/los-puertos-de-cruceros-de-eeuu-eligen-a-la-empresa-adelte\/\" style=\"color:#4e4e4c;\">Los puertos de cruceros de EEUU eligen a la empresa ADELTE<\/a><\/h3><div class=\"vcex-blog-entry-excerpt entry-excerpt entry clr\"><p>Barcelona, \u200b\u200b15 de Marzo del 2019 - ADELTE, una empresa de ingenier\u00eda con sede en&hellip;<\/p><\/div><div class=\"vcex-blog-entry-readmore-wrap entry-readmore-wrap clr\"><a href=\"https:\/\/www.adelte.com\/es\/los-puertos-de-cruceros-de-eeuu-eligen-a-la-empresa-adelte\/\" class=\"theme-button\" style=\"background:#ffffff;color:#466bb6;padding:0px;\" data-wpex-hover='{\"background\":\"#ffffff\",\"color\":\"#333333\"}'>Leer m\u00e1s <span class=\"vcex-readmore-rarr\">&rarr;<\/span><\/a><\/div><\/div><\/div><\/div><div class=\"vcex-blog-entry entry-has-details span_1_of_4 col-1 col vcex-isotope-entry cat-71 post-11352 entry type-post has-media cat-71 translation_priority-44\"><div class=\"vcex-blog-entry-inner entry-inner wpex-clr\"><div class=\"vcex-blog-entry-media entry-media\"><a href=\"https:\/\/www.adelte.com\/es\/adelte-consigue-sus-metas-de-sostenibilidad-ambiental-sin-precedentes\/\" title=\"ADELTE consigue sus metas de sostenibilidad ambiental sin precedentes\"><img loading=\"lazy\" decoding=\"async\" data-no-lazy=\"1\" class=\"vcex-blog-entry-img skip-lazy\" src=\"https:\/\/www.adelte.com\/wp-content\/uploads\/2018\/12\/adelte_goals_ambiental_iso-380x180.jpg\" data-no-retina width=\"380\" height=\"180\" \/><\/a><\/div><div class=\"vcex-blog-entry-details entry-details wpex-clr\"><div class=\"vcex-blog-entry-date\" style=\"color:#466bb7;font-size:14px;\">11 de diciembre de 2018<\/div><div class=\"categoria\"><\/div><h3 class=\"vcex-blog-entry-title entry-title\" style=\"color:#4e4e4c;font-size:18px;line-height:26px;\"><a href=\"https:\/\/www.adelte.com\/es\/adelte-consigue-sus-metas-de-sostenibilidad-ambiental-sin-precedentes\/\" style=\"color:#4e4e4c;\">ADELTE consigue sus metas de sostenibilidad ambiental sin precedentes<\/a><\/h3><div class=\"vcex-blog-entry-excerpt entry-excerpt entry clr\"><p>ADELTE The Boarding Company y todas sus empresas est\u00e1n fuertemente comprometidas con la buena gesti\u00f3n&hellip;<\/p><\/div><div class=\"vcex-blog-entry-readmore-wrap entry-readmore-wrap clr\"><a href=\"https:\/\/www.adelte.com\/es\/adelte-consigue-sus-metas-de-sostenibilidad-ambiental-sin-precedentes\/\" class=\"theme-button\" style=\"background:#ffffff;color:#466bb6;padding:0px;\" data-wpex-hover='{\"background\":\"#ffffff\",\"color\":\"#333333\"}'>Leer m\u00e1s <span class=\"vcex-readmore-rarr\">&rarr;<\/span><\/a><\/div><\/div><\/div><\/div><div class=\"vcex-blog-entry entry-has-details span_1_of_4 col-2 col vcex-isotope-entry cat-71 cat-73 post-13571 entry type-post has-media cat-71 cat-73 translation_priority-44\"><div class=\"vcex-blog-entry-inner entry-inner wpex-clr\"><div class=\"vcex-blog-entry-media entry-media\"><a href=\"https:\/\/www.adelte.com\/es\/adelte-gana-el-prestigioso-premio-seatrade-cruise-proveedor-del-ano-2018\/\" title=\"ADELTE gana el prestigioso premio Seatrade Cruise \u00abProveedor del A\u00f1o 2018\u00bb\"><img loading=\"lazy\" decoding=\"async\" data-no-lazy=\"1\" class=\"vcex-blog-entry-img skip-lazy\" src=\"https:\/\/www.adelte.com\/wp-content\/uploads\/2018\/09\/adelte_wins_seatrade_supplier_year_2018-380x180.jpg\" data-no-retina width=\"380\" height=\"180\" \/><\/a><\/div><div class=\"vcex-blog-entry-details entry-details wpex-clr\"><div class=\"vcex-blog-entry-date\" style=\"color:#466bb7;font-size:14px;\">20 de septiembre de 2018<\/div><div class=\"categoria\"><\/div><h3 class=\"vcex-blog-entry-title entry-title\" style=\"color:#4e4e4c;font-size:18px;line-height:26px;\"><a href=\"https:\/\/www.adelte.com\/es\/adelte-gana-el-prestigioso-premio-seatrade-cruise-proveedor-del-ano-2018\/\" style=\"color:#4e4e4c;\">ADELTE gana el prestigioso premio Seatrade Cruise \u00abProveedor del A\u00f1o 2018\u00bb<\/a><\/h3><div class=\"vcex-blog-entry-excerpt entry-excerpt entry clr\"><p>Lisboa, 20 de septiembre de 2018 - ADELTE, l\u00edder mundial en el dise\u00f1o y la&hellip;<\/p><\/div><div class=\"vcex-blog-entry-readmore-wrap entry-readmore-wrap clr\"><a href=\"https:\/\/www.adelte.com\/es\/adelte-gana-el-prestigioso-premio-seatrade-cruise-proveedor-del-ano-2018\/\" class=\"theme-button\" style=\"background:#ffffff;color:#466bb6;padding:0px;\" data-wpex-hover='{\"background\":\"#ffffff\",\"color\":\"#333333\"}'>Leer m\u00e1s <span class=\"vcex-readmore-rarr\">&rarr;<\/span><\/a><\/div><\/div><\/div><\/div><div class=\"vcex-blog-entry entry-has-details span_1_of_4 col-3 col vcex-isotope-entry cat-71 cat-72 post-11588 entry type-post has-media cat-71 cat-72 translation_priority-44\"><div class=\"vcex-blog-entry-inner entry-inner wpex-clr\"><div class=\"vcex-blog-entry-media entry-media\"><a href=\"https:\/\/www.adelte.com\/es\/adelte-a-la-vanguardia-de-la-seguridad-en-la-operacion-de-pasarelas-aeroportuarias\/\" title=\"ADELTE a la vanguardia de la seguridad en la  operaci\u00f3n de pasarelas aeroportuarias\"><img loading=\"lazy\" decoding=\"async\" data-no-lazy=\"1\" class=\"vcex-blog-entry-img skip-lazy\" src=\"https:\/\/www.adelte.com\/wp-content\/uploads\/2019\/04\/innovative_security_airports_passengers-380x180.jpg\" data-no-retina width=\"380\" height=\"180\" \/><\/a><\/div><div class=\"vcex-blog-entry-details entry-details wpex-clr\"><div class=\"vcex-blog-entry-date\" style=\"color:#466bb7;font-size:14px;\">1 de julio de 2018<\/div><div class=\"categoria\"><\/div><h3 class=\"vcex-blog-entry-title entry-title\" style=\"color:#4e4e4c;font-size:18px;line-height:26px;\"><a href=\"https:\/\/www.adelte.com\/es\/adelte-a-la-vanguardia-de-la-seguridad-en-la-operacion-de-pasarelas-aeroportuarias\/\" style=\"color:#4e4e4c;\">ADELTE a la vanguardia de la seguridad en la  operaci\u00f3n de pasarelas aeroportuarias<\/a><\/h3><div class=\"vcex-blog-entry-excerpt entry-excerpt entry clr\"><p>La mala operaci\u00f3n de una pasarela de embarque de pasajeros en un aeropuerto puede causar&hellip;<\/p><\/div><div class=\"vcex-blog-entry-readmore-wrap entry-readmore-wrap clr\"><a href=\"https:\/\/www.adelte.com\/es\/adelte-a-la-vanguardia-de-la-seguridad-en-la-operacion-de-pasarelas-aeroportuarias\/\" class=\"theme-button\" style=\"background:#ffffff;color:#466bb6;padding:0px;\" data-wpex-hover='{\"background\":\"#ffffff\",\"color\":\"#333333\"}'>Leer m\u00e1s <span class=\"vcex-readmore-rarr\">&rarr;<\/span><\/a><\/div><\/div><\/div><\/div><div class=\"vcex-blog-entry entry-has-details span_1_of_4 col-4 col vcex-isotope-entry cat-71 cat-72 post-13584 entry type-post has-media cat-71 cat-72 post_tag-110 translation_priority-44\"><div class=\"vcex-blog-entry-inner entry-inner wpex-clr\"><div class=\"vcex-blog-entry-media entry-media\"><a href=\"https:\/\/www.adelte.com\/es\/un-soplo-de-aire-fresco-un-extenso-articulo-sobre-los-pca-en-la-revista-ground-support-worldwide\/\" title=\"\u00abUn soplo de aire fresco\u00bb un extenso art\u00edculo sobre los PCA en la revista Ground Support Worldwide\"><img loading=\"lazy\" decoding=\"async\" data-no-lazy=\"1\" class=\"vcex-blog-entry-img skip-lazy\" src=\"https:\/\/www.adelte.com\/wp-content\/uploads\/2017\/10\/preconditioned_air_units_pca_adelte_airport_review_manufacturer_2017_ground_support-380x180.jpg\" data-no-retina width=\"380\" height=\"180\" \/><\/a><\/div><div class=\"vcex-blog-entry-details entry-details wpex-clr\"><div class=\"vcex-blog-entry-date\" style=\"color:#466bb7;font-size:14px;\">26 de octubre de 2017<\/div><div class=\"categoria\"><\/div><h3 class=\"vcex-blog-entry-title entry-title\" style=\"color:#4e4e4c;font-size:18px;line-height:26px;\"><a href=\"https:\/\/www.adelte.com\/es\/un-soplo-de-aire-fresco-un-extenso-articulo-sobre-los-pca-en-la-revista-ground-support-worldwide\/\" style=\"color:#4e4e4c;\">\u00abUn soplo de aire fresco\u00bb un extenso art\u00edculo sobre los PCA en la revista Ground Support Worldwide<\/a><\/h3><div class=\"vcex-blog-entry-excerpt entry-excerpt entry clr\"><p>Barcelona, 26 de octubre de 2017 - El punto de vista de ADELTE sobre las&hellip;<\/p><\/div><div class=\"vcex-blog-entry-readmore-wrap entry-readmore-wrap clr\"><a href=\"https:\/\/www.adelte.com\/es\/un-soplo-de-aire-fresco-un-extenso-articulo-sobre-los-pca-en-la-revista-ground-support-worldwide\/\" class=\"theme-button\" style=\"background:#ffffff;color:#466bb6;padding:0px;\" data-wpex-hover='{\"background\":\"#ffffff\",\"color\":\"#333333\"}'>Leer m\u00e1s <span class=\"vcex-readmore-rarr\">&rarr;<\/span><\/a><\/div><\/div><\/div><\/div><div class=\"vcex-blog-entry entry-has-details span_1_of_4 col-1 col vcex-isotope-entry cat-71 cat-72 post-4730 entry type-post has-media cat-71 cat-72 translation_priority-44\"><div class=\"vcex-blog-entry-inner entry-inner wpex-clr\"><div class=\"vcex-blog-entry-media entry-media\"><a href=\"https:\/\/www.adelte.com\/es\/adelte-firma-un-nuevo-contrato-para-el-suministro-de-pasarelas-de-embarque-de-pasajeros-en-manchester\/\" title=\"ADELTE firma un nuevo contrato para el suministro de Pasarelas de Embarque de Pasajeros en Manchester\"><img loading=\"lazy\" decoding=\"async\" data-no-lazy=\"1\" class=\"vcex-blog-entry-img skip-lazy\" src=\"https:\/\/www.adelte.com\/wp-content\/uploads\/2017\/10\/passenger_boarding_bridges_manchester_airport-2-380x180.jpg\" data-no-retina width=\"380\" height=\"180\" \/><\/a><\/div><div class=\"vcex-blog-entry-details entry-details wpex-clr\"><div class=\"vcex-blog-entry-date\" style=\"color:#466bb7;font-size:14px;\">17 de octubre de 2017<\/div><div class=\"categoria\"><\/div><h3 class=\"vcex-blog-entry-title entry-title\" style=\"color:#4e4e4c;font-size:18px;line-height:26px;\"><a href=\"https:\/\/www.adelte.com\/es\/adelte-firma-un-nuevo-contrato-para-el-suministro-de-pasarelas-de-embarque-de-pasajeros-en-manchester\/\" style=\"color:#4e4e4c;\">ADELTE firma un nuevo contrato para el suministro de Pasarelas de Embarque de Pasajeros en Manchester<\/a><\/h3><div class=\"vcex-blog-entry-excerpt entry-excerpt entry clr\"><p>Barcelona, \u200b\u200b17 de octubre 2017 \u2013 ADELTE ha firmado un contrato con Manchester Airports Group&hellip;<\/p><\/div><div class=\"vcex-blog-entry-readmore-wrap entry-readmore-wrap clr\"><a href=\"https:\/\/www.adelte.com\/es\/adelte-firma-un-nuevo-contrato-para-el-suministro-de-pasarelas-de-embarque-de-pasajeros-en-manchester\/\" class=\"theme-button\" style=\"background:#ffffff;color:#466bb6;padding:0px;\" data-wpex-hover='{\"background\":\"#ffffff\",\"color\":\"#333333\"}'>Leer m\u00e1s <span class=\"vcex-readmore-rarr\">&rarr;<\/span><\/a><\/div><\/div><\/div><\/div><div class=\"vcex-blog-entry entry-has-details span_1_of_4 col-2 col vcex-isotope-entry cat-71 post-4719 entry type-post has-media cat-71\"><div class=\"vcex-blog-entry-inner entry-inner wpex-clr\"><div class=\"vcex-blog-entry-media entry-media\"><a href=\"https:\/\/www.adelte.com\/es\/adelte-group-desmiente-haber-trasladado-su-sede-social-a-monzon-huesca\/\" title=\"ADELTE Group desmiente haber trasladado su sede social a Monz\u00f3n (Huesca)\"><img loading=\"lazy\" decoding=\"async\" data-no-lazy=\"1\" class=\"vcex-blog-entry-img skip-lazy\" src=\"https:\/\/www.adelte.com\/wp-content\/uploads\/2017\/10\/adelte_fake_news-380x180.jpg\" data-no-retina width=\"380\" height=\"180\" \/><\/a><\/div><div class=\"vcex-blog-entry-details entry-details wpex-clr\"><div class=\"vcex-blog-entry-date\" style=\"color:#466bb7;font-size:14px;\">11 de octubre de 2017<\/div><div class=\"categoria\"><\/div><h3 class=\"vcex-blog-entry-title entry-title\" style=\"color:#4e4e4c;font-size:18px;line-height:26px;\"><a href=\"https:\/\/www.adelte.com\/es\/adelte-group-desmiente-haber-trasladado-su-sede-social-a-monzon-huesca\/\" style=\"color:#4e4e4c;\">ADELTE Group desmiente haber trasladado su sede social a Monz\u00f3n (Huesca)<\/a><\/h3><div class=\"vcex-blog-entry-excerpt entry-excerpt entry clr\"><p>&nbsp; Durante el d\u00eda de hoy, varios medios de comunicaci\u00f3n han publicado la noticia seg\u00fan&hellip;<\/p><\/div><div class=\"vcex-blog-entry-readmore-wrap entry-readmore-wrap clr\"><a href=\"https:\/\/www.adelte.com\/es\/adelte-group-desmiente-haber-trasladado-su-sede-social-a-monzon-huesca\/\" class=\"theme-button\" style=\"background:#ffffff;color:#466bb6;padding:0px;\" data-wpex-hover='{\"background\":\"#ffffff\",\"color\":\"#333333\"}'>Leer m\u00e1s <span class=\"vcex-readmore-rarr\">&rarr;<\/span><\/a><\/div><\/div><\/div><\/div><div class=\"vcex-blog-entry entry-has-details span_1_of_4 col-3 col vcex-isotope-entry cat-71 cat-72 post-4713 entry type-post has-media cat-71 cat-72 translation_priority-44\"><div class=\"vcex-blog-entry-inner entry-inner wpex-clr\"><div class=\"vcex-blog-entry-media entry-media\"><a href=\"https:\/\/www.adelte.com\/es\/adelte-desembarca-india-contrato-12-aeropuertos\/\" title=\"ADELTE desembarca en India con un contrato para 12 aeropuertos\"><img loading=\"lazy\" decoding=\"async\" data-no-lazy=\"1\" class=\"vcex-blog-entry-img skip-lazy\" src=\"https:\/\/www.adelte.com\/wp-content\/uploads\/2017\/09\/passenger_boarding_bridges_supplier_airports_india-2-380x180.jpg\" data-no-retina width=\"380\" height=\"180\" \/><\/a><\/div><div class=\"vcex-blog-entry-details entry-details wpex-clr\"><div class=\"vcex-blog-entry-date\" style=\"color:#466bb7;font-size:14px;\">29 de septiembre de 2017<\/div><div class=\"categoria\"><\/div><h3 class=\"vcex-blog-entry-title entry-title\" style=\"color:#4e4e4c;font-size:18px;line-height:26px;\"><a href=\"https:\/\/www.adelte.com\/es\/adelte-desembarca-india-contrato-12-aeropuertos\/\" style=\"color:#4e4e4c;\">ADELTE desembarca en India con un contrato para 12 aeropuertos<\/a><\/h3><div class=\"vcex-blog-entry-excerpt entry-excerpt entry clr\"><p>Barcelona, \u200b\u200b29 de septiembre 2017 - En 2016 m\u00e1s de 224 millones de pasajeros viajaron&hellip;<\/p><\/div><div class=\"vcex-blog-entry-readmore-wrap entry-readmore-wrap clr\"><a href=\"https:\/\/www.adelte.com\/es\/adelte-desembarca-india-contrato-12-aeropuertos\/\" class=\"theme-button\" style=\"background:#ffffff;color:#466bb6;padding:0px;\" data-wpex-hover='{\"background\":\"#ffffff\",\"color\":\"#333333\"}'>Leer m\u00e1s <span class=\"vcex-readmore-rarr\">&rarr;<\/span><\/a><\/div><\/div><\/div><\/div><div class=\"vcex-blog-entry entry-has-details span_1_of_4 col-4 col vcex-isotope-entry cat-71 cat-73 post-9063 entry type-post has-media cat-71 cat-73 translation_priority-44\"><div class=\"vcex-blog-entry-inner entry-inner wpex-clr\"><div class=\"vcex-blog-entry-media entry-media\"><a href=\"https:\/\/www.adelte.com\/es\/adelte-afianza-su-expansion-internacional-con-soluciones-de-embarque-innovadoras-en-los-puertos-mas-importantes\/\" title=\"ADELTE afianza su expansi\u00f3n internacional con soluciones de embarque innovadoras en los puertos m\u00e1s importantes\"><img loading=\"lazy\" decoding=\"async\" data-no-lazy=\"1\" class=\"vcex-blog-entry-img skip-lazy\" src=\"https:\/\/www.adelte.com\/wp-content\/uploads\/2017\/08\/passenger_boarding_bridges_seaport_barcelona-2-380x180.jpg\" data-no-retina width=\"380\" height=\"180\" \/><\/a><\/div><div class=\"vcex-blog-entry-details entry-details wpex-clr\"><div class=\"vcex-blog-entry-date\" style=\"color:#466bb7;font-size:14px;\">24 de agosto de 2017<\/div><div class=\"categoria\"><\/div><h3 class=\"vcex-blog-entry-title entry-title\" style=\"color:#4e4e4c;font-size:18px;line-height:26px;\"><a href=\"https:\/\/www.adelte.com\/es\/adelte-afianza-su-expansion-internacional-con-soluciones-de-embarque-innovadoras-en-los-puertos-mas-importantes\/\" style=\"color:#4e4e4c;\">ADELTE afianza su expansi\u00f3n internacional con soluciones de embarque innovadoras en los puertos m\u00e1s importantes<\/a><\/h3><div class=\"vcex-blog-entry-excerpt entry-excerpt entry clr\"><p>Barcelona, 24 de Agosto - Ciudades como Miami o Barcelona son referentes del tr\u00e1fico mundial&hellip;<\/p><\/div><div class=\"vcex-blog-entry-readmore-wrap entry-readmore-wrap clr\"><a href=\"https:\/\/www.adelte.com\/es\/adelte-afianza-su-expansion-internacional-con-soluciones-de-embarque-innovadoras-en-los-puertos-mas-importantes\/\" class=\"theme-button\" style=\"background:#ffffff;color:#466bb6;padding:0px;\" data-wpex-hover='{\"background\":\"#ffffff\",\"color\":\"#333333\"}'>Leer m\u00e1s <span class=\"vcex-readmore-rarr\">&rarr;<\/span><\/a><\/div><\/div><\/div><\/div><div class=\"vcex-blog-entry entry-has-details span_1_of_4 col-1 col vcex-isotope-entry cat-71 post-9061 entry type-post has-media cat-71 translation_priority-44\"><div class=\"vcex-blog-entry-inner entry-inner wpex-clr\"><div class=\"vcex-blog-entry-media entry-media\"><a href=\"https:\/\/www.adelte.com\/es\/adelte-group-desmiente-haber-concertado-un-proyecto-en-china-en-el-marco-del-fichaje-del-jugador-paulinho-bezerra\/\" title=\"ADELTE Group desmiente haber concertado un proyecto en China en el marco del fichaje del jugador Paulinho Bezerra\"><img loading=\"lazy\" decoding=\"async\" data-no-lazy=\"1\" class=\"vcex-blog-entry-img skip-lazy\" src=\"https:\/\/www.adelte.com\/wp-content\/uploads\/2017\/10\/adelte_fake_news-380x180.jpg\" data-no-retina width=\"380\" height=\"180\" \/><\/a><\/div><div class=\"vcex-blog-entry-details entry-details wpex-clr\"><div class=\"vcex-blog-entry-date\" style=\"color:#466bb7;font-size:14px;\">3 de agosto de 2017<\/div><div class=\"categoria\"><\/div><h3 class=\"vcex-blog-entry-title entry-title\" style=\"color:#4e4e4c;font-size:18px;line-height:26px;\"><a href=\"https:\/\/www.adelte.com\/es\/adelte-group-desmiente-haber-concertado-un-proyecto-en-china-en-el-marco-del-fichaje-del-jugador-paulinho-bezerra\/\" style=\"color:#4e4e4c;\">ADELTE Group desmiente haber concertado un proyecto en China en el marco del fichaje del jugador Paulinho Bezerra<\/a><\/h3><div class=\"vcex-blog-entry-excerpt entry-excerpt entry clr\"><p>Recientemente se ha publicado la noticia acusando a ADELTE Group y a su consejero delegado&hellip;<\/p><\/div><div class=\"vcex-blog-entry-readmore-wrap entry-readmore-wrap clr\"><a href=\"https:\/\/www.adelte.com\/es\/adelte-group-desmiente-haber-concertado-un-proyecto-en-china-en-el-marco-del-fichaje-del-jugador-paulinho-bezerra\/\" class=\"theme-button\" style=\"background:#ffffff;color:#466bb6;padding:0px;\" data-wpex-hover='{\"background\":\"#ffffff\",\"color\":\"#333333\"}'>Leer m\u00e1s <span class=\"vcex-readmore-rarr\">&rarr;<\/span><\/a><\/div><\/div><\/div><\/div><div class=\"vcex-blog-entry entry-has-details span_1_of_4 col-2 col vcex-isotope-entry cat-71 cat-72 post-13637 entry type-post has-media cat-71 cat-72 post_tag-110 translation_priority-44\"><div class=\"vcex-blog-entry-inner entry-inner wpex-clr\"><div class=\"vcex-blog-entry-media entry-media\"><a href=\"https:\/\/www.adelte.com\/es\/unidades-de-aire-pre-acondicionado-pca-cambia-las-reglas\/\" title=\"Unidades de aire pre-acondicionado (PCA), cambia las reglas\"><img loading=\"lazy\" decoding=\"async\" data-no-lazy=\"1\" class=\"vcex-blog-entry-img skip-lazy\" src=\"https:\/\/www.adelte.com\/wp-content\/uploads\/2017\/01\/adelte-news-1-380x180.jpg\" data-no-retina width=\"380\" height=\"180\" \/><\/a><\/div><div class=\"vcex-blog-entry-details entry-details wpex-clr\"><div class=\"vcex-blog-entry-date\" style=\"color:#466bb7;font-size:14px;\">31 de enero de 2017<\/div><div class=\"categoria\"><\/div><h3 class=\"vcex-blog-entry-title entry-title\" style=\"color:#4e4e4c;font-size:18px;line-height:26px;\"><a href=\"https:\/\/www.adelte.com\/es\/unidades-de-aire-pre-acondicionado-pca-cambia-las-reglas\/\" style=\"color:#4e4e4c;\">Unidades de aire pre-acondicionado (PCA), cambia las reglas<\/a><\/h3><div class=\"vcex-blog-entry-excerpt entry-excerpt entry clr\"><p>Barcelona, 1 de Febrero - Se espera que casi 4 mil millones de personas vuelen&hellip;<\/p><\/div><div class=\"vcex-blog-entry-readmore-wrap entry-readmore-wrap clr\"><a href=\"https:\/\/www.adelte.com\/es\/unidades-de-aire-pre-acondicionado-pca-cambia-las-reglas\/\" class=\"theme-button\" style=\"background:#ffffff;color:#466bb6;padding:0px;\" data-wpex-hover='{\"background\":\"#ffffff\",\"color\":\"#333333\"}'>Leer m\u00e1s <span class=\"vcex-readmore-rarr\">&rarr;<\/span><\/a><\/div><\/div><\/div><\/div><div class=\"vcex-blog-entry entry-has-details span_1_of_4 col-3 col vcex-isotope-entry cat-71 cat-73 post-13631 entry type-post has-media cat-71 cat-73 post_tag-88 translation_priority-44\"><div class=\"vcex-blog-entry-inner entry-inner wpex-clr\"><div class=\"vcex-blog-entry-media entry-media\"><a href=\"https:\/\/www.adelte.com\/es\/introduccion-sobre-los-puentes-de-embarque-de-pasajeros-portuarios\/\" title=\"Introducci\u00f3n sobre los Puentes de embarque de pasajeros portuarios\"><img loading=\"lazy\" decoding=\"async\" data-no-lazy=\"1\" class=\"vcex-blog-entry-img skip-lazy\" src=\"https:\/\/www.adelte.com\/wp-content\/uploads\/2016\/11\/seaport-passenger-boarding-bridges-introduction-video-380x180.jpg\" data-no-retina width=\"380\" height=\"180\" \/><\/a><\/div><div class=\"vcex-blog-entry-details entry-details wpex-clr\"><div class=\"vcex-blog-entry-date\" style=\"color:#466bb7;font-size:14px;\">28 de noviembre de 2016<\/div><div class=\"categoria\"><\/div><h3 class=\"vcex-blog-entry-title entry-title\" style=\"color:#4e4e4c;font-size:18px;line-height:26px;\"><a href=\"https:\/\/www.adelte.com\/es\/introduccion-sobre-los-puentes-de-embarque-de-pasajeros-portuarios\/\" style=\"color:#4e4e4c;\">Introducci\u00f3n sobre los Puentes de embarque de pasajeros portuarios<\/a><\/h3><div class=\"vcex-blog-entry-excerpt entry-excerpt entry clr\"><p>Barcelona, 28 de Noviembre - Los puentes de embarque de pasajeros para puertos son elementos&hellip;<\/p><\/div><div class=\"vcex-blog-entry-readmore-wrap entry-readmore-wrap clr\"><a href=\"https:\/\/www.adelte.com\/es\/introduccion-sobre-los-puentes-de-embarque-de-pasajeros-portuarios\/\" class=\"theme-button\" style=\"background:#ffffff;color:#466bb6;padding:0px;\" data-wpex-hover='{\"background\":\"#ffffff\",\"color\":\"#333333\"}'>Leer m\u00e1s <span class=\"vcex-readmore-rarr\">&rarr;<\/span><\/a><\/div><\/div><\/div><\/div><div class=\"vcex-blog-entry entry-has-details span_1_of_4 col-4 col vcex-isotope-entry cat-71 cat-73 post-4420 entry type-post has-media cat-71 cat-73 translation_priority-44\"><div class=\"vcex-blog-entry-inner entry-inner wpex-clr\"><div class=\"vcex-blog-entry-media entry-media\"><a href=\"https:\/\/www.adelte.com\/es\/adelte-nuevos-proyectos-puentes-embarque-pasajeros-cruceros-incheon-keelung-taipei\/\" title=\"ADELTE consolida su liderazgo en el mercado asi\u00e1tico con nuevos proyectos de Puentes de Embarque de Pasajeros para las terminales de cruceros de Incheon, Keelung y Taipei\"><img loading=\"lazy\" decoding=\"async\" data-no-lazy=\"1\" class=\"vcex-blog-entry-img skip-lazy\" src=\"https:\/\/www.adelte.com\/wp-content\/uploads\/2016\/10\/passenger_boarding_bridges_taipei_keelung-380x180.jpg\" data-no-retina width=\"380\" height=\"180\" \/><\/a><\/div><div class=\"vcex-blog-entry-details entry-details wpex-clr\"><div class=\"vcex-blog-entry-date\" style=\"color:#466bb7;font-size:14px;\">27 de octubre de 2016<\/div><div class=\"categoria\"><\/div><h3 class=\"vcex-blog-entry-title entry-title\" style=\"color:#4e4e4c;font-size:18px;line-height:26px;\"><a href=\"https:\/\/www.adelte.com\/es\/adelte-nuevos-proyectos-puentes-embarque-pasajeros-cruceros-incheon-keelung-taipei\/\" style=\"color:#4e4e4c;\">ADELTE consolida su liderazgo en el mercado asi\u00e1tico con nuevos proyectos de Puentes de Embarque de Pasajeros para las terminales de cruceros de Incheon, Keelung y Taipei<\/a><\/h3><div class=\"vcex-blog-entry-excerpt entry-excerpt entry clr\"><p>Barcelona, 27 de Octubre - ADELTE sigue reforzando su presencia en Asia. Despu\u00e9s de completar&hellip;<\/p><\/div><div class=\"vcex-blog-entry-readmore-wrap entry-readmore-wrap clr\"><a href=\"https:\/\/www.adelte.com\/es\/adelte-nuevos-proyectos-puentes-embarque-pasajeros-cruceros-incheon-keelung-taipei\/\" class=\"theme-button\" style=\"background:#ffffff;color:#466bb6;padding:0px;\" data-wpex-hover='{\"background\":\"#ffffff\",\"color\":\"#333333\"}'>Leer m\u00e1s <span class=\"vcex-readmore-rarr\">&rarr;<\/span><\/a><\/div><\/div><\/div><\/div><div class=\"vcex-blog-entry entry-has-details span_1_of_4 col-1 col vcex-isotope-entry cat-71 cat-72 post-4375 entry type-post has-media cat-71 cat-72 translation_priority-44\"><div class=\"vcex-blog-entry-inner entry-inner wpex-clr\"><div class=\"vcex-blog-entry-media entry-media\"><a href=\"https:\/\/www.adelte.com\/es\/la-vision-de-adelte-en-el-articulo-pasarelas-alta-tecnologia-entre-el-muelle-de-embarque-y-el-avion\/\" title=\"La visi\u00f3n de ADELTE en el art\u00edculo \u00abPasarelas: Alta tecnolog\u00eda entre el muelle de embarque y el avi\u00f3n\u00bb\"><img loading=\"lazy\" decoding=\"async\" data-no-lazy=\"1\" class=\"vcex-blog-entry-img skip-lazy\" src=\"https:\/\/www.adelte.com\/wp-content\/uploads\/2016\/08\/pasarelas_embarque_pasajeros_revista_avion_revue_web-380x180.jpg\" data-no-retina width=\"380\" height=\"180\" \/><\/a><\/div><div class=\"vcex-blog-entry-details entry-details wpex-clr\"><div class=\"vcex-blog-entry-date\" style=\"color:#466bb7;font-size:14px;\">23 de agosto de 2016<\/div><div class=\"categoria\"><\/div><h3 class=\"vcex-blog-entry-title entry-title\" style=\"color:#4e4e4c;font-size:18px;line-height:26px;\"><a href=\"https:\/\/www.adelte.com\/es\/la-vision-de-adelte-en-el-articulo-pasarelas-alta-tecnologia-entre-el-muelle-de-embarque-y-el-avion\/\" style=\"color:#4e4e4c;\">La visi\u00f3n de ADELTE en el art\u00edculo \u00abPasarelas: Alta tecnolog\u00eda entre el muelle de embarque y el avi\u00f3n\u00bb<\/a><\/h3><div class=\"vcex-blog-entry-excerpt entry-excerpt entry clr\"><p>Barcelona, 23 Agosto 2016 \u2013 \"Pasarelas:Alta tecnolog\u00eda entre el muelle de embarque y el avi\u00f3n\"&hellip;<\/p><\/div><div class=\"vcex-blog-entry-readmore-wrap entry-readmore-wrap clr\"><a href=\"https:\/\/www.adelte.com\/es\/la-vision-de-adelte-en-el-articulo-pasarelas-alta-tecnologia-entre-el-muelle-de-embarque-y-el-avion\/\" class=\"theme-button\" style=\"background:#ffffff;color:#466bb6;padding:0px;\" data-wpex-hover='{\"background\":\"#ffffff\",\"color\":\"#333333\"}'>Leer m\u00e1s <span class=\"vcex-readmore-rarr\">&rarr;<\/span><\/a><\/div><\/div><\/div><\/div><div class=\"vcex-blog-entry entry-has-details span_1_of_4 col-2 col vcex-isotope-entry cat-71 cat-73 post-4132 entry type-post has-media cat-71 cat-73 translation_priority-44\"><div class=\"vcex-blog-entry-inner entry-inner wpex-clr\"><div class=\"vcex-blog-entry-media entry-media\"><a href=\"https:\/\/www.adelte.com\/es\/adelte-instalara-cuatro-puentes-embarque-pasajeros-port-canaveral\/\" title=\"ADELTE instalar\u00e1 cuatro puentes de embarque de pasajeros en las Terminales de Cruceros 5 y 10 de Port Canaveral\"><img loading=\"lazy\" decoding=\"async\" data-no-lazy=\"1\" class=\"vcex-blog-entry-img skip-lazy\" src=\"https:\/\/www.adelte.com\/wp-content\/uploads\/2016\/02\/passenger_boarding_bridges_seaport_port_canaveral_terminal_51-380x180.jpg\" data-no-retina width=\"380\" height=\"180\" \/><\/a><\/div><div class=\"vcex-blog-entry-details entry-details wpex-clr\"><div class=\"vcex-blog-entry-date\" style=\"color:#466bb7;font-size:14px;\">8 de febrero de 2016<\/div><div class=\"categoria\"><\/div><h3 class=\"vcex-blog-entry-title entry-title\" style=\"color:#4e4e4c;font-size:18px;line-height:26px;\"><a href=\"https:\/\/www.adelte.com\/es\/adelte-instalara-cuatro-puentes-embarque-pasajeros-port-canaveral\/\" style=\"color:#4e4e4c;\">ADELTE instalar\u00e1 cuatro puentes de embarque de pasajeros en las Terminales de Cruceros 5 y 10 de Port Canaveral<\/a><\/h3><div class=\"vcex-blog-entry-excerpt entry-excerpt entry clr\"><p>Barcelona, 3 de Febrero - ADELTE, proveedor l\u00edder en Puentes de Embarque de Pasajeros (SPBBs)&hellip;<\/p><\/div><div class=\"vcex-blog-entry-readmore-wrap entry-readmore-wrap clr\"><a href=\"https:\/\/www.adelte.com\/es\/adelte-instalara-cuatro-puentes-embarque-pasajeros-port-canaveral\/\" class=\"theme-button\" style=\"background:#ffffff;color:#466bb6;padding:0px;\" data-wpex-hover='{\"background\":\"#ffffff\",\"color\":\"#333333\"}'>Leer m\u00e1s <span class=\"vcex-readmore-rarr\">&rarr;<\/span><\/a><\/div><\/div><\/div><\/div><div class=\"vcex-blog-entry entry-has-details span_1_of_4 col-3 col vcex-isotope-entry cat-71 post-4092 entry type-post has-media cat-71 translation_priority-44\"><div class=\"vcex-blog-entry-inner entry-inner wpex-clr\"><div class=\"vcex-blog-entry-media entry-media\"><a href=\"https:\/\/www.adelte.com\/es\/adelte-pyme-innovadora-2016\/\" title=\"ADELTE, PYME Innovadora 2016\"><img loading=\"lazy\" decoding=\"async\" data-no-lazy=\"1\" class=\"vcex-blog-entry-img skip-lazy\" src=\"https:\/\/www.adelte.com\/wp-content\/uploads\/2016\/01\/adelte_engineering-380x180.png\" data-no-retina width=\"380\" height=\"180\" \/><\/a><\/div><div class=\"vcex-blog-entry-details entry-details wpex-clr\"><div class=\"vcex-blog-entry-date\" style=\"color:#466bb7;font-size:14px;\">26 de enero de 2016<\/div><div class=\"categoria\"><\/div><h3 class=\"vcex-blog-entry-title entry-title\" style=\"color:#4e4e4c;font-size:18px;line-height:26px;\"><a href=\"https:\/\/www.adelte.com\/es\/adelte-pyme-innovadora-2016\/\" style=\"color:#4e4e4c;\">ADELTE, PYME Innovadora 2016<\/a><\/h3><div class=\"vcex-blog-entry-excerpt entry-excerpt entry clr\"><p>Barcelona, 26 de Enero 2016 \u2013 Recientemente ADELTE ha sido certificada como PYME Innovadora por&hellip;<\/p><\/div><div class=\"vcex-blog-entry-readmore-wrap entry-readmore-wrap clr\"><a href=\"https:\/\/www.adelte.com\/es\/adelte-pyme-innovadora-2016\/\" class=\"theme-button\" style=\"background:#ffffff;color:#466bb6;padding:0px;\" data-wpex-hover='{\"background\":\"#ffffff\",\"color\":\"#333333\"}'>Leer m\u00e1s <span class=\"vcex-readmore-rarr\">&rarr;<\/span><\/a><\/div><\/div><\/div><\/div><div class=\"vcex-blog-entry entry-has-details span_1_of_4 col-4 col vcex-isotope-entry cat-71 cat-72 post-4189 entry type-post has-media cat-71 cat-72 translation_priority-44\"><div class=\"vcex-blog-entry-inner entry-inner wpex-clr\"><div class=\"vcex-blog-entry-media entry-media\"><a href=\"https:\/\/www.adelte.com\/es\/la-vision-de-adelte-en-el-articulo-world-airports-tunnel-vision-en-el-magazine-airside-international\/\" title=\"La visi\u00f3n de ADELTE en el art\u00edculo \u00abWorld Airports: Tunnel Vision?\u00bb en el Magazine Airside International\"><img loading=\"lazy\" decoding=\"async\" data-no-lazy=\"1\" class=\"vcex-blog-entry-img skip-lazy\" src=\"https:\/\/www.adelte.com\/wp-content\/uploads\/2016\/04\/world_airports_vision_passenger_boarding_bridges-380x180.jpg\" data-no-retina width=\"380\" height=\"180\" \/><\/a><\/div><div class=\"vcex-blog-entry-details entry-details wpex-clr\"><div class=\"vcex-blog-entry-date\" style=\"color:#466bb7;font-size:14px;\">27 de noviembre de 2015<\/div><div class=\"categoria\"><\/div><h3 class=\"vcex-blog-entry-title entry-title\" style=\"color:#4e4e4c;font-size:18px;line-height:26px;\"><a href=\"https:\/\/www.adelte.com\/es\/la-vision-de-adelte-en-el-articulo-world-airports-tunnel-vision-en-el-magazine-airside-international\/\" style=\"color:#4e4e4c;\">La visi\u00f3n de ADELTE en el art\u00edculo \u00abWorld Airports: Tunnel Vision?\u00bb en el Magazine Airside International<\/a><\/h3><div class=\"vcex-blog-entry-excerpt entry-excerpt entry clr\"><p>Barcelona, 27 Noviembre 2015 \u2013 \"World airports: tunnel vision?\": es un extenso art\u00edculo sobre tendencias&hellip;<\/p><\/div><div class=\"vcex-blog-entry-readmore-wrap entry-readmore-wrap clr\"><a href=\"https:\/\/www.adelte.com\/es\/la-vision-de-adelte-en-el-articulo-world-airports-tunnel-vision-en-el-magazine-airside-international\/\" class=\"theme-button\" style=\"background:#ffffff;color:#466bb6;padding:0px;\" data-wpex-hover='{\"background\":\"#ffffff\",\"color\":\"#333333\"}'>Leer m\u00e1s <span class=\"vcex-readmore-rarr\">&rarr;<\/span><\/a><\/div><\/div><\/div><\/div><div class=\"vcex-blog-entry entry-has-details span_1_of_4 col-1 col vcex-isotope-entry cat-71 cat-72 cat-54 post-8800 entry type-post has-media cat-71 cat-72 cat-54 translation_priority-44\"><div class=\"vcex-blog-entry-inner entry-inner wpex-clr\"><div class=\"vcex-blog-entry-media entry-media\"><a href=\"https:\/\/www.adelte.com\/es\/efs-gana-un-contrato-clave-de-mantenimiento-para-el-aeropuerto-adolfo-suarez-madrid-barajas\/\" title=\"EFS gana un contrato clave de Mantenimiento para el Aeropuerto Adolfo Su\u00e1rez Madrid-Barajas\"><img loading=\"lazy\" decoding=\"async\" data-no-lazy=\"1\" class=\"vcex-blog-entry-img skip-lazy\" src=\"https:\/\/www.adelte.com\/wp-content\/uploads\/2015\/10\/servicio_mantenimiento_aeropuerto_madrid_barajas-380x180.jpg\" data-no-retina width=\"380\" height=\"180\" \/><\/a><\/div><div class=\"vcex-blog-entry-details entry-details wpex-clr\"><div class=\"vcex-blog-entry-date\" style=\"color:#466bb7;font-size:14px;\">15 de octubre de 2015<\/div><div class=\"categoria\"><\/div><h3 class=\"vcex-blog-entry-title entry-title\" style=\"color:#4e4e4c;font-size:18px;line-height:26px;\"><a href=\"https:\/\/www.adelte.com\/es\/efs-gana-un-contrato-clave-de-mantenimiento-para-el-aeropuerto-adolfo-suarez-madrid-barajas\/\" style=\"color:#4e4e4c;\">EFS gana un contrato clave de Mantenimiento para el Aeropuerto Adolfo Su\u00e1rez Madrid-Barajas<\/a><\/h3><div class=\"vcex-blog-entry-excerpt entry-excerpt entry clr\"><p>Barcelona, 15 de Octubre de 2015\u00a0\u2013\u00a0Equipo Facility Services (EFS)\u00a0ha sido adjudicado (en UTE con EMTE)&hellip;<\/p><\/div><div class=\"vcex-blog-entry-readmore-wrap entry-readmore-wrap clr\"><a href=\"https:\/\/www.adelte.com\/es\/efs-gana-un-contrato-clave-de-mantenimiento-para-el-aeropuerto-adolfo-suarez-madrid-barajas\/\" class=\"theme-button\" style=\"background:#ffffff;color:#466bb6;padding:0px;\" data-wpex-hover='{\"background\":\"#ffffff\",\"color\":\"#333333\"}'>Leer m\u00e1s <span class=\"vcex-readmore-rarr\">&rarr;<\/span><\/a><\/div><\/div><\/div><\/div><div class=\"vcex-blog-entry entry-has-details span_1_of_4 col-2 col vcex-isotope-entry cat-71 cat-72 post-3962 entry type-post has-media cat-71 cat-72 translation_priority-44\"><div class=\"vcex-blog-entry-inner entry-inner wpex-clr\"><div class=\"vcex-blog-entry-media entry-media\"><a href=\"https:\/\/www.adelte.com\/es\/adelte-firma-contrato-pakistan-equipos-embarque-aeropuerto-internacional-islamabad\/\" title=\"ADELTE firma un segundo contrato clave en Pakist\u00e1n para el suministro de equipos de embarque en el nuevo Aeropuerto Internacional de Islamabad\"><img loading=\"lazy\" decoding=\"async\" data-no-lazy=\"1\" class=\"vcex-blog-entry-img skip-lazy\" src=\"https:\/\/www.adelte.com\/wp-content\/uploads\/2015\/10\/passenger-boarding-bridge-islamabad-pakistan-380x180.jpg\" data-no-retina width=\"380\" height=\"180\" \/><\/a><\/div><div class=\"vcex-blog-entry-details entry-details wpex-clr\"><div class=\"vcex-blog-entry-date\" style=\"color:#466bb7;font-size:14px;\">9 de octubre de 2015<\/div><div class=\"categoria\"><\/div><h3 class=\"vcex-blog-entry-title entry-title\" style=\"color:#4e4e4c;font-size:18px;line-height:26px;\"><a href=\"https:\/\/www.adelte.com\/es\/adelte-firma-contrato-pakistan-equipos-embarque-aeropuerto-internacional-islamabad\/\" style=\"color:#4e4e4c;\">ADELTE firma un segundo contrato clave en Pakist\u00e1n para el suministro de equipos de embarque en el nuevo Aeropuerto Internacional de Islamabad<\/a><\/h3><div class=\"vcex-blog-entry-excerpt entry-excerpt entry clr\"><p>Barcelona, 7 de octubre 2015 - La Autoridad de Aviaci\u00f3n Civil de Pakist\u00e1n (PCAA) ha&hellip;<\/p><\/div><div class=\"vcex-blog-entry-readmore-wrap entry-readmore-wrap clr\"><a href=\"https:\/\/www.adelte.com\/es\/adelte-firma-contrato-pakistan-equipos-embarque-aeropuerto-internacional-islamabad\/\" class=\"theme-button\" style=\"background:#ffffff;color:#466bb6;padding:0px;\" data-wpex-hover='{\"background\":\"#ffffff\",\"color\":\"#333333\"}'>Leer m\u00e1s <span class=\"vcex-readmore-rarr\">&rarr;<\/span><\/a><\/div><\/div><\/div><\/div><div class=\"vcex-blog-entry entry-has-details span_1_of_4 col-3 col vcex-isotope-entry cat-71 cat-73 post-3930 entry type-post has-media cat-71 cat-73 translation_priority-44\"><div class=\"vcex-blog-entry-inner entry-inner wpex-clr\"><div class=\"vcex-blog-entry-media entry-media\"><a href=\"https:\/\/www.adelte.com\/es\/pasarelas-embarque-pasajeros-adelte-cruise-center-steinwerder-hamburgo\/\" title=\"Las nuevas Pasarelas de Embarque de Pasajeros de ADELTE operan en el Cruise Center Steinwerder de Hamburgo\"><img loading=\"lazy\" decoding=\"async\" data-no-lazy=\"1\" class=\"vcex-blog-entry-img skip-lazy\" src=\"https:\/\/www.adelte.com\/wp-content\/uploads\/2015\/07\/passenger_boarding_bridge_hamburg_adelte-380x180.jpg\" data-no-retina width=\"380\" height=\"180\" \/><\/a><\/div><div class=\"vcex-blog-entry-details entry-details wpex-clr\"><div class=\"vcex-blog-entry-date\" style=\"color:#466bb7;font-size:14px;\">16 de julio de 2015<\/div><div class=\"categoria\"><\/div><h3 class=\"vcex-blog-entry-title entry-title\" style=\"color:#4e4e4c;font-size:18px;line-height:26px;\"><a href=\"https:\/\/www.adelte.com\/es\/pasarelas-embarque-pasajeros-adelte-cruise-center-steinwerder-hamburgo\/\" style=\"color:#4e4e4c;\">Las nuevas Pasarelas de Embarque de Pasajeros de ADELTE operan en el Cruise Center Steinwerder de Hamburgo<\/a><\/h3><div class=\"vcex-blog-entry-excerpt entry-excerpt entry clr\"><p>Barcelona, 16 de Julio - ADELTE, el proveedor l\u00edder en Pasarelas de Embarque de Pasajeros&hellip;<\/p><\/div><div class=\"vcex-blog-entry-readmore-wrap entry-readmore-wrap clr\"><a href=\"https:\/\/www.adelte.com\/es\/pasarelas-embarque-pasajeros-adelte-cruise-center-steinwerder-hamburgo\/\" class=\"theme-button\" style=\"background:#ffffff;color:#466bb6;padding:0px;\" data-wpex-hover='{\"background\":\"#ffffff\",\"color\":\"#333333\"}'>Leer m\u00e1s <span class=\"vcex-readmore-rarr\">&rarr;<\/span><\/a><\/div><\/div><\/div><\/div><div class=\"vcex-blog-entry entry-has-details span_1_of_4 col-4 col vcex-isotope-entry cat-71 cat-73 post-4195 entry type-post has-media cat-71 cat-73 translation_priority-44\"><div class=\"vcex-blog-entry-inner entry-inner wpex-clr\"><div class=\"vcex-blog-entry-media entry-media\"><a href=\"https:\/\/www.adelte.com\/es\/la-vision-de-adelte-en-el-articulo-connecting-ship-and-shore-en-el-magazine-shippax\/\" title=\"La visi\u00f3n de ADELTE en el art\u00edculo \u201cConnecting Ship and Shore\u201d en el Magazine Shippax\"><img loading=\"lazy\" decoding=\"async\" data-no-lazy=\"1\" class=\"vcex-blog-entry-img skip-lazy\" src=\"https:\/\/www.adelte.com\/wp-content\/uploads\/2016\/04\/clipping_adelte_shippax-380x180.jpg\" data-no-retina width=\"380\" height=\"180\" \/><\/a><\/div><div class=\"vcex-blog-entry-details entry-details wpex-clr\"><div class=\"vcex-blog-entry-date\" style=\"color:#466bb7;font-size:14px;\">19 de junio de 2015<\/div><div class=\"categoria\"><\/div><h3 class=\"vcex-blog-entry-title entry-title\" style=\"color:#4e4e4c;font-size:18px;line-height:26px;\"><a href=\"https:\/\/www.adelte.com\/es\/la-vision-de-adelte-en-el-articulo-connecting-ship-and-shore-en-el-magazine-shippax\/\" style=\"color:#4e4e4c;\">La visi\u00f3n de ADELTE en el art\u00edculo \u201cConnecting Ship and Shore\u201d en el Magazine Shippax<\/a><\/h3><div class=\"vcex-blog-entry-excerpt entry-excerpt entry clr\"><p>Barcelona, 19 Junio 2015 \u2013 \"Connecting Ship and Shore\" es un extenso art\u00edculo sobre tendencias&hellip;<\/p><\/div><div class=\"vcex-blog-entry-readmore-wrap entry-readmore-wrap clr\"><a href=\"https:\/\/www.adelte.com\/es\/la-vision-de-adelte-en-el-articulo-connecting-ship-and-shore-en-el-magazine-shippax\/\" class=\"theme-button\" style=\"background:#ffffff;color:#466bb6;padding:0px;\" data-wpex-hover='{\"background\":\"#ffffff\",\"color\":\"#333333\"}'>Leer m\u00e1s <span class=\"vcex-readmore-rarr\">&rarr;<\/span><\/a><\/div><\/div><\/div><\/div><div class=\"vcex-blog-entry entry-has-details span_1_of_4 col-1 col vcex-isotope-entry cat-71 cat-72 post-3799 entry type-post has-media cat-71 cat-72 translation_priority-44\"><div class=\"vcex-blog-entry-inner entry-inner wpex-clr\"><div class=\"vcex-blog-entry-media entry-media\"><a href=\"https:\/\/www.adelte.com\/es\/adelte-suministrara-puentes-de-embarque-de-pasajeros-y-equipos-de-apoyo-en-tierra-en-pakistan\/\" title=\"ADELTE suministrar\u00e1 puentes de embarque de pasajeros y Equipos de apoyo en tierra en Pakistan\"><img loading=\"lazy\" decoding=\"async\" data-no-lazy=\"1\" class=\"vcex-blog-entry-img skip-lazy\" src=\"https:\/\/www.adelte.com\/wp-content\/uploads\/2015\/05\/passenger_boarding_bridges_airport_karachi-380x180.jpg\" data-no-retina width=\"380\" height=\"180\" \/><\/a><\/div><div class=\"vcex-blog-entry-details entry-details wpex-clr\"><div class=\"vcex-blog-entry-date\" style=\"color:#466bb7;font-size:14px;\">25 de mayo de 2015<\/div><div class=\"categoria\"><\/div><h3 class=\"vcex-blog-entry-title entry-title\" style=\"color:#4e4e4c;font-size:18px;line-height:26px;\"><a href=\"https:\/\/www.adelte.com\/es\/adelte-suministrara-puentes-de-embarque-de-pasajeros-y-equipos-de-apoyo-en-tierra-en-pakistan\/\" style=\"color:#4e4e4c;\">ADELTE suministrar\u00e1 puentes de embarque de pasajeros y Equipos de apoyo en tierra en Pakistan<\/a><\/h3><div class=\"vcex-blog-entry-excerpt entry-excerpt entry clr\"><p>Barcelona, 25 de mayo de 2015 \u2013 ADELTE firm\u00f3 recientemente un contrato con la Autoridad&hellip;<\/p><\/div><div class=\"vcex-blog-entry-readmore-wrap entry-readmore-wrap clr\"><a href=\"https:\/\/www.adelte.com\/es\/adelte-suministrara-puentes-de-embarque-de-pasajeros-y-equipos-de-apoyo-en-tierra-en-pakistan\/\" class=\"theme-button\" style=\"background:#ffffff;color:#466bb6;padding:0px;\" data-wpex-hover='{\"background\":\"#ffffff\",\"color\":\"#333333\"}'>Leer m\u00e1s <span class=\"vcex-readmore-rarr\">&rarr;<\/span><\/a><\/div><\/div><\/div><\/div><div class=\"vcex-blog-entry entry-has-details span_1_of_4 col-2 col vcex-isotope-entry cat-71 cat-73 post-2789 entry type-post has-media cat-71 cat-73 translation_priority-44\"><div class=\"vcex-blog-entry-inner entry-inner wpex-clr\"><div class=\"vcex-blog-entry-media entry-media\"><a href=\"https:\/\/www.adelte.com\/es\/adelte-suministra-nuevo-puente-de-embarque-pasajeros-creuers-barcelona\/\" title=\"ADELTE suministra un nuevo puente de embarque de pasajeros a Creuers en Barcelona\"><img loading=\"lazy\" decoding=\"async\" data-no-lazy=\"1\" class=\"vcex-blog-entry-img skip-lazy\" src=\"https:\/\/www.adelte.com\/wp-content\/uploads\/2015\/05\/passenger_boading_bridge_barcelona-380x180.jpg\" data-no-retina width=\"380\" height=\"180\" \/><\/a><\/div><div class=\"vcex-blog-entry-details entry-details wpex-clr\"><div class=\"vcex-blog-entry-date\" style=\"color:#466bb7;font-size:14px;\">7 de mayo de 2015<\/div><div class=\"categoria\"><\/div><h3 class=\"vcex-blog-entry-title entry-title\" style=\"color:#4e4e4c;font-size:18px;line-height:26px;\"><a href=\"https:\/\/www.adelte.com\/es\/adelte-suministra-nuevo-puente-de-embarque-pasajeros-creuers-barcelona\/\" style=\"color:#4e4e4c;\">ADELTE suministra un nuevo puente de embarque de pasajeros a Creuers en Barcelona<\/a><\/h3><div class=\"vcex-blog-entry-excerpt entry-excerpt entry clr\"><p>Barcelona, 7 de Mayo de 2015 - A Creuers del Port de Barcelona le ha&hellip;<\/p><\/div><div class=\"vcex-blog-entry-readmore-wrap entry-readmore-wrap clr\"><a href=\"https:\/\/www.adelte.com\/es\/adelte-suministra-nuevo-puente-de-embarque-pasajeros-creuers-barcelona\/\" class=\"theme-button\" style=\"background:#ffffff;color:#466bb6;padding:0px;\" data-wpex-hover='{\"background\":\"#ffffff\",\"color\":\"#333333\"}'>Leer m\u00e1s <span class=\"vcex-readmore-rarr\">&rarr;<\/span><\/a><\/div><\/div><\/div><\/div><div class=\"vcex-blog-entry entry-has-details span_1_of_4 col-3 col vcex-isotope-entry cat-71 cat-72 post-2761 entry type-post has-media cat-71 cat-72 translation_priority-44\"><div class=\"vcex-blog-entry-inner entry-inner wpex-clr\"><div class=\"vcex-blog-entry-media entry-media\"><a href=\"https:\/\/www.adelte.com\/es\/adelte-suministrara-unidades-aire-pre-acondicionado-pcas-corea-sur-espana\/\" title=\"ADELTE suministrar\u00e1 62 nuevas unidades de aire pre-acondicionado (PCAs) en Corea del Sur y Espa\u00f1a\"><img loading=\"lazy\" decoding=\"async\" data-no-lazy=\"1\" class=\"vcex-blog-entry-img skip-lazy\" src=\"https:\/\/www.adelte.com\/wp-content\/uploads\/2015\/03\/preconditioned_air_units_airports_pca_adelte-380x180.jpg\" data-no-retina width=\"380\" height=\"180\" \/><\/a><\/div><div class=\"vcex-blog-entry-details entry-details wpex-clr\"><div class=\"vcex-blog-entry-date\" style=\"color:#466bb7;font-size:14px;\">20 de marzo de 2015<\/div><div class=\"categoria\"><\/div><h3 class=\"vcex-blog-entry-title entry-title\" style=\"color:#4e4e4c;font-size:18px;line-height:26px;\"><a href=\"https:\/\/www.adelte.com\/es\/adelte-suministrara-unidades-aire-pre-acondicionado-pcas-corea-sur-espana\/\" style=\"color:#4e4e4c;\">ADELTE suministrar\u00e1 62 nuevas unidades de aire pre-acondicionado (PCAs) en Corea del Sur y Espa\u00f1a<\/a><\/h3><div class=\"vcex-blog-entry-excerpt entry-excerpt entry clr\"><p>Barcelona, 20 de Marzo de 2015 \u2013 ADELTE recientemente consigui\u00f3 dos nuevos contratos para el&hellip;<\/p><\/div><div class=\"vcex-blog-entry-readmore-wrap entry-readmore-wrap clr\"><a href=\"https:\/\/www.adelte.com\/es\/adelte-suministrara-unidades-aire-pre-acondicionado-pcas-corea-sur-espana\/\" class=\"theme-button\" style=\"background:#ffffff;color:#466bb6;padding:0px;\" data-wpex-hover='{\"background\":\"#ffffff\",\"color\":\"#333333\"}'>Leer m\u00e1s <span class=\"vcex-readmore-rarr\">&rarr;<\/span><\/a><\/div><\/div><\/div><\/div><div class=\"vcex-blog-entry entry-has-details span_1_of_4 col-4 col vcex-isotope-entry cat-71 cat-72 post-2617 entry type-post has-media cat-71 cat-72 translation_priority-44\"><div class=\"vcex-blog-entry-inner entry-inner wpex-clr\"><div class=\"vcex-blog-entry-media entry-media\"><a href=\"https:\/\/www.adelte.com\/es\/servicio-embarque-optimo-oceano-indico\/\" title=\"Un servicio de embarque \u00f3ptimo en el Oc\u00e9ano \u00cdndico\"><img loading=\"lazy\" decoding=\"async\" data-no-lazy=\"1\" class=\"vcex-blog-entry-img skip-lazy\" src=\"https:\/\/www.adelte.com\/wp-content\/uploads\/2015\/02\/passenger_boarding_bridges_reunion_airport_roland-380x180.jpg\" data-no-retina width=\"380\" height=\"180\" \/><\/a><\/div><div class=\"vcex-blog-entry-details entry-details wpex-clr\"><div class=\"vcex-blog-entry-date\" style=\"color:#466bb7;font-size:14px;\">27 de febrero de 2015<\/div><div class=\"categoria\"><\/div><h3 class=\"vcex-blog-entry-title entry-title\" style=\"color:#4e4e4c;font-size:18px;line-height:26px;\"><a href=\"https:\/\/www.adelte.com\/es\/servicio-embarque-optimo-oceano-indico\/\" style=\"color:#4e4e4c;\">Un servicio de embarque \u00f3ptimo en el Oc\u00e9ano \u00cdndico<\/a><\/h3><div class=\"vcex-blog-entry-excerpt entry-excerpt entry clr\"><p>Barcelona, 27 de Febrero 2015 - ADELTE ha finalizado la instalaci\u00f3n en el Aeropuerto de&hellip;<\/p><\/div><div class=\"vcex-blog-entry-readmore-wrap entry-readmore-wrap clr\"><a href=\"https:\/\/www.adelte.com\/es\/servicio-embarque-optimo-oceano-indico\/\" class=\"theme-button\" style=\"background:#ffffff;color:#466bb6;padding:0px;\" data-wpex-hover='{\"background\":\"#ffffff\",\"color\":\"#333333\"}'>Leer m\u00e1s <span class=\"vcex-readmore-rarr\">&rarr;<\/span><\/a><\/div><\/div><\/div><\/div><div class=\"vcex-blog-entry entry-has-details span_1_of_4 col-1 col vcex-isotope-entry cat-71 cat-72 post-2621 entry type-post has-media cat-71 cat-72 translation_priority-44\"><div class=\"vcex-blog-entry-inner entry-inner wpex-clr\"><div class=\"vcex-blog-entry-media entry-media\"><a href=\"https:\/\/www.adelte.com\/es\/renovando-pasado-afrontar-futuro\/\" title=\"Renovando el pasado para afrontar el futuro\"><img loading=\"lazy\" decoding=\"async\" data-no-lazy=\"1\" class=\"vcex-blog-entry-img skip-lazy\" src=\"https:\/\/www.adelte.com\/wp-content\/uploads\/2015\/02\/passenger_boarding_bridges_airport_san_pedro_sula_salta-380x180.jpg\" data-no-retina width=\"380\" height=\"180\" \/><\/a><\/div><div class=\"vcex-blog-entry-details entry-details wpex-clr\"><div class=\"vcex-blog-entry-date\" style=\"color:#466bb7;font-size:14px;\">9 de febrero de 2015<\/div><div class=\"categoria\"><\/div><h3 class=\"vcex-blog-entry-title entry-title\" style=\"color:#4e4e4c;font-size:18px;line-height:26px;\"><a href=\"https:\/\/www.adelte.com\/es\/renovando-pasado-afrontar-futuro\/\" style=\"color:#4e4e4c;\">Renovando el pasado para afrontar el futuro<\/a><\/h3><div class=\"vcex-blog-entry-excerpt entry-excerpt entry clr\"><p>Barcelona, 9 de Febrero de 2015 - ADELTE ha finalizado recientemente la remodelaci\u00f3n de tres&hellip;<\/p><\/div><div class=\"vcex-blog-entry-readmore-wrap entry-readmore-wrap clr\"><a href=\"https:\/\/www.adelte.com\/es\/renovando-pasado-afrontar-futuro\/\" class=\"theme-button\" style=\"background:#ffffff;color:#466bb6;padding:0px;\" data-wpex-hover='{\"background\":\"#ffffff\",\"color\":\"#333333\"}'>Leer m\u00e1s <span class=\"vcex-readmore-rarr\">&rarr;<\/span><\/a><\/div><\/div><\/div><\/div><div class=\"vcex-blog-entry entry-has-details span_1_of_4 col-2 col vcex-isotope-entry cat-71 cat-72 post-2624 entry type-post has-media cat-71 cat-72 translation_priority-44\"><div class=\"vcex-blog-entry-inner entry-inner wpex-clr\"><div class=\"vcex-blog-entry-media entry-media\"><a href=\"https:\/\/www.adelte.com\/es\/adelte-duplica-su-presencia-en-burdeos\/\" title=\"ADELTE duplica su presencia en Burdeos\"><img loading=\"lazy\" decoding=\"async\" data-no-lazy=\"1\" class=\"vcex-blog-entry-img skip-lazy\" src=\"https:\/\/www.adelte.com\/wp-content\/uploads\/2015\/02\/passenger_boarding_bridges_bordeaux_airport_ii-380x180.jpg\" data-no-retina width=\"380\" height=\"180\" \/><\/a><\/div><div class=\"vcex-blog-entry-details entry-details wpex-clr\"><div class=\"vcex-blog-entry-date\" style=\"color:#466bb7;font-size:14px;\">3 de febrero de 2015<\/div><div class=\"categoria\"><\/div><h3 class=\"vcex-blog-entry-title entry-title\" style=\"color:#4e4e4c;font-size:18px;line-height:26px;\"><a href=\"https:\/\/www.adelte.com\/es\/adelte-duplica-su-presencia-en-burdeos\/\" style=\"color:#4e4e4c;\">ADELTE duplica su presencia en Burdeos<\/a><\/h3><div class=\"vcex-blog-entry-excerpt entry-excerpt entry clr\"><p>Barcelona, 3 de Febrero de 2015 - ADELTE ha realizado la entrega de dos pasarelas&hellip;<\/p><\/div><div class=\"vcex-blog-entry-readmore-wrap entry-readmore-wrap clr\"><a href=\"https:\/\/www.adelte.com\/es\/adelte-duplica-su-presencia-en-burdeos\/\" class=\"theme-button\" style=\"background:#ffffff;color:#466bb6;padding:0px;\" data-wpex-hover='{\"background\":\"#ffffff\",\"color\":\"#333333\"}'>Leer m\u00e1s <span class=\"vcex-readmore-rarr\">&rarr;<\/span><\/a><\/div><\/div><\/div><\/div><div class=\"vcex-blog-entry entry-has-details span_1_of_4 col-3 col vcex-isotope-entry cat-71 cat-72 cat-54 post-10327 entry type-post has-media cat-71 cat-72 cat-54 translation_priority-44\"><div class=\"vcex-blog-entry-inner entry-inner wpex-clr\"><div class=\"vcex-blog-entry-media entry-media\"><a href=\"https:\/\/www.adelte.com\/es\/efs-suma-los-equipos-de-proteccion-contra-incendios-a-su-amplia-gama-de-servicios\/\" title=\"EFS suma los equipos de Protecci\u00f3n Contra Incendios a su amplia gama de servicios\"><img loading=\"lazy\" decoding=\"async\" data-no-lazy=\"1\" class=\"vcex-blog-entry-img skip-lazy\" src=\"https:\/\/www.adelte.com\/wp-content\/uploads\/2018\/09\/mantenimiento_aeropuerto_alicante_elche_-380x180.jpg\" data-no-retina width=\"380\" height=\"180\" \/><\/a><\/div><div class=\"vcex-blog-entry-details entry-details wpex-clr\"><div class=\"vcex-blog-entry-date\" style=\"color:#466bb7;font-size:14px;\">29 de enero de 2015<\/div><div class=\"categoria\"><\/div><h3 class=\"vcex-blog-entry-title entry-title\" style=\"color:#4e4e4c;font-size:18px;line-height:26px;\"><a href=\"https:\/\/www.adelte.com\/es\/efs-suma-los-equipos-de-proteccion-contra-incendios-a-su-amplia-gama-de-servicios\/\" style=\"color:#4e4e4c;\">EFS suma los equipos de Protecci\u00f3n Contra Incendios a su amplia gama de servicios<\/a><\/h3><div class=\"vcex-blog-entry-excerpt entry-excerpt entry clr\"><p>Barcelona, 29 de Enero de 2015 \u2013\u00a0Equipo Facility Services (EFS) ha sido adjudicado (en UTE&hellip;<\/p><\/div><div class=\"vcex-blog-entry-readmore-wrap entry-readmore-wrap clr\"><a href=\"https:\/\/www.adelte.com\/es\/efs-suma-los-equipos-de-proteccion-contra-incendios-a-su-amplia-gama-de-servicios\/\" class=\"theme-button\" style=\"background:#ffffff;color:#466bb6;padding:0px;\" data-wpex-hover='{\"background\":\"#ffffff\",\"color\":\"#333333\"}'>Leer m\u00e1s <span class=\"vcex-readmore-rarr\">&rarr;<\/span><\/a><\/div><\/div><\/div><\/div><div class=\"vcex-blog-entry entry-has-details span_1_of_4 col-4 col vcex-isotope-entry cat-71 cat-72 post-2626 entry type-post has-media cat-71 cat-72 translation_priority-44\"><div class=\"vcex-blog-entry-inner entry-inner wpex-clr\"><div class=\"vcex-blog-entry-media entry-media\"><a href=\"https:\/\/www.adelte.com\/es\/adelte-fabrica-pasarelas-embarque-pasajeros-aeropuerto-martinica-aime-cesaire\/\" title=\"ADELTE fabrica nuevas pasarelas de embarque de pasajeros para el Aeropuerto de Martinica Aim\u00e9 C\u00e9saire\"><img loading=\"lazy\" decoding=\"async\" data-no-lazy=\"1\" class=\"vcex-blog-entry-img skip-lazy\" src=\"https:\/\/www.adelte.com\/wp-content\/uploads\/2015\/02\/passenger_boarding_bridges_martinique_factory-380x180.jpg\" data-no-retina width=\"380\" height=\"180\" \/><\/a><\/div><div class=\"vcex-blog-entry-details entry-details wpex-clr\"><div class=\"vcex-blog-entry-date\" style=\"color:#466bb7;font-size:14px;\">27 de enero de 2015<\/div><div class=\"categoria\"><\/div><h3 class=\"vcex-blog-entry-title entry-title\" style=\"color:#4e4e4c;font-size:18px;line-height:26px;\"><a href=\"https:\/\/www.adelte.com\/es\/adelte-fabrica-pasarelas-embarque-pasajeros-aeropuerto-martinica-aime-cesaire\/\" style=\"color:#4e4e4c;\">ADELTE fabrica nuevas pasarelas de embarque de pasajeros para el Aeropuerto de Martinica Aim\u00e9 C\u00e9saire<\/a><\/h3><div class=\"vcex-blog-entry-excerpt entry-excerpt entry clr\"><p>Barcelona, 27 de Enero de 2015 - El Aeropuerto Internacional de Martinica Aim\u00e9 C\u00e9saire, en&hellip;<\/p><\/div><div class=\"vcex-blog-entry-readmore-wrap entry-readmore-wrap clr\"><a href=\"https:\/\/www.adelte.com\/es\/adelte-fabrica-pasarelas-embarque-pasajeros-aeropuerto-martinica-aime-cesaire\/\" class=\"theme-button\" style=\"background:#ffffff;color:#466bb6;padding:0px;\" data-wpex-hover='{\"background\":\"#ffffff\",\"color\":\"#333333\"}'>Leer m\u00e1s <span class=\"vcex-readmore-rarr\">&rarr;<\/span><\/a><\/div><\/div><\/div><\/div><div class=\"vcex-blog-entry entry-has-details span_1_of_4 col-1 col vcex-isotope-entry cat-71 cat-72 post-2628 entry type-post has-media cat-71 cat-72 translation_priority-44\"><div class=\"vcex-blog-entry-inner entry-inner wpex-clr\"><div class=\"vcex-blog-entry-media entry-media\"><a href=\"https:\/\/www.adelte.com\/es\/embarque-comodo-seguro-abiyan-pasajeros-a380\/\" title=\"Embarque c\u00f3modo y seguro en Abiy\u00e1n para los pasajeros del A380\"><img loading=\"lazy\" decoding=\"async\" data-no-lazy=\"1\" class=\"vcex-blog-entry-img skip-lazy\" src=\"https:\/\/www.adelte.com\/wp-content\/uploads\/2015\/02\/passenger_boarding_bridges_airport_abidjan-380x180.jpg\" data-no-retina width=\"380\" height=\"180\" \/><\/a><\/div><div class=\"vcex-blog-entry-details entry-details wpex-clr\"><div class=\"vcex-blog-entry-date\" style=\"color:#466bb7;font-size:14px;\">12 de enero de 2015<\/div><div class=\"categoria\"><\/div><h3 class=\"vcex-blog-entry-title entry-title\" style=\"color:#4e4e4c;font-size:18px;line-height:26px;\"><a href=\"https:\/\/www.adelte.com\/es\/embarque-comodo-seguro-abiyan-pasajeros-a380\/\" style=\"color:#4e4e4c;\">Embarque c\u00f3modo y seguro en Abiy\u00e1n para los pasajeros del A380<\/a><\/h3><div class=\"vcex-blog-entry-excerpt entry-excerpt entry clr\"><p>Barcelona, 12 de Enero de 2015 - La empresa Aeria, filial de Egis Avia, que&hellip;<\/p><\/div><div class=\"vcex-blog-entry-readmore-wrap entry-readmore-wrap clr\"><a href=\"https:\/\/www.adelte.com\/es\/embarque-comodo-seguro-abiyan-pasajeros-a380\/\" class=\"theme-button\" style=\"background:#ffffff;color:#466bb6;padding:0px;\" data-wpex-hover='{\"background\":\"#ffffff\",\"color\":\"#333333\"}'>Leer m\u00e1s <span class=\"vcex-readmore-rarr\">&rarr;<\/span><\/a><\/div><\/div><\/div><\/div><div class=\"vcex-blog-entry entry-has-details span_1_of_4 col-2 col vcex-isotope-entry cat-71 cat-72 post-2634 entry type-post has-media cat-71 cat-72 translation_priority-44\"><div class=\"vcex-blog-entry-inner entry-inner wpex-clr\"><div class=\"vcex-blog-entry-media entry-media\"><a href=\"https:\/\/www.adelte.com\/es\/eficiencia-seguridad-durabilidad-plataforma\/\" title=\"Eficiencia, seguridad y durabilidad en la plataforma\"><img loading=\"lazy\" decoding=\"async\" data-no-lazy=\"1\" class=\"vcex-blog-entry-img skip-lazy\" src=\"https:\/\/www.adelte.com\/wp-content\/uploads\/2015\/02\/passenger_boarding_bridges_tarbes_airport_refurbishment-380x180.jpg\" data-no-retina width=\"380\" height=\"180\" \/><\/a><\/div><div class=\"vcex-blog-entry-details entry-details wpex-clr\"><div class=\"vcex-blog-entry-date\" style=\"color:#466bb7;font-size:14px;\">29 de diciembre de 2014<\/div><div class=\"categoria\"><\/div><h3 class=\"vcex-blog-entry-title entry-title\" style=\"color:#4e4e4c;font-size:18px;line-height:26px;\"><a href=\"https:\/\/www.adelte.com\/es\/eficiencia-seguridad-durabilidad-plataforma\/\" style=\"color:#4e4e4c;\">Eficiencia, seguridad y durabilidad en la plataforma<\/a><\/h3><div class=\"vcex-blog-entry-excerpt entry-excerpt entry clr\"><p>Barcelona, 29 de Diciembre de 2014 - ADELTE ha estado proporcionando servicios de mantenimiento al&hellip;<\/p><\/div><div class=\"vcex-blog-entry-readmore-wrap entry-readmore-wrap clr\"><a href=\"https:\/\/www.adelte.com\/es\/eficiencia-seguridad-durabilidad-plataforma\/\" class=\"theme-button\" style=\"background:#ffffff;color:#466bb6;padding:0px;\" data-wpex-hover='{\"background\":\"#ffffff\",\"color\":\"#333333\"}'>Leer m\u00e1s <span class=\"vcex-readmore-rarr\">&rarr;<\/span><\/a><\/div><\/div><\/div><\/div><div class=\"vcex-blog-entry entry-has-details span_1_of_4 col-3 col vcex-isotope-entry cat-71 cat-72 cat-54 post-10331 entry type-post has-media cat-71 cat-72 cat-54 translation_priority-44\"><div class=\"vcex-blog-entry-inner entry-inner wpex-clr\"><div class=\"vcex-blog-entry-media entry-media\"><a href=\"https:\/\/www.adelte.com\/es\/efs-gana-un-nuevo-contrato-de-mantenimiento-para-el-aeropuerto-de-barcelona-el-prat\/\" title=\"EFS gana un nuevo contrato de mantenimiento para el Aeropuerto de Barcelona-El Prat\"><img loading=\"lazy\" decoding=\"async\" data-no-lazy=\"1\" class=\"vcex-blog-entry-img skip-lazy\" src=\"https:\/\/www.adelte.com\/wp-content\/uploads\/2018\/09\/mantenimiento_aeropuerto_barcelona_puertas_-380x180.jpg\" data-no-retina width=\"380\" height=\"180\" \/><\/a><\/div><div class=\"vcex-blog-entry-details entry-details wpex-clr\"><div class=\"vcex-blog-entry-date\" style=\"color:#466bb7;font-size:14px;\">1 de diciembre de 2014<\/div><div class=\"categoria\"><\/div><h3 class=\"vcex-blog-entry-title entry-title\" style=\"color:#4e4e4c;font-size:18px;line-height:26px;\"><a href=\"https:\/\/www.adelte.com\/es\/efs-gana-un-nuevo-contrato-de-mantenimiento-para-el-aeropuerto-de-barcelona-el-prat\/\" style=\"color:#4e4e4c;\">EFS gana un nuevo contrato de mantenimiento para el Aeropuerto de Barcelona-El Prat<\/a><\/h3><div class=\"vcex-blog-entry-excerpt entry-excerpt entry clr\"><p>Barcelona, 1 de Diciembre de 2014 \u2013\u00a0Equipo Facility Services (EFS) ha sido contratado por AENA&hellip;<\/p><\/div><div class=\"vcex-blog-entry-readmore-wrap entry-readmore-wrap clr\"><a href=\"https:\/\/www.adelte.com\/es\/efs-gana-un-nuevo-contrato-de-mantenimiento-para-el-aeropuerto-de-barcelona-el-prat\/\" class=\"theme-button\" style=\"background:#ffffff;color:#466bb6;padding:0px;\" data-wpex-hover='{\"background\":\"#ffffff\",\"color\":\"#333333\"}'>Leer m\u00e1s <span class=\"vcex-readmore-rarr\">&rarr;<\/span><\/a><\/div><\/div><\/div><\/div><div class=\"vcex-blog-entry entry-has-details span_1_of_4 col-4 col vcex-isotope-entry cat-71 cat-72 cat-54 post-10337 entry type-post has-media cat-71 cat-72 cat-54 translation_priority-44\"><div class=\"vcex-blog-entry-inner entry-inner wpex-clr\"><div class=\"vcex-blog-entry-media entry-media\"><a href=\"https:\/\/www.adelte.com\/es\/efs-asistira-a-las-personas-con-movilidad-reducida-en-varios-aeropuertos-nacionales\/\" title=\"EFS asistir\u00e1 a las Personas con Movilidad Reducida en varios aeropuertos nacionales\"><img loading=\"lazy\" decoding=\"async\" data-no-lazy=\"1\" class=\"vcex-blog-entry-img skip-lazy\" src=\"https:\/\/www.adelte.com\/wp-content\/uploads\/2018\/09\/pmr_servicio_aeropuerto_aena_-380x180.jpg\" data-no-retina width=\"380\" height=\"180\" \/><\/a><\/div><div class=\"vcex-blog-entry-details entry-details wpex-clr\"><div class=\"vcex-blog-entry-date\" style=\"color:#466bb7;font-size:14px;\">12 de noviembre de 2014<\/div><div class=\"categoria\"><\/div><h3 class=\"vcex-blog-entry-title entry-title\" style=\"color:#4e4e4c;font-size:18px;line-height:26px;\"><a href=\"https:\/\/www.adelte.com\/es\/efs-asistira-a-las-personas-con-movilidad-reducida-en-varios-aeropuertos-nacionales\/\" style=\"color:#4e4e4c;\">EFS asistir\u00e1 a las Personas con Movilidad Reducida en varios aeropuertos nacionales<\/a><\/h3><div class=\"vcex-blog-entry-excerpt entry-excerpt entry clr\"><p>Barcelona, 12 de Noviembre de 2014\u00a0\u2013 Equipo Facility Services (EFS) ha sido adjudicado por AENA&hellip;<\/p><\/div><div class=\"vcex-blog-entry-readmore-wrap entry-readmore-wrap clr\"><a href=\"https:\/\/www.adelte.com\/es\/efs-asistira-a-las-personas-con-movilidad-reducida-en-varios-aeropuertos-nacionales\/\" class=\"theme-button\" style=\"background:#ffffff;color:#466bb6;padding:0px;\" data-wpex-hover='{\"background\":\"#ffffff\",\"color\":\"#333333\"}'>Leer m\u00e1s <span class=\"vcex-readmore-rarr\">&rarr;<\/span><\/a><\/div><\/div><\/div><\/div><div class=\"vcex-blog-entry entry-has-details span_1_of_4 col-1 col vcex-isotope-entry cat-71 cat-72 post-2631 entry type-post has-media cat-71 cat-72 translation_priority-44\"><div class=\"vcex-blog-entry-inner entry-inner wpex-clr\"><div class=\"vcex-blog-entry-media entry-media\"><a href=\"https:\/\/www.adelte.com\/es\/adelte-fabricara-instalara-pasarelas-embarque-pasajeros-bagdad\/\" title=\"ADELTE fabricar\u00e1 e instalar\u00e1 doce nuevas pasarelas de embarque de pasajeros en Bagdad\"><img loading=\"lazy\" decoding=\"async\" data-no-lazy=\"1\" class=\"vcex-blog-entry-img skip-lazy\" src=\"https:\/\/www.adelte.com\/wp-content\/uploads\/2015\/02\/passenger_boarding_bridges_baghdad_airport-380x180.jpg\" data-no-retina width=\"380\" height=\"180\" \/><\/a><\/div><div class=\"vcex-blog-entry-details entry-details wpex-clr\"><div class=\"vcex-blog-entry-date\" style=\"color:#466bb7;font-size:14px;\">20 de septiembre de 2014<\/div><div class=\"categoria\"><\/div><h3 class=\"vcex-blog-entry-title entry-title\" style=\"color:#4e4e4c;font-size:18px;line-height:26px;\"><a href=\"https:\/\/www.adelte.com\/es\/adelte-fabricara-instalara-pasarelas-embarque-pasajeros-bagdad\/\" style=\"color:#4e4e4c;\">ADELTE fabricar\u00e1 e instalar\u00e1 doce nuevas pasarelas de embarque de pasajeros en Bagdad<\/a><\/h3><div class=\"vcex-blog-entry-excerpt entry-excerpt entry clr\"><p>Barcelona, 20 de Septiembre de 2014 - La Iraq Civil Aviation Authority (ICAA) ha adjudicado&hellip;<\/p><\/div><div class=\"vcex-blog-entry-readmore-wrap entry-readmore-wrap clr\"><a href=\"https:\/\/www.adelte.com\/es\/adelte-fabricara-instalara-pasarelas-embarque-pasajeros-bagdad\/\" class=\"theme-button\" style=\"background:#ffffff;color:#466bb6;padding:0px;\" data-wpex-hover='{\"background\":\"#ffffff\",\"color\":\"#333333\"}'>Leer m\u00e1s <span class=\"vcex-readmore-rarr\">&rarr;<\/span><\/a><\/div><\/div><\/div><\/div><div class=\"vcex-blog-entry entry-has-details span_1_of_4 col-2 col vcex-isotope-entry cat-71 cat-73 post-2478 entry type-post has-media cat-71 cat-73 translation_priority-44\"><div class=\"vcex-blog-entry-inner entry-inner wpex-clr\"><div class=\"vcex-blog-entry-media entry-media\"><a href=\"https:\/\/www.adelte.com\/es\/adelte-pasarelas-embarque-pasajeros-hamburgo\/\" title=\"ADELTE suministrar\u00e1 dos nuevas pasarelas de embarque de pasajeros en Hamburgo\"><img loading=\"lazy\" decoding=\"async\" data-no-lazy=\"1\" class=\"vcex-blog-entry-img skip-lazy\" src=\"https:\/\/www.adelte.com\/wp-content\/uploads\/2014\/09\/passenger_boarding_bridges_hamburg_port-380x180.jpg\" data-no-retina width=\"380\" height=\"180\" \/><\/a><\/div><div class=\"vcex-blog-entry-details entry-details wpex-clr\"><div class=\"vcex-blog-entry-date\" style=\"color:#466bb7;font-size:14px;\">17 de septiembre de 2014<\/div><div class=\"categoria\"><\/div><h3 class=\"vcex-blog-entry-title entry-title\" style=\"color:#4e4e4c;font-size:18px;line-height:26px;\"><a href=\"https:\/\/www.adelte.com\/es\/adelte-pasarelas-embarque-pasajeros-hamburgo\/\" style=\"color:#4e4e4c;\">ADELTE suministrar\u00e1 dos nuevas pasarelas de embarque de pasajeros en Hamburgo<\/a><\/h3><div class=\"vcex-blog-entry-excerpt entry-excerpt entry clr\"><p>Barcelona, 16 de Septiembre - La empresa Cruise Gate Hamburg Terminaleigentumsgesellschaft (CGH), una filial de&hellip;<\/p><\/div><div class=\"vcex-blog-entry-readmore-wrap entry-readmore-wrap clr\"><a href=\"https:\/\/www.adelte.com\/es\/adelte-pasarelas-embarque-pasajeros-hamburgo\/\" class=\"theme-button\" style=\"background:#ffffff;color:#466bb6;padding:0px;\" data-wpex-hover='{\"background\":\"#ffffff\",\"color\":\"#333333\"}'>Leer m\u00e1s <span class=\"vcex-readmore-rarr\">&rarr;<\/span><\/a><\/div><\/div><\/div><\/div><div class=\"vcex-blog-entry entry-has-details span_1_of_4 col-3 col vcex-isotope-entry cat-71 cat-72 cat-54 post-10341 entry type-post has-media cat-71 cat-72 cat-54 translation_priority-44\"><div class=\"vcex-blog-entry-inner entry-inner wpex-clr\"><div class=\"vcex-blog-entry-media entry-media\"><a href=\"https:\/\/www.adelte.com\/es\/efs-gestionara-las-salas-vip-del-aeropuerto-adolfo-suarez-madrid-barajas\/\" title=\"EFS gestionar\u00e1 las Salas VIP del Aeropuerto Adolfo Su\u00e1rez Madrid-Barajas\"><img loading=\"lazy\" decoding=\"async\" data-no-lazy=\"1\" class=\"vcex-blog-entry-img skip-lazy\" src=\"https:\/\/www.adelte.com\/wp-content\/uploads\/2018\/09\/sala_vip_aeropuerto_madrid_barajas_servicio_atencion_publico-380x180.jpg\" data-no-retina width=\"380\" height=\"180\" \/><\/a><\/div><div class=\"vcex-blog-entry-details entry-details wpex-clr\"><div class=\"vcex-blog-entry-date\" style=\"color:#466bb7;font-size:14px;\">24 de julio de 2014<\/div><div class=\"categoria\"><\/div><h3 class=\"vcex-blog-entry-title entry-title\" style=\"color:#4e4e4c;font-size:18px;line-height:26px;\"><a href=\"https:\/\/www.adelte.com\/es\/efs-gestionara-las-salas-vip-del-aeropuerto-adolfo-suarez-madrid-barajas\/\" style=\"color:#4e4e4c;\">EFS gestionar\u00e1 las Salas VIP del Aeropuerto Adolfo Su\u00e1rez Madrid-Barajas<\/a><\/h3><div class=\"vcex-blog-entry-excerpt entry-excerpt entry clr\"><p>Barcelona, 24 de Julio de 2014\u00a0\u2013 Equipo Facility Services (EFS) ha obtenido la adjudicaci\u00f3n por&hellip;<\/p><\/div><div class=\"vcex-blog-entry-readmore-wrap entry-readmore-wrap clr\"><a href=\"https:\/\/www.adelte.com\/es\/efs-gestionara-las-salas-vip-del-aeropuerto-adolfo-suarez-madrid-barajas\/\" class=\"theme-button\" style=\"background:#ffffff;color:#466bb6;padding:0px;\" data-wpex-hover='{\"background\":\"#ffffff\",\"color\":\"#333333\"}'>Leer m\u00e1s <span class=\"vcex-readmore-rarr\">&rarr;<\/span><\/a><\/div><\/div><\/div><\/div><div class=\"vcex-blog-entry entry-has-details span_1_of_4 col-4 col vcex-isotope-entry cat-71 cat-73 post-2511 entry type-post has-media cat-71 cat-73 translation_priority-44\"><div class=\"vcex-blog-entry-inner entry-inner wpex-clr\"><div class=\"vcex-blog-entry-media entry-media\"><a href=\"https:\/\/www.adelte.com\/es\/adelte-instalara-una-pasarela-de-embarque-de-pasajeros-de-ultima-generacion-en-portugal\/\" title=\"ADELTE instalar\u00e1 una pasarela de embarque de pasajeros de \u00faltima generaci\u00f3n en Portugal\"><img loading=\"lazy\" decoding=\"async\" data-no-lazy=\"1\" class=\"vcex-blog-entry-img skip-lazy\" src=\"https:\/\/www.adelte.com\/wp-content\/uploads\/2014\/06\/passenger_boarding_Bridge_leixoes_2014-380x180.jpg\" data-no-retina width=\"380\" height=\"180\" \/><\/a><\/div><div class=\"vcex-blog-entry-details entry-details wpex-clr\"><div class=\"vcex-blog-entry-date\" style=\"color:#466bb7;font-size:14px;\">19 de junio de 2014<\/div><div class=\"categoria\"><\/div><h3 class=\"vcex-blog-entry-title entry-title\" style=\"color:#4e4e4c;font-size:18px;line-height:26px;\"><a href=\"https:\/\/www.adelte.com\/es\/adelte-instalara-una-pasarela-de-embarque-de-pasajeros-de-ultima-generacion-en-portugal\/\" style=\"color:#4e4e4c;\">ADELTE instalar\u00e1 una pasarela de embarque de pasajeros de \u00faltima generaci\u00f3n en Portugal<\/a><\/h3><div class=\"vcex-blog-entry-excerpt entry-excerpt entry clr\"><p>Barcelona, 19 de Junio 2014 \u2013 El puerto de Leixoes, junto a la ciudad de&hellip;<\/p><\/div><div class=\"vcex-blog-entry-readmore-wrap entry-readmore-wrap clr\"><a href=\"https:\/\/www.adelte.com\/es\/adelte-instalara-una-pasarela-de-embarque-de-pasajeros-de-ultima-generacion-en-portugal\/\" class=\"theme-button\" style=\"background:#ffffff;color:#466bb6;padding:0px;\" data-wpex-hover='{\"background\":\"#ffffff\",\"color\":\"#333333\"}'>Leer m\u00e1s <span class=\"vcex-readmore-rarr\">&rarr;<\/span><\/a><\/div><\/div><\/div><\/div><div class=\"vcex-blog-entry entry-has-details span_1_of_4 col-1 col vcex-isotope-entry cat-71 cat-72 post-2639 entry type-post has-media cat-71 cat-72 translation_priority-44\"><div class=\"vcex-blog-entry-inner entry-inner wpex-clr\"><div class=\"vcex-blog-entry-media entry-media\"><a href=\"https:\/\/www.adelte.com\/es\/pasarelas-embarque-alta-tecnologia-terminal-vanguardia\/\" title=\"Pasarelas de embarque de alta tecnolog\u00eda para una terminal de vanguardia\"><img loading=\"lazy\" decoding=\"async\" data-no-lazy=\"1\" class=\"vcex-blog-entry-img skip-lazy\" src=\"https:\/\/www.adelte.com\/wp-content\/uploads\/2014\/06\/passenger_boarding_bridges_zagreb_layout-380x180.jpg\" data-no-retina width=\"380\" height=\"180\" \/><\/a><\/div><div class=\"vcex-blog-entry-details entry-details wpex-clr\"><div class=\"vcex-blog-entry-date\" style=\"color:#466bb7;font-size:14px;\">4 de junio de 2014<\/div><div class=\"categoria\"><\/div><h3 class=\"vcex-blog-entry-title entry-title\" style=\"color:#4e4e4c;font-size:18px;line-height:26px;\"><a href=\"https:\/\/www.adelte.com\/es\/pasarelas-embarque-alta-tecnologia-terminal-vanguardia\/\" style=\"color:#4e4e4c;\">Pasarelas de embarque de alta tecnolog\u00eda para una terminal de vanguardia<\/a><\/h3><div class=\"vcex-blog-entry-excerpt entry-excerpt entry clr\"><p>Barcelona, 4 de Junio de 2014 - La compa\u00f1\u00eda internacional Bouygues y ADP Management acaban&hellip;<\/p><\/div><div class=\"vcex-blog-entry-readmore-wrap entry-readmore-wrap clr\"><a href=\"https:\/\/www.adelte.com\/es\/pasarelas-embarque-alta-tecnologia-terminal-vanguardia\/\" class=\"theme-button\" style=\"background:#ffffff;color:#466bb6;padding:0px;\" data-wpex-hover='{\"background\":\"#ffffff\",\"color\":\"#333333\"}'>Leer m\u00e1s <span class=\"vcex-readmore-rarr\">&rarr;<\/span><\/a><\/div><\/div><\/div><\/div><div class=\"vcex-blog-entry entry-has-details span_1_of_4 col-2 col vcex-isotope-entry cat-71 cat-72 cat-54 post-10345 entry type-post has-media cat-71 cat-72 cat-54 translation_priority-44\"><div class=\"vcex-blog-entry-inner entry-inner wpex-clr\"><div class=\"vcex-blog-entry-media entry-media\"><a href=\"https:\/\/www.adelte.com\/es\/efs-suministrara-arcos-de-lectura-para-las-cintas-del-aeropuerto-de-palma-de-mallorca\/\" title=\"EFS suministrar\u00e1 Arcos de Lectura para las cintas del Aeropuerto de Palma de Mallorca\"><img loading=\"lazy\" decoding=\"async\" data-no-lazy=\"1\" class=\"vcex-blog-entry-img skip-lazy\" src=\"https:\/\/www.adelte.com\/wp-content\/uploads\/2018\/09\/arcos_lectura_cintas_portaequipajes_aeropuertos_aena_servicio-380x180.jpg\" data-no-retina width=\"380\" height=\"180\" \/><\/a><\/div><div class=\"vcex-blog-entry-details entry-details wpex-clr\"><div class=\"vcex-blog-entry-date\" style=\"color:#466bb7;font-size:14px;\">16 de mayo de 2014<\/div><div class=\"categoria\"><\/div><h3 class=\"vcex-blog-entry-title entry-title\" style=\"color:#4e4e4c;font-size:18px;line-height:26px;\"><a href=\"https:\/\/www.adelte.com\/es\/efs-suministrara-arcos-de-lectura-para-las-cintas-del-aeropuerto-de-palma-de-mallorca\/\" style=\"color:#4e4e4c;\">EFS suministrar\u00e1 Arcos de Lectura para las cintas del Aeropuerto de Palma de Mallorca<\/a><\/h3><div class=\"vcex-blog-entry-excerpt entry-excerpt entry clr\"><p>Barcelona, 16 de Mayo de 2014\u00a0- Equipo Facility Services (EFS) ha sido adjudicado un nuevo&hellip;<\/p><\/div><div class=\"vcex-blog-entry-readmore-wrap entry-readmore-wrap clr\"><a href=\"https:\/\/www.adelte.com\/es\/efs-suministrara-arcos-de-lectura-para-las-cintas-del-aeropuerto-de-palma-de-mallorca\/\" class=\"theme-button\" style=\"background:#ffffff;color:#466bb6;padding:0px;\" data-wpex-hover='{\"background\":\"#ffffff\",\"color\":\"#333333\"}'>Leer m\u00e1s <span class=\"vcex-readmore-rarr\">&rarr;<\/span><\/a><\/div><\/div><\/div><\/div><div class=\"vcex-blog-entry entry-has-details span_1_of_4 col-3 col vcex-isotope-entry cat-71 cat-72 cat-54 post-10349 entry type-post has-media cat-71 cat-72 cat-54 translation_priority-44\"><div class=\"vcex-blog-entry-inner entry-inner wpex-clr\"><div class=\"vcex-blog-entry-media entry-media\"><a href=\"https:\/\/www.adelte.com\/es\/aena-adjudica-a-efs-nuevos-contratos-para-el-aeropuerto-de-palma-de-mallorca\/\" title=\"AENA adjudica a EFS nuevos contratos para el Aeropuerto de Palma de Mallorca\"><img loading=\"lazy\" decoding=\"async\" data-no-lazy=\"1\" class=\"vcex-blog-entry-img skip-lazy\" src=\"https:\/\/www.adelte.com\/wp-content\/uploads\/2018\/09\/aeropuerto_palma_mallorca_servicio_integral_pasarelas_embarque-380x180.jpg\" data-no-retina width=\"380\" height=\"180\" \/><\/a><\/div><div class=\"vcex-blog-entry-details entry-details wpex-clr\"><div class=\"vcex-blog-entry-date\" style=\"color:#466bb7;font-size:14px;\">18 de marzo de 2014<\/div><div class=\"categoria\"><\/div><h3 class=\"vcex-blog-entry-title entry-title\" style=\"color:#4e4e4c;font-size:18px;line-height:26px;\"><a href=\"https:\/\/www.adelte.com\/es\/aena-adjudica-a-efs-nuevos-contratos-para-el-aeropuerto-de-palma-de-mallorca\/\" style=\"color:#4e4e4c;\">AENA adjudica a EFS nuevos contratos para el Aeropuerto de Palma de Mallorca<\/a><\/h3><div class=\"vcex-blog-entry-excerpt entry-excerpt entry clr\"><p>Barcelona, 18 de Marzo de 2014\u00a0\u2013\u00a0Equipo Facility Services (EFS) ha ganado dos nuevos contratos para&hellip;<\/p><\/div><div class=\"vcex-blog-entry-readmore-wrap entry-readmore-wrap clr\"><a href=\"https:\/\/www.adelte.com\/es\/aena-adjudica-a-efs-nuevos-contratos-para-el-aeropuerto-de-palma-de-mallorca\/\" class=\"theme-button\" style=\"background:#ffffff;color:#466bb6;padding:0px;\" data-wpex-hover='{\"background\":\"#ffffff\",\"color\":\"#333333\"}'>Leer m\u00e1s <span class=\"vcex-readmore-rarr\">&rarr;<\/span><\/a><\/div><\/div><\/div><\/div><div class=\"vcex-blog-entry entry-has-details span_1_of_4 col-4 col vcex-isotope-entry cat-71 cat-73 post-2515 entry type-post has-media cat-71 cat-73 translation_priority-44\"><div class=\"vcex-blog-entry-inner entry-inner wpex-clr\"><div class=\"vcex-blog-entry-media entry-media\"><a href=\"https:\/\/www.adelte.com\/es\/adelte-ocho-contratos-pasarelas-embarque-pasajeros-europa-asia\/\" title=\"ADELTE gana ocho contratos para la instalaci\u00f3n de Pasarelas de Embarque de Pasajeros en Europa y Asia\"><img loading=\"lazy\" decoding=\"async\" data-no-lazy=\"1\" class=\"vcex-blog-entry-img skip-lazy\" src=\"https:\/\/www.adelte.com\/wp-content\/uploads\/2014\/03\/multiple_contracts_passenger_boarding_bridges1-380x180.jpg\" data-no-retina width=\"380\" height=\"180\" \/><\/a><\/div><div class=\"vcex-blog-entry-details entry-details wpex-clr\"><div class=\"vcex-blog-entry-date\" style=\"color:#466bb7;font-size:14px;\">10 de marzo de 2014<\/div><div class=\"categoria\"><\/div><h3 class=\"vcex-blog-entry-title entry-title\" style=\"color:#4e4e4c;font-size:18px;line-height:26px;\"><a href=\"https:\/\/www.adelte.com\/es\/adelte-ocho-contratos-pasarelas-embarque-pasajeros-europa-asia\/\" style=\"color:#4e4e4c;\">ADELTE gana ocho contratos para la instalaci\u00f3n de Pasarelas de Embarque de Pasajeros en Europa y Asia<\/a><\/h3><div class=\"vcex-blog-entry-excerpt entry-excerpt entry clr\"><p>Barcelona, 10 de marzo 2014 - ADELTE, el l\u00edder mundial en dise\u00f1o y fabricaci\u00f3n de&hellip;<\/p><\/div><div class=\"vcex-blog-entry-readmore-wrap entry-readmore-wrap clr\"><a href=\"https:\/\/www.adelte.com\/es\/adelte-ocho-contratos-pasarelas-embarque-pasajeros-europa-asia\/\" class=\"theme-button\" style=\"background:#ffffff;color:#466bb6;padding:0px;\" data-wpex-hover='{\"background\":\"#ffffff\",\"color\":\"#333333\"}'>Leer m\u00e1s <span class=\"vcex-readmore-rarr\">&rarr;<\/span><\/a><\/div><\/div><\/div><\/div><div class=\"vcex-blog-entry entry-has-details span_1_of_4 col-1 col vcex-isotope-entry cat-71 cat-72 cat-54 post-10353 entry type-post has-media cat-71 cat-72 cat-54 translation_priority-44\"><div class=\"vcex-blog-entry-inner entry-inner wpex-clr\"><div class=\"vcex-blog-entry-media entry-media\"><a href=\"https:\/\/www.adelte.com\/es\/aena-adjudica-a-efs-el-servicio-de-conduccion-de-pasarelas-y-guias-de-atraque-del-aeropuerto-de-palma-de-mallorca\/\" title=\"AENA adjudica a EFS el servicio de conducci\u00f3n de pasarelas y gu\u00edas de atraque del Aeropuerto de Palma de Mallorca\"><img loading=\"lazy\" decoding=\"async\" data-no-lazy=\"1\" class=\"vcex-blog-entry-img skip-lazy\" src=\"https:\/\/www.adelte.com\/wp-content\/uploads\/2018\/09\/aeropuerto_mallorca_servicio_integral_pasarelas_400hz_mantenimiento-380x180.jpg\" data-no-retina width=\"380\" height=\"180\" \/><\/a><\/div><div class=\"vcex-blog-entry-details entry-details wpex-clr\"><div class=\"vcex-blog-entry-date\" style=\"color:#466bb7;font-size:14px;\">28 de febrero de 2014<\/div><div class=\"categoria\"><\/div><h3 class=\"vcex-blog-entry-title entry-title\" style=\"color:#4e4e4c;font-size:18px;line-height:26px;\"><a href=\"https:\/\/www.adelte.com\/es\/aena-adjudica-a-efs-el-servicio-de-conduccion-de-pasarelas-y-guias-de-atraque-del-aeropuerto-de-palma-de-mallorca\/\" style=\"color:#4e4e4c;\">AENA adjudica a EFS el servicio de conducci\u00f3n de pasarelas y gu\u00edas de atraque del Aeropuerto de Palma de Mallorca<\/a><\/h3><div class=\"vcex-blog-entry-excerpt entry-excerpt entry clr\"><p>Barcelona,\u00a0 28 de Febrero\u00a0-\u00a0EFS (Equipo Facility Services) ha sido contratada por AENA para realizar los&hellip;<\/p><\/div><div class=\"vcex-blog-entry-readmore-wrap entry-readmore-wrap clr\"><a href=\"https:\/\/www.adelte.com\/es\/aena-adjudica-a-efs-el-servicio-de-conduccion-de-pasarelas-y-guias-de-atraque-del-aeropuerto-de-palma-de-mallorca\/\" class=\"theme-button\" style=\"background:#ffffff;color:#466bb6;padding:0px;\" data-wpex-hover='{\"background\":\"#ffffff\",\"color\":\"#333333\"}'>Leer m\u00e1s <span class=\"vcex-readmore-rarr\">&rarr;<\/span><\/a><\/div><\/div><\/div><\/div><div class=\"vcex-blog-entry entry-has-details span_1_of_4 col-2 col vcex-isotope-entry cat-71 cat-72 cat-54 post-10357 entry type-post has-media cat-71 cat-72 cat-54 translation_priority-44\"><div class=\"vcex-blog-entry-inner entry-inner wpex-clr\"><div class=\"vcex-blog-entry-media entry-media\"><a href=\"https:\/\/www.adelte.com\/es\/aena-adjudica-a-efs-el-servicio-de-limpieza-lado-aire-del-aeropuerto-de-alicante-elche\/\" title=\"AENA adjudica a EFS el Servicio de Limpieza Lado Aire del Aeropuerto de Alicante-Elche\"><img loading=\"lazy\" decoding=\"async\" data-no-lazy=\"1\" class=\"vcex-blog-entry-img skip-lazy\" src=\"https:\/\/www.adelte.com\/wp-content\/uploads\/2018\/09\/limpieza_lado_aire_aeropuertos_-380x180.jpg\" data-no-retina width=\"380\" height=\"180\" \/><\/a><\/div><div class=\"vcex-blog-entry-details entry-details wpex-clr\"><div class=\"vcex-blog-entry-date\" style=\"color:#466bb7;font-size:14px;\">9 de enero de 2014<\/div><div class=\"categoria\"><\/div><h3 class=\"vcex-blog-entry-title entry-title\" style=\"color:#4e4e4c;font-size:18px;line-height:26px;\"><a href=\"https:\/\/www.adelte.com\/es\/aena-adjudica-a-efs-el-servicio-de-limpieza-lado-aire-del-aeropuerto-de-alicante-elche\/\" style=\"color:#4e4e4c;\">AENA adjudica a EFS el Servicio de Limpieza Lado Aire del Aeropuerto de Alicante-Elche<\/a><\/h3><div class=\"vcex-blog-entry-excerpt entry-excerpt entry clr\"><p>Barcelona, 9 de Enero de 2014\u00a0\u2013 EFS (Equipo Facility Services)\u00a0ha sido contratada por AENA para&hellip;<\/p><\/div><div class=\"vcex-blog-entry-readmore-wrap entry-readmore-wrap clr\"><a href=\"https:\/\/www.adelte.com\/es\/aena-adjudica-a-efs-el-servicio-de-limpieza-lado-aire-del-aeropuerto-de-alicante-elche\/\" class=\"theme-button\" style=\"background:#ffffff;color:#466bb6;padding:0px;\" data-wpex-hover='{\"background\":\"#ffffff\",\"color\":\"#333333\"}'>Leer m\u00e1s <span class=\"vcex-readmore-rarr\">&rarr;<\/span><\/a><\/div><\/div><\/div><\/div><div class=\"vcex-blog-entry entry-has-details span_1_of_4 col-3 col vcex-isotope-entry cat-71 cat-73 post-2519 entry type-post has-media cat-71 cat-73 translation_priority-44\"><div class=\"vcex-blog-entry-inner entry-inner wpex-clr\"><div class=\"vcex-blog-entry-media entry-media\"><a href=\"https:\/\/www.adelte.com\/es\/team-convierte-oficialmente-adelte\/\" title=\"TEAM se convierte oficialmente en ADELTE\"><img loading=\"lazy\" decoding=\"async\" data-no-lazy=\"1\" class=\"vcex-blog-entry-img skip-lazy\" src=\"https:\/\/www.adelte.com\/wp-content\/uploads\/2013\/12\/passenger_boarding_bridges_adelte_change-380x180.jpg\" data-no-retina width=\"380\" height=\"180\" \/><\/a><\/div><div class=\"vcex-blog-entry-details entry-details wpex-clr\"><div class=\"vcex-blog-entry-date\" style=\"color:#466bb7;font-size:14px;\">12 de diciembre de 2013<\/div><div class=\"categoria\"><\/div><h3 class=\"vcex-blog-entry-title entry-title\" style=\"color:#4e4e4c;font-size:18px;line-height:26px;\"><a href=\"https:\/\/www.adelte.com\/es\/team-convierte-oficialmente-adelte\/\" style=\"color:#4e4e4c;\">TEAM se convierte oficialmente en ADELTE<\/a><\/h3><div class=\"vcex-blog-entry-excerpt entry-excerpt entry clr\"><p>Barcelona, 12 de Diciembre 2013 - La divisi\u00f3n portuaria de ADELTE Group, m\u00e1s conocida internacionalmente&hellip;<\/p><\/div><div class=\"vcex-blog-entry-readmore-wrap entry-readmore-wrap clr\"><a href=\"https:\/\/www.adelte.com\/es\/team-convierte-oficialmente-adelte\/\" class=\"theme-button\" style=\"background:#ffffff;color:#466bb6;padding:0px;\" data-wpex-hover='{\"background\":\"#ffffff\",\"color\":\"#333333\"}'>Leer m\u00e1s <span class=\"vcex-readmore-rarr\">&rarr;<\/span><\/a><\/div><\/div><\/div><\/div><div class=\"vcex-blog-entry entry-has-details span_1_of_4 col-4 col vcex-isotope-entry cat-71 cat-72 cat-54 post-10361 entry type-post has-media cat-71 cat-72 cat-54 translation_priority-44\"><div class=\"vcex-blog-entry-inner entry-inner wpex-clr\"><div class=\"vcex-blog-entry-media entry-media\"><a href=\"https:\/\/www.adelte.com\/es\/aena-adjudica-a-efs-el-servicio-de-conduccion-de-las-pasarelas-de-embarque-del-aeropuerto-madrid-barajas\/\" title=\"AENA adjudica a EFS el Servicio de Conducci\u00f3n de las Pasarelas de Embarque del Aeropuerto Madrid-Barajas\"><img loading=\"lazy\" decoding=\"async\" data-no-lazy=\"1\" class=\"vcex-blog-entry-img skip-lazy\" src=\"https:\/\/www.adelte.com\/wp-content\/uploads\/2018\/09\/conduccion_pasarelas_embarque_pasajeros_aeropuerto_madrid_barajas-380x180.jpg\" data-no-retina width=\"380\" height=\"180\" \/><\/a><\/div><div class=\"vcex-blog-entry-details entry-details wpex-clr\"><div class=\"vcex-blog-entry-date\" style=\"color:#466bb7;font-size:14px;\">26 de noviembre de 2013<\/div><div class=\"categoria\"><\/div><h3 class=\"vcex-blog-entry-title entry-title\" style=\"color:#4e4e4c;font-size:18px;line-height:26px;\"><a href=\"https:\/\/www.adelte.com\/es\/aena-adjudica-a-efs-el-servicio-de-conduccion-de-las-pasarelas-de-embarque-del-aeropuerto-madrid-barajas\/\" style=\"color:#4e4e4c;\">AENA adjudica a EFS el Servicio de Conducci\u00f3n de las Pasarelas de Embarque del Aeropuerto Madrid-Barajas<\/a><\/h3><div class=\"vcex-blog-entry-excerpt entry-excerpt entry clr\"><p>Barcelona, \u00a026 de Noviembre -\u00a0EFS (Equipo Facility Services)\u00a0ha ganado el contrato de Conducci\u00f3n de la&hellip;<\/p><\/div><div class=\"vcex-blog-entry-readmore-wrap entry-readmore-wrap clr\"><a href=\"https:\/\/www.adelte.com\/es\/aena-adjudica-a-efs-el-servicio-de-conduccion-de-las-pasarelas-de-embarque-del-aeropuerto-madrid-barajas\/\" class=\"theme-button\" style=\"background:#ffffff;color:#466bb6;padding:0px;\" data-wpex-hover='{\"background\":\"#ffffff\",\"color\":\"#333333\"}'>Leer m\u00e1s <span class=\"vcex-readmore-rarr\">&rarr;<\/span><\/a><\/div><\/div><\/div><\/div><div class=\"vcex-blog-entry entry-has-details span_1_of_4 col-1 col vcex-isotope-entry cat-71 cat-72 cat-54 post-10365 entry type-post has-media cat-71 cat-72 cat-54 translation_priority-44\"><div class=\"vcex-blog-entry-inner entry-inner wpex-clr\"><div class=\"vcex-blog-entry-media entry-media\"><a href=\"https:\/\/www.adelte.com\/es\/efs-gana-el-contrato-de-asistencia-a-aeronaves-en-el-aeropuerto-de-malaga\/\" title=\"EFS gana el contrato de Asistencia a Aeronaves en el Aeropuerto de M\u00e1laga\"><img loading=\"lazy\" decoding=\"async\" data-no-lazy=\"1\" class=\"vcex-blog-entry-img skip-lazy\" src=\"https:\/\/www.adelte.com\/wp-content\/uploads\/2018\/09\/conduccion_pasarelas_embarque_pasajeros_servicio_aeropuerto_malaga-380x180.jpg\" data-no-retina width=\"380\" height=\"180\" \/><\/a><\/div><div class=\"vcex-blog-entry-details entry-details wpex-clr\"><div class=\"vcex-blog-entry-date\" style=\"color:#466bb7;font-size:14px;\">28 de octubre de 2013<\/div><div class=\"categoria\"><\/div><h3 class=\"vcex-blog-entry-title entry-title\" style=\"color:#4e4e4c;font-size:18px;line-height:26px;\"><a href=\"https:\/\/www.adelte.com\/es\/efs-gana-el-contrato-de-asistencia-a-aeronaves-en-el-aeropuerto-de-malaga\/\" style=\"color:#4e4e4c;\">EFS gana el contrato de Asistencia a Aeronaves en el Aeropuerto de M\u00e1laga<\/a><\/h3><div class=\"vcex-blog-entry-excerpt entry-excerpt entry clr\"><p>Barcelona, 28 de Octubre de 2013\u00a0\u2013 Equipo Facility Services (EFS), empresa de referencia para la&hellip;<\/p><\/div><div class=\"vcex-blog-entry-readmore-wrap entry-readmore-wrap clr\"><a href=\"https:\/\/www.adelte.com\/es\/efs-gana-el-contrato-de-asistencia-a-aeronaves-en-el-aeropuerto-de-malaga\/\" class=\"theme-button\" style=\"background:#ffffff;color:#466bb6;padding:0px;\" data-wpex-hover='{\"background\":\"#ffffff\",\"color\":\"#333333\"}'>Leer m\u00e1s <span class=\"vcex-readmore-rarr\">&rarr;<\/span><\/a><\/div><\/div><\/div><\/div><div class=\"vcex-blog-entry entry-has-details span_1_of_4 col-2 col vcex-isotope-entry cat-71 cat-72 cat-54 post-10369 entry type-post has-media cat-71 cat-72 cat-54 translation_priority-44\"><div class=\"vcex-blog-entry-inner entry-inner wpex-clr\"><div class=\"vcex-blog-entry-media entry-media\"><a href=\"https:\/\/www.adelte.com\/es\/aena-confia-en-efs-para-el-mantenimiento-y-la-operacion-del-sate-en-el-aeropuerto-de-palma-de-mallorca\/\" title=\"AENA conf\u00eda en EFS para el mantenimiento y la operaci\u00f3n del SATE en el Aeropuerto de Palma de Mallorca\"><img loading=\"lazy\" decoding=\"async\" data-no-lazy=\"1\" class=\"vcex-blog-entry-img skip-lazy\" src=\"https:\/\/www.adelte.com\/wp-content\/uploads\/2018\/09\/servicio_sate_aeropuerto-380x180.jpg\" data-no-retina width=\"380\" height=\"180\" \/><\/a><\/div><div class=\"vcex-blog-entry-details entry-details wpex-clr\"><div class=\"vcex-blog-entry-date\" style=\"color:#466bb7;font-size:14px;\">25 de octubre de 2013<\/div><div class=\"categoria\"><\/div><h3 class=\"vcex-blog-entry-title entry-title\" style=\"color:#4e4e4c;font-size:18px;line-height:26px;\"><a href=\"https:\/\/www.adelte.com\/es\/aena-confia-en-efs-para-el-mantenimiento-y-la-operacion-del-sate-en-el-aeropuerto-de-palma-de-mallorca\/\" style=\"color:#4e4e4c;\">AENA conf\u00eda en EFS para el mantenimiento y la operaci\u00f3n del SATE en el Aeropuerto de Palma de Mallorca<\/a><\/h3><div class=\"vcex-blog-entry-excerpt entry-excerpt entry clr\"><p>Barcelona, 25 de Octubre de 2013\u00a0\u2013 EFS (Equipo Facility Services)\u00a0ha ganado el contrato de Mantenimiento&hellip;<\/p><\/div><div class=\"vcex-blog-entry-readmore-wrap entry-readmore-wrap clr\"><a href=\"https:\/\/www.adelte.com\/es\/aena-confia-en-efs-para-el-mantenimiento-y-la-operacion-del-sate-en-el-aeropuerto-de-palma-de-mallorca\/\" class=\"theme-button\" style=\"background:#ffffff;color:#466bb6;padding:0px;\" data-wpex-hover='{\"background\":\"#ffffff\",\"color\":\"#333333\"}'>Leer m\u00e1s <span class=\"vcex-readmore-rarr\">&rarr;<\/span><\/a><\/div><\/div><\/div><\/div><div class=\"vcex-blog-entry entry-has-details span_1_of_4 col-3 col vcex-isotope-entry cat-71 cat-73 post-2485 entry type-post has-media cat-71 cat-73 translation_priority-44\"><div class=\"vcex-blog-entry-inner entry-inner wpex-clr\"><div class=\"vcex-blog-entry-media entry-media\"><a href=\"https:\/\/www.adelte.com\/es\/adelte-embarca-tres-mega-pasarelas-de-pasajeros-con-destino-a-hong-kong\/\" title=\"ADELTE embarca tres mega pasarelas de pasajeros con destino a Hong Kong\"><img loading=\"lazy\" decoding=\"async\" data-no-lazy=\"1\" class=\"vcex-blog-entry-img skip-lazy\" src=\"https:\/\/www.adelte.com\/wp-content\/uploads\/2014\/02\/hong_kong_passenger_boarding_bridges-380x180.jpg\" data-no-retina width=\"380\" height=\"180\" \/><\/a><\/div><div class=\"vcex-blog-entry-details entry-details wpex-clr\"><div class=\"vcex-blog-entry-date\" style=\"color:#466bb7;font-size:14px;\">22 de abril de 2013<\/div><div class=\"categoria\"><\/div><h3 class=\"vcex-blog-entry-title entry-title\" style=\"color:#4e4e4c;font-size:18px;line-height:26px;\"><a href=\"https:\/\/www.adelte.com\/es\/adelte-embarca-tres-mega-pasarelas-de-pasajeros-con-destino-a-hong-kong\/\" style=\"color:#4e4e4c;\">ADELTE embarca tres mega pasarelas de pasajeros con destino a Hong Kong<\/a><\/h3><div class=\"vcex-blog-entry-excerpt entry-excerpt entry clr\"><p>Barcelona, 25 de Abril de 2013 \u2013 ADELTE, l\u00edder en dise\u00f1o, fabricaci\u00f3n e instalaci\u00f3n de&hellip;<\/p><\/div><div class=\"vcex-blog-entry-readmore-wrap entry-readmore-wrap clr\"><a href=\"https:\/\/www.adelte.com\/es\/adelte-embarca-tres-mega-pasarelas-de-pasajeros-con-destino-a-hong-kong\/\" class=\"theme-button\" style=\"background:#ffffff;color:#466bb6;padding:0px;\" data-wpex-hover='{\"background\":\"#ffffff\",\"color\":\"#333333\"}'>Leer m\u00e1s <span class=\"vcex-readmore-rarr\">&rarr;<\/span><\/a><\/div><\/div><\/div><\/div><div class=\"vcex-blog-entry entry-has-details span_1_of_4 col-4 col vcex-isotope-entry cat-71 cat-72 cat-54 post-10373 entry type-post has-media cat-71 cat-72 cat-54 translation_priority-44\"><div class=\"vcex-blog-entry-inner entry-inner wpex-clr\"><div class=\"vcex-blog-entry-media entry-media\"><a href=\"https:\/\/www.adelte.com\/es\/aena-confia-en-efs-para-el-mantenimiento-de-las-instalaciones-electromecanicas-del-aeropuerto-de-sevilla\/\" title=\"AENA confia en EFS para el Mantenimiento de las instalaciones electromec\u00e1nicas del Aeropuerto de Sevilla\"><img loading=\"lazy\" decoding=\"async\" data-no-lazy=\"1\" class=\"vcex-blog-entry-img skip-lazy\" src=\"https:\/\/www.adelte.com\/wp-content\/uploads\/2018\/09\/servicio_mantenimiento_aeropuerto_sevilla_aena-380x180.jpg\" data-no-retina width=\"380\" height=\"180\" \/><\/a><\/div><div class=\"vcex-blog-entry-details entry-details wpex-clr\"><div class=\"vcex-blog-entry-date\" style=\"color:#466bb7;font-size:14px;\">10 de abril de 2013<\/div><div class=\"categoria\"><\/div><h3 class=\"vcex-blog-entry-title entry-title\" style=\"color:#4e4e4c;font-size:18px;line-height:26px;\"><a href=\"https:\/\/www.adelte.com\/es\/aena-confia-en-efs-para-el-mantenimiento-de-las-instalaciones-electromecanicas-del-aeropuerto-de-sevilla\/\" style=\"color:#4e4e4c;\">AENA confia en EFS para el Mantenimiento de las instalaciones electromec\u00e1nicas del Aeropuerto de Sevilla<\/a><\/h3><div class=\"vcex-blog-entry-excerpt entry-excerpt entry clr\"><p>Barcelona, el 10 de Abril de 2013\u00a0\u2013 EFS (Equipo Facility Services) ha obtenido la adjudicaci\u00f3n&hellip;<\/p><\/div><div class=\"vcex-blog-entry-readmore-wrap entry-readmore-wrap clr\"><a href=\"https:\/\/www.adelte.com\/es\/aena-confia-en-efs-para-el-mantenimiento-de-las-instalaciones-electromecanicas-del-aeropuerto-de-sevilla\/\" class=\"theme-button\" style=\"background:#ffffff;color:#466bb6;padding:0px;\" data-wpex-hover='{\"background\":\"#ffffff\",\"color\":\"#333333\"}'>Leer m\u00e1s <span class=\"vcex-readmore-rarr\">&rarr;<\/span><\/a><\/div><\/div><\/div><\/div><div class=\"vcex-blog-entry entry-has-details span_1_of_4 col-1 col vcex-isotope-entry cat-71 cat-72 cat-54 post-10377 entry type-post has-media cat-71 cat-72 cat-54 translation_priority-44\"><div class=\"vcex-blog-entry-inner entry-inner wpex-clr\"><div class=\"vcex-blog-entry-media entry-media\"><a href=\"https:\/\/www.adelte.com\/es\/aena-adjudica-a-efs-el-servicio-de-mantenimiento-de-las-pasarelas-de-embarque-en-el-aeropuerto-de-palma-de-mallorca\/\" title=\"AENA adjudica a EFS el servicio de mantenimiento de las pasarelas de embarque en el Aeropuerto de Palma de Mallorca\"><img loading=\"lazy\" decoding=\"async\" data-no-lazy=\"1\" class=\"vcex-blog-entry-img skip-lazy\" src=\"https:\/\/www.adelte.com\/wp-content\/uploads\/2018\/09\/aeropuerto_mallorca_servicio_conduccion_puentes_embarque_aena-380x180.jpg\" data-no-retina width=\"380\" height=\"180\" \/><\/a><\/div><div class=\"vcex-blog-entry-details entry-details wpex-clr\"><div class=\"vcex-blog-entry-date\" style=\"color:#466bb7;font-size:14px;\">18 de marzo de 2013<\/div><div class=\"categoria\"><\/div><h3 class=\"vcex-blog-entry-title entry-title\" style=\"color:#4e4e4c;font-size:18px;line-height:26px;\"><a href=\"https:\/\/www.adelte.com\/es\/aena-adjudica-a-efs-el-servicio-de-mantenimiento-de-las-pasarelas-de-embarque-en-el-aeropuerto-de-palma-de-mallorca\/\" style=\"color:#4e4e4c;\">AENA adjudica a EFS el servicio de mantenimiento de las pasarelas de embarque en el Aeropuerto de Palma de Mallorca<\/a><\/h3><div class=\"vcex-blog-entry-excerpt entry-excerpt entry clr\"><p>Barcelona, el 18 de Marzo de 2013\u00a0\u2013 Equipo Facility Services (EFS), empresa de referencia para&hellip;<\/p><\/div><div class=\"vcex-blog-entry-readmore-wrap entry-readmore-wrap clr\"><a href=\"https:\/\/www.adelte.com\/es\/aena-adjudica-a-efs-el-servicio-de-mantenimiento-de-las-pasarelas-de-embarque-en-el-aeropuerto-de-palma-de-mallorca\/\" class=\"theme-button\" style=\"background:#ffffff;color:#466bb6;padding:0px;\" data-wpex-hover='{\"background\":\"#ffffff\",\"color\":\"#333333\"}'>Leer m\u00e1s <span class=\"vcex-readmore-rarr\">&rarr;<\/span><\/a><\/div><\/div><\/div><\/div><div class=\"vcex-blog-entry entry-has-details span_1_of_4 col-2 col vcex-isotope-entry cat-71 cat-73 post-2487 entry type-post has-media cat-71 cat-73 translation_priority-44\"><div class=\"vcex-blog-entry-inner entry-inner wpex-clr\"><div class=\"vcex-blog-entry-media entry-media\"><a href=\"https:\/\/www.adelte.com\/es\/adelte-pasarelas-embarque-pasajeros-terminal-cruceros-manhattan\/\" title=\"ADELTE entregar\u00e1 dos pasarelas de embarque de pasajeros para la Terminal de Cruceros de Manhattan\"><img loading=\"lazy\" decoding=\"async\" data-no-lazy=\"1\" class=\"vcex-blog-entry-img skip-lazy\" src=\"https:\/\/www.adelte.com\/wp-content\/uploads\/2014\/02\/passenger_boarding_bridges_new_york_manhattan-380x180.jpg\" data-no-retina width=\"380\" height=\"180\" \/><\/a><\/div><div class=\"vcex-blog-entry-details entry-details wpex-clr\"><div class=\"vcex-blog-entry-date\" style=\"color:#466bb7;font-size:14px;\">20 de noviembre de 2012<\/div><div class=\"categoria\"><\/div><h3 class=\"vcex-blog-entry-title entry-title\" style=\"color:#4e4e4c;font-size:18px;line-height:26px;\"><a href=\"https:\/\/www.adelte.com\/es\/adelte-pasarelas-embarque-pasajeros-terminal-cruceros-manhattan\/\" style=\"color:#4e4e4c;\">ADELTE entregar\u00e1 dos pasarelas de embarque de pasajeros para la Terminal de Cruceros de Manhattan<\/a><\/h3><div class=\"vcex-blog-entry-excerpt entry-excerpt entry clr\"><p>Barcelona, 23 de Noviembre de 2012 \u2013 ADELTE Ports &amp; Maritime ha sido contratada por&hellip;<\/p><\/div><div class=\"vcex-blog-entry-readmore-wrap entry-readmore-wrap clr\"><a href=\"https:\/\/www.adelte.com\/es\/adelte-pasarelas-embarque-pasajeros-terminal-cruceros-manhattan\/\" class=\"theme-button\" style=\"background:#ffffff;color:#466bb6;padding:0px;\" data-wpex-hover='{\"background\":\"#ffffff\",\"color\":\"#333333\"}'>Leer m\u00e1s <span class=\"vcex-readmore-rarr\">&rarr;<\/span><\/a><\/div><\/div><\/div><\/div><div class=\"vcex-blog-entry entry-has-details span_1_of_4 col-3 col vcex-isotope-entry cat-71 cat-73 post-2490 entry type-post has-media cat-71 cat-73\"><div class=\"vcex-blog-entry-inner entry-inner wpex-clr\"><div class=\"vcex-blog-entry-media entry-media\"><a href=\"https:\/\/www.adelte.com\/es\/adelte-instalara-dos-nuevas-pasarelas-doble-cabina-en-las-terminales-de-ferry-de-cape-may-y-lewes\/\" title=\"ADELTE instalar\u00e1 dos nuevas pasarelas doble-cabina en las Terminales de ferry de Cape May y Lewes\"><img loading=\"lazy\" decoding=\"async\" data-no-lazy=\"1\" class=\"vcex-blog-entry-img skip-lazy\" src=\"https:\/\/www.adelte.com\/wp-content\/uploads\/2014\/02\/passenger_boarding_bridges_port_lewes_cape_may-380x180.jpg\" data-no-retina width=\"380\" height=\"180\" \/><\/a><\/div><div class=\"vcex-blog-entry-details entry-details wpex-clr\"><div class=\"vcex-blog-entry-date\" style=\"color:#466bb7;font-size:14px;\">26 de julio de 2012<\/div><div class=\"categoria\"><\/div><h3 class=\"vcex-blog-entry-title entry-title\" style=\"color:#4e4e4c;font-size:18px;line-height:26px;\"><a href=\"https:\/\/www.adelte.com\/es\/adelte-instalara-dos-nuevas-pasarelas-doble-cabina-en-las-terminales-de-ferry-de-cape-may-y-lewes\/\" style=\"color:#4e4e4c;\">ADELTE instalar\u00e1 dos nuevas pasarelas doble-cabina en las Terminales de ferry de Cape May y Lewes<\/a><\/h3><div class=\"vcex-blog-entry-excerpt entry-excerpt entry clr\"><p>Barcelona, 26 de Julio de 2012 \u2013 ADELTE, l\u00edder en dise\u00f1o y fabricaci\u00f3n de sofisticadas&hellip;<\/p><\/div><div class=\"vcex-blog-entry-readmore-wrap entry-readmore-wrap clr\"><a href=\"https:\/\/www.adelte.com\/es\/adelte-instalara-dos-nuevas-pasarelas-doble-cabina-en-las-terminales-de-ferry-de-cape-may-y-lewes\/\" class=\"theme-button\" style=\"background:#ffffff;color:#466bb6;padding:0px;\" data-wpex-hover='{\"background\":\"#ffffff\",\"color\":\"#333333\"}'>Leer m\u00e1s <span class=\"vcex-readmore-rarr\">&rarr;<\/span><\/a><\/div><\/div><\/div><\/div><div class=\"vcex-blog-entry entry-has-details span_1_of_4 col-4 col vcex-isotope-entry cat-71 cat-73 post-2494 entry type-post has-media cat-71 cat-73 translation_priority-44\"><div class=\"vcex-blog-entry-inner entry-inner wpex-clr\"><div class=\"vcex-blog-entry-media entry-media\"><a href=\"https:\/\/www.adelte.com\/es\/marsella-confia-en-adelte-para-sus-pasarelas-de-ferry\/\" title=\"Marsella confia en ADELTE para sus pasarelas de ferry\"><img loading=\"lazy\" decoding=\"async\" data-no-lazy=\"1\" class=\"vcex-blog-entry-img skip-lazy\" src=\"https:\/\/www.adelte.com\/wp-content\/uploads\/2014\/02\/passenger_boarding_bridge_port_marseille-380x180.jpg\" data-no-retina width=\"380\" height=\"180\" \/><\/a><\/div><div class=\"vcex-blog-entry-details entry-details wpex-clr\"><div class=\"vcex-blog-entry-date\" style=\"color:#466bb7;font-size:14px;\">12 de junio de 2012<\/div><div class=\"categoria\"><\/div><h3 class=\"vcex-blog-entry-title entry-title\" style=\"color:#4e4e4c;font-size:18px;line-height:26px;\"><a href=\"https:\/\/www.adelte.com\/es\/marsella-confia-en-adelte-para-sus-pasarelas-de-ferry\/\" style=\"color:#4e4e4c;\">Marsella confia en ADELTE para sus pasarelas de ferry<\/a><\/h3><div class=\"vcex-blog-entry-excerpt entry-excerpt entry clr\"><p>Barcelona, 12 de Junio de 2012 - ADELTE, l\u00edder mundial en dise\u00f1o y fabricaci\u00f3n de&hellip;<\/p><\/div><div class=\"vcex-blog-entry-readmore-wrap entry-readmore-wrap clr\"><a href=\"https:\/\/www.adelte.com\/es\/marsella-confia-en-adelte-para-sus-pasarelas-de-ferry\/\" class=\"theme-button\" style=\"background:#ffffff;color:#466bb6;padding:0px;\" data-wpex-hover='{\"background\":\"#ffffff\",\"color\":\"#333333\"}'>Leer m\u00e1s <span class=\"vcex-readmore-rarr\">&rarr;<\/span><\/a><\/div><\/div><\/div><\/div><div class=\"vcex-blog-entry entry-has-details span_1_of_4 col-1 col vcex-isotope-entry cat-71 cat-73 post-2497 entry type-post has-media cat-71 cat-73 translation_priority-44\"><div class=\"vcex-blog-entry-inner entry-inner wpex-clr\"><div class=\"vcex-blog-entry-media entry-media\"><a href=\"https:\/\/www.adelte.com\/es\/adelte-suministrara-5-pasarelas-para-la-espectacular-terminal-de-cruceros-de-hong-kong\/\" title=\"ADELTE suministrar\u00e1 5 pasarelas para la espectacular Terminal de Cruceros de Hong Kong\"><img loading=\"lazy\" decoding=\"async\" data-no-lazy=\"1\" class=\"vcex-blog-entry-img skip-lazy\" src=\"https:\/\/www.adelte.com\/wp-content\/uploads\/2014\/02\/passenger_boarding_bridges_hong_kong-380x180.jpg\" data-no-retina width=\"380\" height=\"180\" \/><\/a><\/div><div class=\"vcex-blog-entry-details entry-details wpex-clr\"><div class=\"vcex-blog-entry-date\" style=\"color:#466bb7;font-size:14px;\">12 de marzo de 2012<\/div><div class=\"categoria\"><\/div><h3 class=\"vcex-blog-entry-title entry-title\" style=\"color:#4e4e4c;font-size:18px;line-height:26px;\"><a href=\"https:\/\/www.adelte.com\/es\/adelte-suministrara-5-pasarelas-para-la-espectacular-terminal-de-cruceros-de-hong-kong\/\" style=\"color:#4e4e4c;\">ADELTE suministrar\u00e1 5 pasarelas para la espectacular Terminal de Cruceros de Hong Kong<\/a><\/h3><div class=\"vcex-blog-entry-excerpt entry-excerpt entry clr\"><p>Barcelona, 12 de Marzo 2012 \u2013 ADELTE, l\u00edder en dise\u00f1o y fabricaci\u00f3n de sofisticadas Pasarelas&hellip;<\/p><\/div><div class=\"vcex-blog-entry-readmore-wrap entry-readmore-wrap clr\"><a href=\"https:\/\/www.adelte.com\/es\/adelte-suministrara-5-pasarelas-para-la-espectacular-terminal-de-cruceros-de-hong-kong\/\" class=\"theme-button\" style=\"background:#ffffff;color:#466bb6;padding:0px;\" data-wpex-hover='{\"background\":\"#ffffff\",\"color\":\"#333333\"}'>Leer m\u00e1s <span class=\"vcex-readmore-rarr\">&rarr;<\/span><\/a><\/div><\/div><\/div><\/div><div class=\"vcex-blog-entry entry-has-details span_1_of_4 col-2 col vcex-isotope-entry cat-71 cat-73 post-2507 entry type-post has-media cat-71 cat-73 translation_priority-44\"><div class=\"vcex-blog-entry-inner entry-inner wpex-clr\"><div class=\"vcex-blog-entry-media entry-media\"><a href=\"https:\/\/www.adelte.com\/es\/sydney-cruceros-pasarelas-adelte\/\" title=\"Sydney apuesta por los cruceros y por ADELTE\"><img loading=\"lazy\" decoding=\"async\" data-no-lazy=\"1\" class=\"vcex-blog-entry-img skip-lazy\" src=\"https:\/\/www.adelte.com\/wp-content\/uploads\/2014\/02\/passenger_boarding_bridge_sydney-380x180.jpg\" data-no-retina width=\"380\" height=\"180\" \/><\/a><\/div><div class=\"vcex-blog-entry-details entry-details wpex-clr\"><div class=\"vcex-blog-entry-date\" style=\"color:#466bb7;font-size:14px;\">9 de marzo de 2012<\/div><div class=\"categoria\"><\/div><h3 class=\"vcex-blog-entry-title entry-title\" style=\"color:#4e4e4c;font-size:18px;line-height:26px;\"><a href=\"https:\/\/www.adelte.com\/es\/sydney-cruceros-pasarelas-adelte\/\" style=\"color:#4e4e4c;\">Sydney apuesta por los cruceros y por ADELTE<\/a><\/h3><div class=\"vcex-blog-entry-excerpt entry-excerpt entry clr\"><p>Barcelona, 9 de Marzo 2012 \u2013 ADELTE Ports &amp; Maritime, l\u00edder en dise\u00f1o y fabricaci\u00f3n&hellip;<\/p><\/div><div class=\"vcex-blog-entry-readmore-wrap entry-readmore-wrap clr\"><a href=\"https:\/\/www.adelte.com\/es\/sydney-cruceros-pasarelas-adelte\/\" class=\"theme-button\" style=\"background:#ffffff;color:#466bb6;padding:0px;\" data-wpex-hover='{\"background\":\"#ffffff\",\"color\":\"#333333\"}'>Leer m\u00e1s <span class=\"vcex-readmore-rarr\">&rarr;<\/span><\/a><\/div><\/div><\/div><\/div><div class=\"vcex-blog-entry entry-has-details span_1_of_4 col-3 col vcex-isotope-entry cat-71 cat-73 post-2525 entry type-post has-media cat-71 cat-73 translation_priority-44\"><div class=\"vcex-blog-entry-inner entry-inner wpex-clr\"><div class=\"vcex-blog-entry-media entry-media\"><a href=\"https:\/\/www.adelte.com\/es\/adelte-dos-pasarelas-cruceros-port-canaveral\/\" title=\"ADELTE instalar\u00e1 dos nuevas pasarelas para cruceros en Port Canaveral\"><img loading=\"lazy\" decoding=\"async\" data-no-lazy=\"1\" class=\"vcex-blog-entry-img skip-lazy\" src=\"https:\/\/www.adelte.com\/wp-content\/uploads\/2014\/02\/passenger_boarding_bridge_port_canaveral-380x180.jpg\" data-no-retina width=\"380\" height=\"180\" \/><\/a><\/div><div class=\"vcex-blog-entry-details entry-details wpex-clr\"><div class=\"vcex-blog-entry-date\" style=\"color:#466bb7;font-size:14px;\">6 de marzo de 2012<\/div><div class=\"categoria\"><\/div><h3 class=\"vcex-blog-entry-title entry-title\" style=\"color:#4e4e4c;font-size:18px;line-height:26px;\"><a href=\"https:\/\/www.adelte.com\/es\/adelte-dos-pasarelas-cruceros-port-canaveral\/\" style=\"color:#4e4e4c;\">ADELTE instalar\u00e1 dos nuevas pasarelas para cruceros en Port Canaveral<\/a><\/h3><div class=\"vcex-blog-entry-excerpt entry-excerpt entry clr\"><p>Barcelona, 6 de Marzo de 2012 - Canaveral Port Authority est\u00e1 construyendo una nueva terminal&hellip;<\/p><\/div><div class=\"vcex-blog-entry-readmore-wrap entry-readmore-wrap clr\"><a href=\"https:\/\/www.adelte.com\/es\/adelte-dos-pasarelas-cruceros-port-canaveral\/\" class=\"theme-button\" style=\"background:#ffffff;color:#466bb6;padding:0px;\" data-wpex-hover='{\"background\":\"#ffffff\",\"color\":\"#333333\"}'>Leer m\u00e1s <span class=\"vcex-readmore-rarr\">&rarr;<\/span><\/a><\/div><\/div><\/div><\/div><div class=\"vcex-blog-entry entry-has-details span_1_of_4 col-4 col vcex-isotope-entry cat-71 cat-72 cat-54 post-10381 entry type-post has-media cat-71 cat-72 cat-54 translation_priority-44\"><div class=\"vcex-blog-entry-inner entry-inner wpex-clr\"><div class=\"vcex-blog-entry-media entry-media\"><a href=\"https:\/\/www.adelte.com\/es\/aena-adjudica-a-efs-el-servicio-de-conduccion-de-pasarelas-y-guias-de-atraque-del-aeropuerto-de-barcelona\/\" title=\"Aena adjudica a EFS el servicio de conducci\u00f3n de pasarelas y gu\u00edas de atraque del Aeropuerto de Barcelona\"><img loading=\"lazy\" decoding=\"async\" data-no-lazy=\"1\" class=\"vcex-blog-entry-img skip-lazy\" src=\"https:\/\/www.adelte.com\/wp-content\/uploads\/2018\/09\/conduccion_pasarelas_embarque_pasajeros_aeropuerto_de_barcelona-380x180.jpg\" data-no-retina width=\"380\" height=\"180\" \/><\/a><\/div><div class=\"vcex-blog-entry-details entry-details wpex-clr\"><div class=\"vcex-blog-entry-date\" style=\"color:#466bb7;font-size:14px;\">6 de marzo de 2012<\/div><div class=\"categoria\"><\/div><h3 class=\"vcex-blog-entry-title entry-title\" style=\"color:#4e4e4c;font-size:18px;line-height:26px;\"><a href=\"https:\/\/www.adelte.com\/es\/aena-adjudica-a-efs-el-servicio-de-conduccion-de-pasarelas-y-guias-de-atraque-del-aeropuerto-de-barcelona\/\" style=\"color:#4e4e4c;\">Aena adjudica a EFS el servicio de conducci\u00f3n de pasarelas y gu\u00edas de atraque del Aeropuerto de Barcelona<\/a><\/h3><div class=\"vcex-blog-entry-excerpt entry-excerpt entry clr\"><p>Barcelona, el 6 de Marzo de 2012\u00a0\u2013 Equipo Facility Services (EFS) es la empresa de&hellip;<\/p><\/div><div class=\"vcex-blog-entry-readmore-wrap entry-readmore-wrap clr\"><a href=\"https:\/\/www.adelte.com\/es\/aena-adjudica-a-efs-el-servicio-de-conduccion-de-pasarelas-y-guias-de-atraque-del-aeropuerto-de-barcelona\/\" class=\"theme-button\" style=\"background:#ffffff;color:#466bb6;padding:0px;\" data-wpex-hover='{\"background\":\"#ffffff\",\"color\":\"#333333\"}'>Leer m\u00e1s <span class=\"vcex-readmore-rarr\">&rarr;<\/span><\/a><\/div><\/div><\/div><\/div><div class=\"vcex-blog-entry entry-has-details span_1_of_4 col-1 col vcex-isotope-entry cat-71 cat-73 post-2521 entry type-post has-media cat-71 cat-73 translation_priority-44\"><div class=\"vcex-blog-entry-inner entry-inner wpex-clr\"><div class=\"vcex-blog-entry-media entry-media\"><a href=\"https:\/\/www.adelte.com\/es\/adelte-desembarca-tres-pasarelas-para-embarque-de-pasajeros-de-ultima-generacion-en-singapur\/\" title=\"ADELTE desembarca tres pasarelas para embarque de pasajeros de \u00faltima generaci\u00f3n en Singapur\"><img loading=\"lazy\" decoding=\"async\" data-no-lazy=\"1\" class=\"vcex-blog-entry-img skip-lazy\" src=\"https:\/\/www.adelte.com\/wp-content\/uploads\/2014\/02\/passenger_boarding_bridge_singapore-380x180.jpg\" data-no-retina width=\"380\" height=\"180\" \/><\/a><\/div><div class=\"vcex-blog-entry-details entry-details wpex-clr\"><div class=\"vcex-blog-entry-date\" style=\"color:#466bb7;font-size:14px;\">21 de febrero de 2012<\/div><div class=\"categoria\"><\/div><h3 class=\"vcex-blog-entry-title entry-title\" style=\"color:#4e4e4c;font-size:18px;line-height:26px;\"><a href=\"https:\/\/www.adelte.com\/es\/adelte-desembarca-tres-pasarelas-para-embarque-de-pasajeros-de-ultima-generacion-en-singapur\/\" style=\"color:#4e4e4c;\">ADELTE desembarca tres pasarelas para embarque de pasajeros de \u00faltima generaci\u00f3n en Singapur<\/a><\/h3><div class=\"vcex-blog-entry-excerpt entry-excerpt entry clr\"><p>Barcelona, Espa\u00f1a, 21 de Febrero 2012 \u2013 ADELTE Ports &amp; Maritime, l\u00edder en dise\u00f1o y&hellip;<\/p><\/div><div class=\"vcex-blog-entry-readmore-wrap entry-readmore-wrap clr\"><a href=\"https:\/\/www.adelte.com\/es\/adelte-desembarca-tres-pasarelas-para-embarque-de-pasajeros-de-ultima-generacion-en-singapur\/\" class=\"theme-button\" style=\"background:#ffffff;color:#466bb6;padding:0px;\" data-wpex-hover='{\"background\":\"#ffffff\",\"color\":\"#333333\"}'>Leer m\u00e1s <span class=\"vcex-readmore-rarr\">&rarr;<\/span><\/a><\/div><\/div><\/div><\/div><div class=\"vcex-blog-entry entry-has-details span_1_of_4 col-2 col vcex-isotope-entry cat-71 cat-72 cat-54 post-10385 entry type-post has-media cat-71 cat-72 cat-54 translation_priority-44\"><div class=\"vcex-blog-entry-inner entry-inner wpex-clr\"><div class=\"vcex-blog-entry-media entry-media\"><a href=\"https:\/\/www.adelte.com\/es\/aena-adjudica-a-efs-el-servicio-de-limpieza-lado-aire-del-aeropuerto-de-barcelona\/\" title=\"Aena adjudica a EFS el servicio de limpieza lado aire del Aeropuerto de Barcelona\"><img loading=\"lazy\" decoding=\"async\" data-no-lazy=\"1\" class=\"vcex-blog-entry-img skip-lazy\" src=\"https:\/\/www.adelte.com\/wp-content\/uploads\/2018\/09\/servicio_limpieza_lado_aire_aeropuertos_aena-380x180.jpg\" data-no-retina width=\"380\" height=\"180\" \/><\/a><\/div><div class=\"vcex-blog-entry-details entry-details wpex-clr\"><div class=\"vcex-blog-entry-date\" style=\"color:#466bb7;font-size:14px;\">14 de febrero de 2012<\/div><div class=\"categoria\"><\/div><h3 class=\"vcex-blog-entry-title entry-title\" style=\"color:#4e4e4c;font-size:18px;line-height:26px;\"><a href=\"https:\/\/www.adelte.com\/es\/aena-adjudica-a-efs-el-servicio-de-limpieza-lado-aire-del-aeropuerto-de-barcelona\/\" style=\"color:#4e4e4c;\">Aena adjudica a EFS el servicio de limpieza lado aire del Aeropuerto de Barcelona<\/a><\/h3><div class=\"vcex-blog-entry-excerpt entry-excerpt entry clr\"><p>Barcelona, 14 de Febrero de 2012\u00a0\u2013 Equipo Facility Services S.L. (EFS) junto con la empresa&hellip;<\/p><\/div><div class=\"vcex-blog-entry-readmore-wrap entry-readmore-wrap clr\"><a href=\"https:\/\/www.adelte.com\/es\/aena-adjudica-a-efs-el-servicio-de-limpieza-lado-aire-del-aeropuerto-de-barcelona\/\" class=\"theme-button\" style=\"background:#ffffff;color:#466bb6;padding:0px;\" data-wpex-hover='{\"background\":\"#ffffff\",\"color\":\"#333333\"}'>Leer m\u00e1s <span class=\"vcex-readmore-rarr\">&rarr;<\/span><\/a><\/div><\/div><\/div><\/div><div class=\"vcex-blog-entry entry-has-details span_1_of_4 col-3 col vcex-isotope-entry cat-71 cat-72 cat-54 post-10389 entry type-post has-media cat-71 cat-72 cat-54 translation_priority-44\"><div class=\"vcex-blog-entry-inner entry-inner wpex-clr\"><div class=\"vcex-blog-entry-media entry-media\"><a href=\"https:\/\/www.adelte.com\/es\/resultados-muy-positivos-de-nuestro-servicio-de-atencion-al-publico-en-el-aeropuerto-de-girona\/\" title=\"Resultados muy positivos de nuestro Servicio de Atenci\u00f3n al P\u00fablico en el Aeropuerto de Girona\"><img loading=\"lazy\" decoding=\"async\" data-no-lazy=\"1\" class=\"vcex-blog-entry-img skip-lazy\" src=\"https:\/\/www.adelte.com\/wp-content\/uploads\/2018\/09\/atencion_publico_servicio_aeropuerto_aena-380x180.jpg\" data-no-retina width=\"380\" height=\"180\" \/><\/a><\/div><div class=\"vcex-blog-entry-details entry-details wpex-clr\"><div class=\"vcex-blog-entry-date\" style=\"color:#466bb7;font-size:14px;\">12 de enero de 2012<\/div><div class=\"categoria\"><\/div><h3 class=\"vcex-blog-entry-title entry-title\" style=\"color:#4e4e4c;font-size:18px;line-height:26px;\"><a href=\"https:\/\/www.adelte.com\/es\/resultados-muy-positivos-de-nuestro-servicio-de-atencion-al-publico-en-el-aeropuerto-de-girona\/\" style=\"color:#4e4e4c;\">Resultados muy positivos de nuestro Servicio de Atenci\u00f3n al P\u00fablico en el Aeropuerto de Girona<\/a><\/h3><div class=\"vcex-blog-entry-excerpt entry-excerpt entry clr\"><p>Barcelona, 12 de Enero de 2012\u00a0\u2013 EFS, que realiza el\u00a0servicio de Atenci\u00f3n al P\u00fablico\u00a0en el&hellip;<\/p><\/div><div class=\"vcex-blog-entry-readmore-wrap entry-readmore-wrap clr\"><a href=\"https:\/\/www.adelte.com\/es\/resultados-muy-positivos-de-nuestro-servicio-de-atencion-al-publico-en-el-aeropuerto-de-girona\/\" class=\"theme-button\" style=\"background:#ffffff;color:#466bb6;padding:0px;\" data-wpex-hover='{\"background\":\"#ffffff\",\"color\":\"#333333\"}'>Leer m\u00e1s <span class=\"vcex-readmore-rarr\">&rarr;<\/span><\/a><\/div><\/div><\/div><\/div><div class=\"vcex-blog-entry entry-has-details span_1_of_4 col-4 col vcex-isotope-entry cat-71 cat-72 cat-54 post-10393 entry type-post has-media cat-71 cat-72 cat-54 translation_priority-44\"><div class=\"vcex-blog-entry-inner entry-inner wpex-clr\"><div class=\"vcex-blog-entry-media entry-media\"><a href=\"https:\/\/www.adelte.com\/es\/empezamos-nuestro-servicio-de-limpieza-en-la-terminal-1-del-aeropuerto-de-barcelona\/\" title=\"Empezamos nuestro servicio de Limpieza en la Terminal 1 del Aeropuerto de Barcelona\"><img loading=\"lazy\" decoding=\"async\" data-no-lazy=\"1\" class=\"vcex-blog-entry-img skip-lazy\" src=\"https:\/\/www.adelte.com\/wp-content\/uploads\/2018\/09\/servicio_limpieza_aeropuerto_barcelona-380x180.jpg\" data-no-retina width=\"380\" height=\"180\" \/><\/a><\/div><div class=\"vcex-blog-entry-details entry-details wpex-clr\"><div class=\"vcex-blog-entry-date\" style=\"color:#466bb7;font-size:14px;\">30 de noviembre de 2011<\/div><div class=\"categoria\"><\/div><h3 class=\"vcex-blog-entry-title entry-title\" style=\"color:#4e4e4c;font-size:18px;line-height:26px;\"><a href=\"https:\/\/www.adelte.com\/es\/empezamos-nuestro-servicio-de-limpieza-en-la-terminal-1-del-aeropuerto-de-barcelona\/\" style=\"color:#4e4e4c;\">Empezamos nuestro servicio de Limpieza en la Terminal 1 del Aeropuerto de Barcelona<\/a><\/h3><div class=\"vcex-blog-entry-excerpt entry-excerpt entry clr\"><p>Barcelona, 30 de Noviembre de 2011\u00a0\u2013\u00a0EFS fue la empresa ganadora y qui\u00e9n a partir del&hellip;<\/p><\/div><div class=\"vcex-blog-entry-readmore-wrap entry-readmore-wrap clr\"><a href=\"https:\/\/www.adelte.com\/es\/empezamos-nuestro-servicio-de-limpieza-en-la-terminal-1-del-aeropuerto-de-barcelona\/\" class=\"theme-button\" style=\"background:#ffffff;color:#466bb6;padding:0px;\" data-wpex-hover='{\"background\":\"#ffffff\",\"color\":\"#333333\"}'>Leer m\u00e1s <span class=\"vcex-readmore-rarr\">&rarr;<\/span><\/a><\/div><\/div><\/div><\/div><div class=\"vcex-blog-entry entry-has-details span_1_of_4 col-1 col vcex-isotope-entry cat-71 cat-72 cat-54 post-10405 entry type-post has-media cat-71 cat-72 cat-54 translation_priority-44\"><div class=\"vcex-blog-entry-inner entry-inner wpex-clr\"><div class=\"vcex-blog-entry-media entry-media\"><a href=\"https:\/\/www.adelte.com\/es\/aena-confia-en-efs-y-adjudica-los-servicios-de-limpieza-y-gestion-de-portaequipajes-en-oficinas-centrales\/\" title=\"AENA conf\u00eda en EFS y adjudica los servicios de limpieza y gesti\u00f3n de portaequipajes en oficinas centrales\"><img loading=\"lazy\" decoding=\"async\" data-no-lazy=\"1\" class=\"vcex-blog-entry-img skip-lazy\" src=\"https:\/\/www.adelte.com\/wp-content\/uploads\/2018\/09\/aena_confia_adjudica_efs_servicio_mantenimiento_limpieza_aeropuertos-380x180.jpg\" data-no-retina width=\"380\" height=\"180\" \/><\/a><\/div><div class=\"vcex-blog-entry-details entry-details wpex-clr\"><div class=\"vcex-blog-entry-date\" style=\"color:#466bb7;font-size:14px;\">2 de noviembre de 2011<\/div><div class=\"categoria\"><\/div><h3 class=\"vcex-blog-entry-title entry-title\" style=\"color:#4e4e4c;font-size:18px;line-height:26px;\"><a href=\"https:\/\/www.adelte.com\/es\/aena-confia-en-efs-y-adjudica-los-servicios-de-limpieza-y-gestion-de-portaequipajes-en-oficinas-centrales\/\" style=\"color:#4e4e4c;\">AENA conf\u00eda en EFS y adjudica los servicios de limpieza y gesti\u00f3n de portaequipajes en oficinas centrales<\/a><\/h3><div class=\"vcex-blog-entry-excerpt entry-excerpt entry clr\"><p>Barcelona, 2 de Noviembre de 2011\u00a0\u2013\u00a0Eulen, Acciona, Clece y Euro Limp fueron algunas de las&hellip;<\/p><\/div><div class=\"vcex-blog-entry-readmore-wrap entry-readmore-wrap clr\"><a href=\"https:\/\/www.adelte.com\/es\/aena-confia-en-efs-y-adjudica-los-servicios-de-limpieza-y-gestion-de-portaequipajes-en-oficinas-centrales\/\" class=\"theme-button\" style=\"background:#ffffff;color:#466bb6;padding:0px;\" data-wpex-hover='{\"background\":\"#ffffff\",\"color\":\"#333333\"}'>Leer m\u00e1s <span class=\"vcex-readmore-rarr\">&rarr;<\/span><\/a><\/div><\/div><\/div><\/div><div class=\"vcex-blog-entry entry-has-details span_1_of_4 col-2 col vcex-isotope-entry cat-71 cat-72 cat-54 post-10401 entry type-post has-media cat-71 cat-72 cat-54 translation_priority-44\"><div class=\"vcex-blog-entry-inner entry-inner wpex-clr\"><div class=\"vcex-blog-entry-media entry-media\"><a href=\"https:\/\/www.adelte.com\/es\/aena-adjudica-a-efs-el-servicio-de-mantenimiento-de-las-consignas-del-aeropuerto-del-prat\/\" title=\"AENA adjudica a EFS el servicio de Mantenimiento de las consignas del Aeropuerto del Prat\"><img loading=\"lazy\" decoding=\"async\" data-no-lazy=\"1\" class=\"vcex-blog-entry-img skip-lazy\" src=\"https:\/\/www.adelte.com\/wp-content\/uploads\/2018\/09\/servicio_consignas_aeropuerto_barcelona-380x180.jpg\" data-no-retina width=\"380\" height=\"180\" \/><\/a><\/div><div class=\"vcex-blog-entry-details entry-details wpex-clr\"><div class=\"vcex-blog-entry-date\" style=\"color:#466bb7;font-size:14px;\">2 de noviembre de 2011<\/div><div class=\"categoria\"><\/div><h3 class=\"vcex-blog-entry-title entry-title\" style=\"color:#4e4e4c;font-size:18px;line-height:26px;\"><a href=\"https:\/\/www.adelte.com\/es\/aena-adjudica-a-efs-el-servicio-de-mantenimiento-de-las-consignas-del-aeropuerto-del-prat\/\" style=\"color:#4e4e4c;\">AENA adjudica a EFS el servicio de Mantenimiento de las consignas del Aeropuerto del Prat<\/a><\/h3><div class=\"vcex-blog-entry-excerpt entry-excerpt entry clr\"><p>Barcelona, 2 de Noviembre de 2011\u00a0\u2013 EFS ha sido contratada para prestar\u00a0Servicios de Mantenimiento\u00a0de las&hellip;<\/p><\/div><div class=\"vcex-blog-entry-readmore-wrap entry-readmore-wrap clr\"><a href=\"https:\/\/www.adelte.com\/es\/aena-adjudica-a-efs-el-servicio-de-mantenimiento-de-las-consignas-del-aeropuerto-del-prat\/\" class=\"theme-button\" style=\"background:#ffffff;color:#466bb6;padding:0px;\" data-wpex-hover='{\"background\":\"#ffffff\",\"color\":\"#333333\"}'>Leer m\u00e1s <span class=\"vcex-readmore-rarr\">&rarr;<\/span><\/a><\/div><\/div><\/div><\/div><div class=\"vcex-blog-entry entry-has-details span_1_of_4 col-3 col vcex-isotope-entry cat-71 cat-72 cat-54 post-10410 entry type-post has-media cat-71 cat-72 cat-54 translation_priority-44\"><div class=\"vcex-blog-entry-inner entry-inner wpex-clr\"><div class=\"vcex-blog-entry-media entry-media\"><a href=\"https:\/\/www.adelte.com\/es\/aena-adjudica-a-efs-un-contrato-para-prestar-servicios-de-atencion-al-publico-en-el-aeropuerto-de-madrid\/\" title=\"AENA adjudica a EFS un contrato para prestar servicios de atenci\u00f3n al p\u00fablico en el aeropuerto de Madrid\"><img loading=\"lazy\" decoding=\"async\" data-no-lazy=\"1\" class=\"vcex-blog-entry-img skip-lazy\" src=\"https:\/\/www.adelte.com\/wp-content\/uploads\/2018\/09\/servicio_atencion_cliente_aeropuertos_aena-380x180.jpg\" data-no-retina width=\"380\" height=\"180\" \/><\/a><\/div><div class=\"vcex-blog-entry-details entry-details wpex-clr\"><div class=\"vcex-blog-entry-date\" style=\"color:#466bb7;font-size:14px;\">10 de marzo de 2011<\/div><div class=\"categoria\"><\/div><h3 class=\"vcex-blog-entry-title entry-title\" style=\"color:#4e4e4c;font-size:18px;line-height:26px;\"><a href=\"https:\/\/www.adelte.com\/es\/aena-adjudica-a-efs-un-contrato-para-prestar-servicios-de-atencion-al-publico-en-el-aeropuerto-de-madrid\/\" style=\"color:#4e4e4c;\">AENA adjudica a EFS un contrato para prestar servicios de atenci\u00f3n al p\u00fablico en el aeropuerto de Madrid<\/a><\/h3><div class=\"vcex-blog-entry-excerpt entry-excerpt entry clr\"><p>Barcelona, 10 de Marzo de 2011 \u2013\u00a0EFS ha sido contratada para prestar\u00a0Servicios de Atenci\u00f3n al&hellip;<\/p><\/div><div class=\"vcex-blog-entry-readmore-wrap entry-readmore-wrap clr\"><a href=\"https:\/\/www.adelte.com\/es\/aena-adjudica-a-efs-un-contrato-para-prestar-servicios-de-atencion-al-publico-en-el-aeropuerto-de-madrid\/\" class=\"theme-button\" style=\"background:#ffffff;color:#466bb6;padding:0px;\" data-wpex-hover='{\"background\":\"#ffffff\",\"color\":\"#333333\"}'>Leer m\u00e1s <span class=\"vcex-readmore-rarr\">&rarr;<\/span><\/a><\/div><\/div><\/div><\/div><div class=\"vcex-blog-entry entry-has-details span_1_of_4 col-4 col vcex-isotope-entry cat-71 cat-72 cat-54 post-10397 entry type-post has-media cat-71 cat-72 cat-54 translation_priority-44\"><div class=\"vcex-blog-entry-inner entry-inner wpex-clr\"><div class=\"vcex-blog-entry-media entry-media\"><a href=\"https:\/\/www.adelte.com\/es\/aena-adjudica-a-efs-el-servicio-de-limpieza-lado-aire-en-el-aeropuerto-de-alicante\/\" title=\"AENA adjudica a EFS el servicio de limpieza lado aire en el Aeropuerto de Alicante\"><img loading=\"lazy\" decoding=\"async\" data-no-lazy=\"1\" class=\"vcex-blog-entry-img skip-lazy\" src=\"https:\/\/www.adelte.com\/wp-content\/uploads\/2018\/09\/limpieza_interior_aeropuerto_de_alicante-380x180.jpg\" data-no-retina width=\"380\" height=\"180\" \/><\/a><\/div><div class=\"vcex-blog-entry-details entry-details wpex-clr\"><div class=\"vcex-blog-entry-date\" style=\"color:#466bb7;font-size:14px;\">10 de noviembre de 2010<\/div><div class=\"categoria\"><\/div><h3 class=\"vcex-blog-entry-title entry-title\" style=\"color:#4e4e4c;font-size:18px;line-height:26px;\"><a href=\"https:\/\/www.adelte.com\/es\/aena-adjudica-a-efs-el-servicio-de-limpieza-lado-aire-en-el-aeropuerto-de-alicante\/\" style=\"color:#4e4e4c;\">AENA adjudica a EFS el servicio de limpieza lado aire en el Aeropuerto de Alicante<\/a><\/h3><div class=\"vcex-blog-entry-excerpt entry-excerpt entry clr\"><p>Barcelona, 10 de Noviembre de 2010\u00a0\u2013 EFS ha sido contratada por AENA para prestar\u00a0servicios de&hellip;<\/p><\/div><div class=\"vcex-blog-entry-readmore-wrap entry-readmore-wrap clr\"><a href=\"https:\/\/www.adelte.com\/es\/aena-adjudica-a-efs-el-servicio-de-limpieza-lado-aire-en-el-aeropuerto-de-alicante\/\" class=\"theme-button\" style=\"background:#ffffff;color:#466bb6;padding:0px;\" data-wpex-hover='{\"background\":\"#ffffff\",\"color\":\"#333333\"}'>Leer m\u00e1s <span class=\"vcex-readmore-rarr\">&rarr;<\/span><\/a><\/div><\/div><\/div><\/div><div class=\"vcex-blog-entry entry-has-details span_1_of_4 col-1 col vcex-isotope-entry cat-71 cat-73 post-2528 entry type-post has-media cat-71 cat-73 translation_priority-44\"><div class=\"vcex-blog-entry-inner entry-inner wpex-clr\"><div class=\"vcex-blog-entry-media entry-media\"><a href=\"https:\/\/www.adelte.com\/es\/adelte-gana-contratos-para-entregar-pasarelas-de-embarque-en-las-terminales-de-cruceros-de-palma-de-mallorca-genova-y-miami\/\" title=\"ADELTE gana contratos para entregar Pasarelas de Embarque en las Terminales de Cruceros de Palma de Mallorca, G\u00e9nova y Miami\"><img loading=\"lazy\" decoding=\"async\" data-no-lazy=\"1\" class=\"vcex-blog-entry-img skip-lazy\" src=\"https:\/\/www.adelte.com\/wp-content\/uploads\/2014\/02\/passenger_boarding_bridge_mallorca-380x180.jpg\" data-no-retina width=\"380\" height=\"180\" \/><\/a><\/div><div class=\"vcex-blog-entry-details entry-details wpex-clr\"><div class=\"vcex-blog-entry-date\" style=\"color:#466bb7;font-size:14px;\">27 de septiembre de 2010<\/div><div class=\"categoria\"><\/div><h3 class=\"vcex-blog-entry-title entry-title\" style=\"color:#4e4e4c;font-size:18px;line-height:26px;\"><a href=\"https:\/\/www.adelte.com\/es\/adelte-gana-contratos-para-entregar-pasarelas-de-embarque-en-las-terminales-de-cruceros-de-palma-de-mallorca-genova-y-miami\/\" style=\"color:#4e4e4c;\">ADELTE gana contratos para entregar Pasarelas de Embarque en las Terminales de Cruceros de Palma de Mallorca, G\u00e9nova y Miami<\/a><\/h3><div class=\"vcex-blog-entry-excerpt entry-excerpt entry clr\"><p>Barcelona, 27 de Septiembre de 2010 \u2013 ADELTE Ports &amp; Maritime, S.L.U., l\u00edder en dise\u00f1o&hellip;<\/p><\/div><div class=\"vcex-blog-entry-readmore-wrap entry-readmore-wrap clr\"><a href=\"https:\/\/www.adelte.com\/es\/adelte-gana-contratos-para-entregar-pasarelas-de-embarque-en-las-terminales-de-cruceros-de-palma-de-mallorca-genova-y-miami\/\" class=\"theme-button\" style=\"background:#ffffff;color:#466bb6;padding:0px;\" data-wpex-hover='{\"background\":\"#ffffff\",\"color\":\"#333333\"}'>Leer m\u00e1s <span class=\"vcex-readmore-rarr\">&rarr;<\/span><\/a><\/div><\/div><\/div><\/div><div class=\"vcex-blog-entry entry-has-details span_1_of_4 col-2 col vcex-isotope-entry cat-71 cat-72 cat-54 post-10439 entry type-post has-media cat-71 cat-72 cat-54 translation_priority-44\"><div class=\"vcex-blog-entry-inner entry-inner wpex-clr\"><div class=\"vcex-blog-entry-media entry-media\"><a href=\"https:\/\/www.adelte.com\/es\/adif-vuelve-a-confiar-en-efs-para-prestar-servicios-de-limpieza-en-sevilla\/\" title=\"ADIF vuelve a confiar en EFS para prestar servicios de limpieza en Sevilla\"><img loading=\"lazy\" decoding=\"async\" data-no-lazy=\"1\" class=\"vcex-blog-entry-img skip-lazy\" src=\"https:\/\/www.adelte.com\/wp-content\/uploads\/2018\/09\/adif_contrata_efs_estacion_sevilla_servicio_limpieza-380x180.jpg\" data-no-retina width=\"380\" height=\"180\" \/><\/a><\/div><div class=\"vcex-blog-entry-details entry-details wpex-clr\"><div class=\"vcex-blog-entry-date\" style=\"color:#466bb7;font-size:14px;\">20 de septiembre de 2010<\/div><div class=\"categoria\"><\/div><h3 class=\"vcex-blog-entry-title entry-title\" style=\"color:#4e4e4c;font-size:18px;line-height:26px;\"><a href=\"https:\/\/www.adelte.com\/es\/adif-vuelve-a-confiar-en-efs-para-prestar-servicios-de-limpieza-en-sevilla\/\" style=\"color:#4e4e4c;\">ADIF vuelve a confiar en EFS para prestar servicios de limpieza en Sevilla<\/a><\/h3><div class=\"vcex-blog-entry-excerpt entry-excerpt entry clr\"><p>Barcelona, 20 de Septiembre de 2010 -\u00a0EFS ha vuelto a ser contrada por ADIF, entidad&hellip;<\/p><\/div><div class=\"vcex-blog-entry-readmore-wrap entry-readmore-wrap clr\"><a href=\"https:\/\/www.adelte.com\/es\/adif-vuelve-a-confiar-en-efs-para-prestar-servicios-de-limpieza-en-sevilla\/\" class=\"theme-button\" style=\"background:#ffffff;color:#466bb6;padding:0px;\" data-wpex-hover='{\"background\":\"#ffffff\",\"color\":\"#333333\"}'>Leer m\u00e1s <span class=\"vcex-readmore-rarr\">&rarr;<\/span><\/a><\/div><\/div><\/div><\/div><div class=\"vcex-blog-entry entry-has-details span_1_of_4 col-3 col vcex-isotope-entry cat-71 cat-73 post-2531 entry type-post has-media cat-71 cat-73 translation_priority-44\"><div class=\"vcex-blog-entry-inner entry-inner wpex-clr\"><div class=\"vcex-blog-entry-media entry-media\"><a href=\"https:\/\/www.adelte.com\/es\/adelte-suministrar-pasarela-creuers-barcelona\/\" title=\"ADELTE obtiene un contrato para suministrar la tercera pasarela \u201cCreuers Barcelona\u201d de \u00faltima generaci\u00f3n\"><img loading=\"lazy\" decoding=\"async\" data-no-lazy=\"1\" class=\"vcex-blog-entry-img skip-lazy\" src=\"https:\/\/www.adelte.com\/wp-content\/uploads\/2014\/07\/passenger_boarding_bridge_barcelona_terminal_a-380x180.jpg\" data-no-retina width=\"380\" height=\"180\" \/><\/a><\/div><div class=\"vcex-blog-entry-details entry-details wpex-clr\"><div class=\"vcex-blog-entry-date\" style=\"color:#466bb7;font-size:14px;\">4 de agosto de 2010<\/div><div class=\"categoria\"><\/div><h3 class=\"vcex-blog-entry-title entry-title\" style=\"color:#4e4e4c;font-size:18px;line-height:26px;\"><a href=\"https:\/\/www.adelte.com\/es\/adelte-suministrar-pasarela-creuers-barcelona\/\" style=\"color:#4e4e4c;\">ADELTE obtiene un contrato para suministrar la tercera pasarela \u201cCreuers Barcelona\u201d de \u00faltima generaci\u00f3n<\/a><\/h3><div class=\"vcex-blog-entry-excerpt entry-excerpt entry clr\"><p>Barcelona, 4 de Agosto 2010 \u2013 ADELTE, l\u00edder mundial en el dise\u00f1o y fabricaci\u00f3n de&hellip;<\/p><\/div><div class=\"vcex-blog-entry-readmore-wrap entry-readmore-wrap clr\"><a href=\"https:\/\/www.adelte.com\/es\/adelte-suministrar-pasarela-creuers-barcelona\/\" class=\"theme-button\" style=\"background:#ffffff;color:#466bb6;padding:0px;\" data-wpex-hover='{\"background\":\"#ffffff\",\"color\":\"#333333\"}'>Leer m\u00e1s <span class=\"vcex-readmore-rarr\">&rarr;<\/span><\/a><\/div><\/div><\/div><\/div><div class=\"vcex-blog-entry entry-has-details span_1_of_4 col-4 col vcex-isotope-entry cat-71 cat-72 cat-54 post-10417 entry type-post has-media cat-71 cat-72 cat-54 translation_priority-44\"><div class=\"vcex-blog-entry-inner entry-inner wpex-clr\"><div class=\"vcex-blog-entry-media entry-media\"><a href=\"https:\/\/www.adelte.com\/es\/renfe-contrata-a-efs-servicios-de-limpieza-de-dependencias-vehiculos-ferroviarios-y-trabajos-auxiliares\/\" title=\"Renfe contrata a EFS servicios de limpieza de dependencias, veh\u00edculos ferroviarios y trabajos auxiliares\"><img loading=\"lazy\" decoding=\"async\" data-no-lazy=\"1\" class=\"vcex-blog-entry-img skip-lazy\" src=\"https:\/\/www.adelte.com\/wp-content\/uploads\/2018\/09\/renfe_contrata_mantenimiento_servicio-380x180.jpg\" data-no-retina width=\"380\" height=\"180\" \/><\/a><\/div><div class=\"vcex-blog-entry-details entry-details wpex-clr\"><div class=\"vcex-blog-entry-date\" style=\"color:#466bb7;font-size:14px;\">20 de julio de 2010<\/div><div class=\"categoria\"><\/div><h3 class=\"vcex-blog-entry-title entry-title\" style=\"color:#4e4e4c;font-size:18px;line-height:26px;\"><a href=\"https:\/\/www.adelte.com\/es\/renfe-contrata-a-efs-servicios-de-limpieza-de-dependencias-vehiculos-ferroviarios-y-trabajos-auxiliares\/\" style=\"color:#4e4e4c;\">Renfe contrata a EFS servicios de limpieza de dependencias, veh\u00edculos ferroviarios y trabajos auxiliares<\/a><\/h3><div class=\"vcex-blog-entry-excerpt entry-excerpt entry clr\"><p>Barcelona, 20 Julio de 2010 -\u00a0EFS ha sido contratado para la prestaci\u00f3n de\u00a0servicios de limpieza\u00a0de&hellip;<\/p><\/div><div class=\"vcex-blog-entry-readmore-wrap entry-readmore-wrap clr\"><a href=\"https:\/\/www.adelte.com\/es\/renfe-contrata-a-efs-servicios-de-limpieza-de-dependencias-vehiculos-ferroviarios-y-trabajos-auxiliares\/\" class=\"theme-button\" style=\"background:#ffffff;color:#466bb6;padding:0px;\" data-wpex-hover='{\"background\":\"#ffffff\",\"color\":\"#333333\"}'>Leer m\u00e1s <span class=\"vcex-readmore-rarr\">&rarr;<\/span><\/a><\/div><\/div><\/div><\/div><div class=\"vcex-blog-entry entry-has-details span_1_of_4 col-1 col vcex-isotope-entry cat-71 cat-72 cat-54 post-10422 entry type-post has-media cat-71 cat-72 cat-54 translation_priority-44\"><div class=\"vcex-blog-entry-inner entry-inner wpex-clr\"><div class=\"vcex-blog-entry-media entry-media\"><a href=\"https:\/\/www.adelte.com\/es\/aena-adjudica-a-efs-un-contrato-para-prestar-servicios-de-atencion-al-publico-en-el-aeropuerto-de-ibiza\/\" title=\"AENA adjudica a EFS un contrato para prestar servicios de atenci\u00f3n al p\u00fablico en el aeropuerto de Ibiza\"><img loading=\"lazy\" decoding=\"async\" data-no-lazy=\"1\" class=\"vcex-blog-entry-img skip-lazy\" src=\"https:\/\/www.adelte.com\/wp-content\/uploads\/2018\/09\/atencion_publico_servicio_en_aeropuerto_ibiza_aena-380x180.jpg\" data-no-retina width=\"380\" height=\"180\" \/><\/a><\/div><div class=\"vcex-blog-entry-details entry-details wpex-clr\"><div class=\"vcex-blog-entry-date\" style=\"color:#466bb7;font-size:14px;\">28 de abril de 2010<\/div><div class=\"categoria\"><\/div><h3 class=\"vcex-blog-entry-title entry-title\" style=\"color:#4e4e4c;font-size:18px;line-height:26px;\"><a href=\"https:\/\/www.adelte.com\/es\/aena-adjudica-a-efs-un-contrato-para-prestar-servicios-de-atencion-al-publico-en-el-aeropuerto-de-ibiza\/\" style=\"color:#4e4e4c;\">AENA adjudica a EFS un contrato para prestar servicios de atenci\u00f3n al p\u00fablico en el aeropuerto de Ibiza<\/a><\/h3><div class=\"vcex-blog-entry-excerpt entry-excerpt entry clr\"><p>Barcelona, 28 de Abril de 2010 -\u00a0EFS ha sido contratada para prestar\u00a0servicios de informaci\u00f3n al&hellip;<\/p><\/div><div class=\"vcex-blog-entry-readmore-wrap entry-readmore-wrap clr\"><a href=\"https:\/\/www.adelte.com\/es\/aena-adjudica-a-efs-un-contrato-para-prestar-servicios-de-atencion-al-publico-en-el-aeropuerto-de-ibiza\/\" class=\"theme-button\" style=\"background:#ffffff;color:#466bb6;padding:0px;\" data-wpex-hover='{\"background\":\"#ffffff\",\"color\":\"#333333\"}'>Leer m\u00e1s <span class=\"vcex-readmore-rarr\">&rarr;<\/span><\/a><\/div><\/div><\/div><\/div><div class=\"vcex-blog-entry entry-has-details span_1_of_4 col-2 col vcex-isotope-entry cat-71 cat-72 cat-54 post-10443 entry type-post has-media cat-71 cat-72 cat-54 translation_priority-44\"><div class=\"vcex-blog-entry-inner entry-inner wpex-clr\"><div class=\"vcex-blog-entry-media entry-media\"><a href=\"https:\/\/www.adelte.com\/es\/aena-contrata-a-efs-el-servicio-de-suministro-gestion-y-mantenimiento-de-carros-porta-equipajes-en-el-aeropuerto-de-barcelona\/\" title=\"AENA contrata a EFS el servicio de suministro, gesti\u00f3n y mantenimiento de carros porta equipajes en el Aeropuerto de Barcelona\"><img loading=\"lazy\" decoding=\"async\" data-no-lazy=\"1\" class=\"vcex-blog-entry-img skip-lazy\" src=\"https:\/\/www.adelte.com\/wp-content\/uploads\/2018\/09\/servicio_carros_portaequipaje_aeropuertos-380x180.jpg\" data-no-retina width=\"380\" height=\"180\" \/><\/a><\/div><div class=\"vcex-blog-entry-details entry-details wpex-clr\"><div class=\"vcex-blog-entry-date\" style=\"color:#466bb7;font-size:14px;\">5 de febrero de 2009<\/div><div class=\"categoria\"><\/div><h3 class=\"vcex-blog-entry-title entry-title\" style=\"color:#4e4e4c;font-size:18px;line-height:26px;\"><a href=\"https:\/\/www.adelte.com\/es\/aena-contrata-a-efs-el-servicio-de-suministro-gestion-y-mantenimiento-de-carros-porta-equipajes-en-el-aeropuerto-de-barcelona\/\" style=\"color:#4e4e4c;\">AENA contrata a EFS el servicio de suministro, gesti\u00f3n y mantenimiento de carros porta equipajes en el Aeropuerto de Barcelona<\/a><\/h3><div class=\"vcex-blog-entry-excerpt entry-excerpt entry clr\"><p>Madrid, 5 de febrero de 2009 \u2013\u00a0EFS ha obtenido un contrato de AENA para prestar&hellip;<\/p><\/div><div class=\"vcex-blog-entry-readmore-wrap entry-readmore-wrap clr\"><a href=\"https:\/\/www.adelte.com\/es\/aena-contrata-a-efs-el-servicio-de-suministro-gestion-y-mantenimiento-de-carros-porta-equipajes-en-el-aeropuerto-de-barcelona\/\" class=\"theme-button\" style=\"background:#ffffff;color:#466bb6;padding:0px;\" data-wpex-hover='{\"background\":\"#ffffff\",\"color\":\"#333333\"}'>Leer m\u00e1s <span class=\"vcex-readmore-rarr\">&rarr;<\/span><\/a><\/div><\/div><\/div><\/div><div class=\"vcex-blog-entry entry-has-details span_1_of_4 col-3 col vcex-isotope-entry cat-71 cat-72 cat-54 post-10447 entry type-post has-media cat-71 cat-72 cat-54 translation_priority-44\"><div class=\"vcex-blog-entry-inner entry-inner wpex-clr\"><div class=\"vcex-blog-entry-media entry-media\"><a href=\"https:\/\/www.adelte.com\/es\/renfe-adjudica-a-efs-un-contrato-para-prestar-servicios-en-estaciones-del-nucleo-de-cercanias-de-barcelona\/\" title=\"Renfe adjudica a EFS un contrato para prestar servicios en Estaciones del N\u00facleo de Cercan\u00edas de Barcelona\"><img loading=\"lazy\" decoding=\"async\" data-no-lazy=\"1\" class=\"vcex-blog-entry-img skip-lazy\" src=\"https:\/\/www.adelte.com\/wp-content\/uploads\/2018\/09\/renfe_servicio_integral_estacion_sants_barcelona_adif-380x180.jpg\" data-no-retina width=\"380\" height=\"180\" \/><\/a><\/div><div class=\"vcex-blog-entry-details entry-details wpex-clr\"><div class=\"vcex-blog-entry-date\" style=\"color:#466bb7;font-size:14px;\">11 de diciembre de 2008<\/div><div class=\"categoria\"><\/div><h3 class=\"vcex-blog-entry-title entry-title\" style=\"color:#4e4e4c;font-size:18px;line-height:26px;\"><a href=\"https:\/\/www.adelte.com\/es\/renfe-adjudica-a-efs-un-contrato-para-prestar-servicios-en-estaciones-del-nucleo-de-cercanias-de-barcelona\/\" style=\"color:#4e4e4c;\">Renfe adjudica a EFS un contrato para prestar servicios en Estaciones del N\u00facleo de Cercan\u00edas de Barcelona<\/a><\/h3><div class=\"vcex-blog-entry-excerpt entry-excerpt entry clr\"><p>Madrid, 11 de Diciembre de 2008\u00a0\u2013 EFS contratada por RENFE, para prestar servicios de Realizaci\u00f3n&hellip;<\/p><\/div><div class=\"vcex-blog-entry-readmore-wrap entry-readmore-wrap clr\"><a href=\"https:\/\/www.adelte.com\/es\/renfe-adjudica-a-efs-un-contrato-para-prestar-servicios-en-estaciones-del-nucleo-de-cercanias-de-barcelona\/\" class=\"theme-button\" style=\"background:#ffffff;color:#466bb6;padding:0px;\" data-wpex-hover='{\"background\":\"#ffffff\",\"color\":\"#333333\"}'>Leer m\u00e1s <span class=\"vcex-readmore-rarr\">&rarr;<\/span><\/a><\/div><\/div><\/div><\/div><div class=\"vcex-blog-entry entry-has-details span_1_of_4 col-4 col vcex-isotope-entry cat-71 cat-72 cat-54 post-10451 entry type-post has-media cat-71 cat-72 cat-54 translation_priority-44\"><div class=\"vcex-blog-entry-inner entry-inner wpex-clr\"><div class=\"vcex-blog-entry-media entry-media\"><a href=\"https:\/\/www.adelte.com\/es\/renfe-contrata-a-efs-para-prestar-servicios-en-el-taller-de-material-cercanias-media-distancia-de-barcelona\/\" title=\"Renfe contrata a EFS para prestar servicios en el taller de material Cercan\u00edas Media Distancia de Barcelona\"><img loading=\"lazy\" decoding=\"async\" data-no-lazy=\"1\" class=\"vcex-blog-entry-img skip-lazy\" src=\"https:\/\/www.adelte.com\/wp-content\/uploads\/2018\/09\/taller_material_media_distancia_barcelona_servicio_integral-380x180.jpg\" data-no-retina width=\"380\" height=\"180\" \/><\/a><\/div><div class=\"vcex-blog-entry-details entry-details wpex-clr\"><div class=\"vcex-blog-entry-date\" style=\"color:#466bb7;font-size:14px;\">14 de julio de 2008<\/div><div class=\"categoria\"><\/div><h3 class=\"vcex-blog-entry-title entry-title\" style=\"color:#4e4e4c;font-size:18px;line-height:26px;\"><a href=\"https:\/\/www.adelte.com\/es\/renfe-contrata-a-efs-para-prestar-servicios-en-el-taller-de-material-cercanias-media-distancia-de-barcelona\/\" style=\"color:#4e4e4c;\">Renfe contrata a EFS para prestar servicios en el taller de material Cercan\u00edas Media Distancia de Barcelona<\/a><\/h3><div class=\"vcex-blog-entry-excerpt entry-excerpt entry clr\"><p>Madrid, 14 de Julio de 2008 -\u00a0EFS ha sido contratada por RENFE, para prestar servicios&hellip;<\/p><\/div><div class=\"vcex-blog-entry-readmore-wrap entry-readmore-wrap clr\"><a href=\"https:\/\/www.adelte.com\/es\/renfe-contrata-a-efs-para-prestar-servicios-en-el-taller-de-material-cercanias-media-distancia-de-barcelona\/\" class=\"theme-button\" style=\"background:#ffffff;color:#466bb6;padding:0px;\" data-wpex-hover='{\"background\":\"#ffffff\",\"color\":\"#333333\"}'>Leer m\u00e1s <span class=\"vcex-readmore-rarr\">&rarr;<\/span><\/a><\/div><\/div><\/div><\/div><div class=\"vcex-blog-entry entry-has-details span_1_of_4 col-1 col vcex-isotope-entry cat-71 cat-72 cat-54 post-10455 entry type-post has-media cat-71 cat-72 cat-54 translation_priority-44\"><div class=\"vcex-blog-entry-inner entry-inner wpex-clr\"><div class=\"vcex-blog-entry-media entry-media\"><a href=\"https:\/\/www.adelte.com\/es\/efs-contratada-por-adif-para-prestar-servicios-a-la-estacion-de-ferrocarril-de-tarragona\/\" title=\"EFS contratada por ADIF para prestar servicios a la estaci\u00f3n de Ferrocarril de Tarragona\"><img loading=\"lazy\" decoding=\"async\" data-no-lazy=\"1\" class=\"vcex-blog-entry-img skip-lazy\" src=\"https:\/\/www.adelte.com\/wp-content\/uploads\/2018\/09\/efs_servicio_estacion_ferrocarril_tarragona-380x180.jpg\" data-no-retina width=\"380\" height=\"180\" \/><\/a><\/div><div class=\"vcex-blog-entry-details entry-details wpex-clr\"><div class=\"vcex-blog-entry-date\" style=\"color:#466bb7;font-size:14px;\">29 de febrero de 2008<\/div><div class=\"categoria\"><\/div><h3 class=\"vcex-blog-entry-title entry-title\" style=\"color:#4e4e4c;font-size:18px;line-height:26px;\"><a href=\"https:\/\/www.adelte.com\/es\/efs-contratada-por-adif-para-prestar-servicios-a-la-estacion-de-ferrocarril-de-tarragona\/\" style=\"color:#4e4e4c;\">EFS contratada por ADIF para prestar servicios a la estaci\u00f3n de Ferrocarril de Tarragona<\/a><\/h3><div class=\"vcex-blog-entry-excerpt entry-excerpt entry clr\"><p>Madrid, 29 de Febrero de 2008 -\u00a0EFS, ha sido contratada por ADIF, entidad p\u00fablica empresarial&hellip;<\/p><\/div><div class=\"vcex-blog-entry-readmore-wrap entry-readmore-wrap clr\"><a href=\"https:\/\/www.adelte.com\/es\/efs-contratada-por-adif-para-prestar-servicios-a-la-estacion-de-ferrocarril-de-tarragona\/\" class=\"theme-button\" style=\"background:#ffffff;color:#466bb6;padding:0px;\" data-wpex-hover='{\"background\":\"#ffffff\",\"color\":\"#333333\"}'>Leer m\u00e1s <span class=\"vcex-readmore-rarr\">&rarr;<\/span><\/a><\/div><\/div><\/div><\/div><div class=\"vcex-blog-entry entry-has-details span_1_of_4 col-2 col vcex-isotope-entry cat-71 cat-72 cat-54 post-10459 entry type-post has-media cat-71 cat-72 cat-54 translation_priority-44\"><div class=\"vcex-blog-entry-inner entry-inner wpex-clr\"><div class=\"vcex-blog-entry-media entry-media\"><a href=\"https:\/\/www.adelte.com\/es\/aena-adjudica-a-efs-un-contrato-ara-prestar-servicios-de-informacion-al-publico-salas-vip-y-de-autoridades-en-el-aeropuerto-de-barcelona\/\" title=\"AENA adjudica a EFS un contrato ara prestar servicios de informaci\u00f3n al p\u00fablico, salas vip y de Autoridades en el Aeropuerto de Barcelona\"><img loading=\"lazy\" decoding=\"async\" data-no-lazy=\"1\" class=\"vcex-blog-entry-img skip-lazy\" src=\"https:\/\/www.adelte.com\/wp-content\/uploads\/2018\/09\/aena_contrata_efs_servicio_atencion_informacion_publico_aeropuerto_barcelona_el_prat-380x180.jpg\" data-no-retina width=\"380\" height=\"180\" \/><\/a><\/div><div class=\"vcex-blog-entry-details entry-details wpex-clr\"><div class=\"vcex-blog-entry-date\" style=\"color:#466bb7;font-size:14px;\">23 de octubre de 2007<\/div><div class=\"categoria\"><\/div><h3 class=\"vcex-blog-entry-title entry-title\" style=\"color:#4e4e4c;font-size:18px;line-height:26px;\"><a href=\"https:\/\/www.adelte.com\/es\/aena-adjudica-a-efs-un-contrato-ara-prestar-servicios-de-informacion-al-publico-salas-vip-y-de-autoridades-en-el-aeropuerto-de-barcelona\/\" style=\"color:#4e4e4c;\">AENA adjudica a EFS un contrato ara prestar servicios de informaci\u00f3n al p\u00fablico, salas vip y de Autoridades en el Aeropuerto de Barcelona<\/a><\/h3><div class=\"vcex-blog-entry-excerpt entry-excerpt entry clr\"><p>Barcelona, Espa\u00f1a, 23 de Octubre de 2007 -\u00a0EFS, empresa l\u00edder en servicios de informaci\u00f3n, de&hellip;<\/p><\/div><div class=\"vcex-blog-entry-readmore-wrap entry-readmore-wrap clr\"><a href=\"https:\/\/www.adelte.com\/es\/aena-adjudica-a-efs-un-contrato-ara-prestar-servicios-de-informacion-al-publico-salas-vip-y-de-autoridades-en-el-aeropuerto-de-barcelona\/\" class=\"theme-button\" style=\"background:#ffffff;color:#466bb6;padding:0px;\" data-wpex-hover='{\"background\":\"#ffffff\",\"color\":\"#333333\"}'>Leer m\u00e1s <span class=\"vcex-readmore-rarr\">&rarr;<\/span><\/a><\/div><\/div><\/div><\/div><div class=\"vcex-blog-entry entry-has-details span_1_of_4 col-3 col vcex-isotope-entry cat-71 cat-72 cat-54 post-10464 entry type-post has-media cat-71 cat-72 cat-54 translation_priority-44\"><div class=\"vcex-blog-entry-inner entry-inner wpex-clr\"><div class=\"vcex-blog-entry-media entry-media\"><a href=\"https:\/\/www.adelte.com\/es\/renfe-contrata-a-efs-servicios-de-limpieza-de-dependencias-vehiculos-ferroviarios-y-servicios-auxiliares\/\" title=\"Renfe contrata a EFS, servicios de limpieza de dependencias, Veh\u00edculos ferroviarios y servicios auxiliares\"><img loading=\"lazy\" decoding=\"async\" data-no-lazy=\"1\" class=\"vcex-blog-entry-img skip-lazy\" src=\"https:\/\/www.adelte.com\/wp-content\/uploads\/2018\/09\/renfe_contrata_efs_mantenimiento-380x180.jpg\" data-no-retina width=\"380\" height=\"180\" \/><\/a><\/div><div class=\"vcex-blog-entry-details entry-details wpex-clr\"><div class=\"vcex-blog-entry-date\" style=\"color:#466bb7;font-size:14px;\">18 de septiembre de 2007<\/div><div class=\"categoria\"><\/div><h3 class=\"vcex-blog-entry-title entry-title\" style=\"color:#4e4e4c;font-size:18px;line-height:26px;\"><a href=\"https:\/\/www.adelte.com\/es\/renfe-contrata-a-efs-servicios-de-limpieza-de-dependencias-vehiculos-ferroviarios-y-servicios-auxiliares\/\" style=\"color:#4e4e4c;\">Renfe contrata a EFS, servicios de limpieza de dependencias, Veh\u00edculos ferroviarios y servicios auxiliares<\/a><\/h3><div class=\"vcex-blog-entry-excerpt entry-excerpt entry clr\"><p>Barcelona, Espa\u00f1a, 18 de Septiembre de 2007\u00a0- EFS, empresa l\u00edder en\u00a0servicios de limpieza,\u00a0de informaci\u00f3n\u00a0y de&hellip;<\/p><\/div><div class=\"vcex-blog-entry-readmore-wrap entry-readmore-wrap clr\"><a href=\"https:\/\/www.adelte.com\/es\/renfe-contrata-a-efs-servicios-de-limpieza-de-dependencias-vehiculos-ferroviarios-y-servicios-auxiliares\/\" class=\"theme-button\" style=\"background:#ffffff;color:#466bb6;padding:0px;\" data-wpex-hover='{\"background\":\"#ffffff\",\"color\":\"#333333\"}'>Leer m\u00e1s <span class=\"vcex-readmore-rarr\">&rarr;<\/span><\/a><\/div><\/div><\/div><\/div><\/div><\/div>[\/vc_column][\/vc_row][\/vc_section]\n","protected":false},"excerpt":{"rendered":"<p>[vc_section el_id=\u00bbnoticias-adelte\u00bb][vc_row][vc_column][\/vc_column][\/vc_row][\/vc_section]<\/p>\n","protected":false},"author":3,"featured_media":0,"parent":5523,"menu_order":0,"comment_status":"closed","ping_status":"closed","template":"","meta":{"_acf_changed":false,"footnotes":""},"class_list":["post-10021","page","type-page","status-publish","hentry","entry","no-media"],"acf":[],"yoast_head":"<!-- This site is optimized with the Yoast SEO plugin v27.3 - https:\/\/yoast.com\/product\/yoast-seo-wordpress\/ -->\n<title>Noticias y Eventos de ADELTE Group<\/title>\n<meta name=\"description\" content=\"Conozca las \u00faltimas noticias y pr\u00f3ximos eventos de nuestra organizaci\u00f3n, as\u00ed como noticias relevantes en los sectores aeroportuarios y portuarios.\" \/>\n<meta name=\"robots\" content=\"index, follow, max-snippet:-1, max-image-preview:large, max-video-preview:-1\" \/>\n<link rel=\"canonical\" href=\"https:\/\/www.adelte.com\/es\/sobre-adelte\/noticias-y-eventos\/\" \/>\n<meta property=\"og:locale\" content=\"es_ES\" \/>\n<meta property=\"og:type\" content=\"article\" \/>\n<meta property=\"og:title\" content=\"Noticias y Eventos de ADELTE Group\" \/>\n<meta property=\"og:description\" content=\"Conozca las \u00faltimas noticias y pr\u00f3ximos eventos de nuestra organizaci\u00f3n, as\u00ed como noticias relevantes en los sectores aeroportuarios y portuarios.\" \/>\n<meta property=\"og:url\" content=\"https:\/\/www.adelte.com\/es\/sobre-adelte\/noticias-y-eventos\/\" \/>\n<meta property=\"og:site_name\" content=\"ADELTE\" \/>\n<meta property=\"article:modified_time\" content=\"2020-02-25T15:18:37+00:00\" \/>\n<meta name=\"twitter:card\" content=\"summary_large_image\" \/>\n<meta name=\"twitter:label1\" content=\"Tiempo de lectura\" \/>\n\t<meta name=\"twitter:data1\" content=\"1 minuto\" \/>\n<script type=\"application\/ld+json\" class=\"yoast-schema-graph\">{\"@context\":\"https:\\\/\\\/schema.org\",\"@graph\":[{\"@type\":\"WebPage\",\"@id\":\"https:\\\/\\\/www.adelte.com\\\/es\\\/sobre-adelte\\\/noticias-y-eventos\\\/\",\"url\":\"https:\\\/\\\/www.adelte.com\\\/es\\\/sobre-adelte\\\/noticias-y-eventos\\\/\",\"name\":\"Noticias y Eventos de ADELTE Group\",\"isPartOf\":{\"@id\":\"https:\\\/\\\/www.adelte.com\\\/#website\"},\"datePublished\":\"2018-09-18T10:00:43+00:00\",\"dateModified\":\"2020-02-25T15:18:37+00:00\",\"description\":\"Conozca las \u00faltimas noticias y pr\u00f3ximos eventos de nuestra organizaci\u00f3n, as\u00ed como noticias relevantes en los sectores aeroportuarios y portuarios.\",\"breadcrumb\":{\"@id\":\"https:\\\/\\\/www.adelte.com\\\/es\\\/sobre-adelte\\\/noticias-y-eventos\\\/#breadcrumb\"},\"inLanguage\":\"es\",\"potentialAction\":[{\"@type\":\"ReadAction\",\"target\":[\"https:\\\/\\\/www.adelte.com\\\/es\\\/sobre-adelte\\\/noticias-y-eventos\\\/\"]}]},{\"@type\":\"BreadcrumbList\",\"@id\":\"https:\\\/\\\/www.adelte.com\\\/es\\\/sobre-adelte\\\/noticias-y-eventos\\\/#breadcrumb\",\"itemListElement\":[{\"@type\":\"ListItem\",\"position\":1,\"name\":\"Home\",\"item\":\"https:\\\/\\\/www.adelte.com\\\/es\\\/\"},{\"@type\":\"ListItem\",\"position\":2,\"name\":\"Sobre ADELTE\",\"item\":\"https:\\\/\\\/www.adelte.com\\\/es\\\/sobre-adelte\\\/\"},{\"@type\":\"ListItem\",\"position\":3,\"name\":\"Noticias y Eventos\"}]},{\"@type\":\"WebSite\",\"@id\":\"https:\\\/\\\/www.adelte.com\\\/#website\",\"url\":\"https:\\\/\\\/www.adelte.com\\\/\",\"name\":\"ADELTE\",\"description\":\"\",\"publisher\":{\"@id\":\"https:\\\/\\\/www.adelte.com\\\/#organization\"},\"potentialAction\":[{\"@type\":\"SearchAction\",\"target\":{\"@type\":\"EntryPoint\",\"urlTemplate\":\"https:\\\/\\\/www.adelte.com\\\/?s={search_term_string}\"},\"query-input\":{\"@type\":\"PropertyValueSpecification\",\"valueRequired\":true,\"valueName\":\"search_term_string\"}}],\"inLanguage\":\"es\"},{\"@type\":\"Organization\",\"@id\":\"https:\\\/\\\/www.adelte.com\\\/#organization\",\"name\":\"ADELTE\",\"url\":\"https:\\\/\\\/www.adelte.com\\\/\",\"logo\":{\"@type\":\"ImageObject\",\"inLanguage\":\"es\",\"@id\":\"https:\\\/\\\/www.adelte.com\\\/#\\\/schema\\\/logo\\\/image\\\/\",\"url\":\"https:\\\/\\\/www.adelte.com\\\/wp-content\\\/uploads\\\/2019\\\/05\\\/logo-adelte-white.png\",\"contentUrl\":\"https:\\\/\\\/www.adelte.com\\\/wp-content\\\/uploads\\\/2019\\\/05\\\/logo-adelte-white.png\",\"width\":251,\"height\":56,\"caption\":\"ADELTE\"},\"image\":{\"@id\":\"https:\\\/\\\/www.adelte.com\\\/#\\\/schema\\\/logo\\\/image\\\/\"}}]}<\/script>\n<!-- \/ Yoast SEO plugin. -->","yoast_head_json":{"title":"Noticias y Eventos de ADELTE Group","description":"Conozca las \u00faltimas noticias y pr\u00f3ximos eventos de nuestra organizaci\u00f3n, as\u00ed como noticias relevantes en los sectores aeroportuarios y portuarios.","robots":{"index":"index","follow":"follow","max-snippet":"max-snippet:-1","max-image-preview":"max-image-preview:large","max-video-preview":"max-video-preview:-1"},"canonical":"https:\/\/www.adelte.com\/es\/sobre-adelte\/noticias-y-eventos\/","og_locale":"es_ES","og_type":"article","og_title":"Noticias y Eventos de ADELTE Group","og_description":"Conozca las \u00faltimas noticias y pr\u00f3ximos eventos de nuestra organizaci\u00f3n, as\u00ed como noticias relevantes en los sectores aeroportuarios y portuarios.","og_url":"https:\/\/www.adelte.com\/es\/sobre-adelte\/noticias-y-eventos\/","og_site_name":"ADELTE","article_modified_time":"2020-02-25T15:18:37+00:00","twitter_card":"summary_large_image","twitter_misc":{"Tiempo de lectura":"1 minuto"},"schema":{"@context":"https:\/\/schema.org","@graph":[{"@type":"WebPage","@id":"https:\/\/www.adelte.com\/es\/sobre-adelte\/noticias-y-eventos\/","url":"https:\/\/www.adelte.com\/es\/sobre-adelte\/noticias-y-eventos\/","name":"Noticias y Eventos de ADELTE Group","isPartOf":{"@id":"https:\/\/www.adelte.com\/#website"},"datePublished":"2018-09-18T10:00:43+00:00","dateModified":"2020-02-25T15:18:37+00:00","description":"Conozca las \u00faltimas noticias y pr\u00f3ximos eventos de nuestra organizaci\u00f3n, as\u00ed como noticias relevantes en los sectores aeroportuarios y portuarios.","breadcrumb":{"@id":"https:\/\/www.adelte.com\/es\/sobre-adelte\/noticias-y-eventos\/#breadcrumb"},"inLanguage":"es","potentialAction":[{"@type":"ReadAction","target":["https:\/\/www.adelte.com\/es\/sobre-adelte\/noticias-y-eventos\/"]}]},{"@type":"BreadcrumbList","@id":"https:\/\/www.adelte.com\/es\/sobre-adelte\/noticias-y-eventos\/#breadcrumb","itemListElement":[{"@type":"ListItem","position":1,"name":"Home","item":"https:\/\/www.adelte.com\/es\/"},{"@type":"ListItem","position":2,"name":"Sobre ADELTE","item":"https:\/\/www.adelte.com\/es\/sobre-adelte\/"},{"@type":"ListItem","position":3,"name":"Noticias y Eventos"}]},{"@type":"WebSite","@id":"https:\/\/www.adelte.com\/#website","url":"https:\/\/www.adelte.com\/","name":"ADELTE","description":"","publisher":{"@id":"https:\/\/www.adelte.com\/#organization"},"potentialAction":[{"@type":"SearchAction","target":{"@type":"EntryPoint","urlTemplate":"https:\/\/www.adelte.com\/?s={search_term_string}"},"query-input":{"@type":"PropertyValueSpecification","valueRequired":true,"valueName":"search_term_string"}}],"inLanguage":"es"},{"@type":"Organization","@id":"https:\/\/www.adelte.com\/#organization","name":"ADELTE","url":"https:\/\/www.adelte.com\/","logo":{"@type":"ImageObject","inLanguage":"es","@id":"https:\/\/www.adelte.com\/#\/schema\/logo\/image\/","url":"https:\/\/www.adelte.com\/wp-content\/uploads\/2019\/05\/logo-adelte-white.png","contentUrl":"https:\/\/www.adelte.com\/wp-content\/uploads\/2019\/05\/logo-adelte-white.png","width":251,"height":56,"caption":"ADELTE"},"image":{"@id":"https:\/\/www.adelte.com\/#\/schema\/logo\/image\/"}}]}},"_links":{"self":[{"href":"https:\/\/www.adelte.com\/es\/wp-json\/wp\/v2\/pages\/10021","targetHints":{"allow":["GET"]}}],"collection":[{"href":"https:\/\/www.adelte.com\/es\/wp-json\/wp\/v2\/pages"}],"about":[{"href":"https:\/\/www.adelte.com\/es\/wp-json\/wp\/v2\/types\/page"}],"author":[{"embeddable":true,"href":"https:\/\/www.adelte.com\/es\/wp-json\/wp\/v2\/users\/3"}],"replies":[{"embeddable":true,"href":"https:\/\/www.adelte.com\/es\/wp-json\/wp\/v2\/comments?post=10021"}],"version-history":[{"count":4,"href":"https:\/\/www.adelte.com\/es\/wp-json\/wp\/v2\/pages\/10021\/revisions"}],"predecessor-version":[{"id":11150,"href":"https:\/\/www.adelte.com\/es\/wp-json\/wp\/v2\/pages\/10021\/revisions\/11150"}],"up":[{"embeddable":true,"href":"https:\/\/www.adelte.com\/es\/wp-json\/wp\/v2\/pages\/5523"}],"wp:attachment":[{"href":"https:\/\/www.adelte.com\/es\/wp-json\/wp\/v2\/media?parent=10021"}],"curies":[{"name":"wp","href":"https:\/\/api.w.org\/{rel}","templated":true}]}}